{"id":21591,"date":"2026-09-01T13:30:06","date_gmt":"2026-09-01T11:30:06","guid":{"rendered":"https:\/\/visitpalma.com\/?post_type=tribe_events&#038;p=21591"},"modified":"2026-09-01T13:30:06","modified_gmt":"2026-09-01T11:30:06","slug":"actividades-en-los-teatros-municipales-de-palma-septiembre-2026","status":"publish","type":"tribe_events","link":"https:\/\/visitpalma.com\/es\/event\/actividades-en-los-teatros-municipales-de-palma-septiembre-2026\/","title":{"rendered":"Actividades en los teatros municipales de Palma | septiembre 2026"},"content":{"rendered":"<p>La programaci\u00f3n teatral de septiembre llega a los teatros municipales de Palma con propuestas de diferentes compa\u00f1\u00edas. En el <strong>Teatre Municipal Xesc Forteza<\/strong> se podr\u00e1 disfrutar de <em>Aladd\u00edn<\/em>, de Fundaci\u00f3n Asnimo, el jueves 10 de septiembre a las 18 h, con precio pendiente, y de <em>Cr\u00f2niques d\u2019un mig estiu<\/em>, de La Fornal, el viernes 18 y s\u00e1bado 19 a las 20 h y el domingo 20 a las 18 h, por 15 \u20ac.<\/p>\n<p>En el <strong>Teatre Municipal Maruja Alfaro Mar i Terra<\/strong>, la programaci\u00f3n comienza el 4 de septiembre a las 20 h con <em>Terapia Express<\/em>, de 8 Lunas Teatro, por 5 \u20ac. El 5 de septiembre se representar\u00e1 <em>Anar per llana i sortir pelat<\/em>, por 5 \u20ac, y el 6, <em>Edifici 1331<\/em>, por 8 \u20ac. El 11 de septiembre ser\u00e1 el turno de <em>Ella, ell\u2026 i sa sogra<\/em>, por 8 \u20ac; el 12, de <em>Sinfon\u00eda para no morir<\/em>, por 8 \u20ac; y el 13, de <em>Con permiso de Federico\u2026 La otra Bernarda<\/em>, tambi\u00e9n por 8 \u20ac.<\/p>\n<p>Una programaci\u00f3n pensada para disfrutar del teatro en sus diferentes formatos y acercarse a propuestas llenas de historias, humor y emoci\u00f3n. No te pierdas la oportunidad de disfrutar de estas obras y vivir el teatro en Palma.<\/p>\n","protected":false},"excerpt":{"rendered":"<p>La programaci\u00f3n teatral de septiembre llega a los teatros municipales de Palma con propuestas de diferentes compa\u00f1\u00edas. En el Teatre Municipal Xesc Forteza se podr\u00e1 disfrutar de Aladd\u00edn, de Fundaci\u00f3n [&hellip;]<\/p>\n","protected":false},"author":4,"featured_media":21592,"template":"","meta":{"_monsterinsights_skip_tracking":false,"_tribe_events_status":"","_tribe_events_status_reason":"","footnotes":""},"tags":[],"tribe_events_cat":[147],"class_list":["post-21591","tribe_events","type-tribe_events","status-publish","has-post-thumbnail","hentry","tribe_events_cat-teatro-espectaculos","cat_teatro-espectaculos"],"yoast_head":"<!-- This site is optimized with the Yoast SEO plugin v28.3 - https:\/\/yoast.com\/product\/yoast-seo-wordpress\/ -->\n<title>Actividades Teatro Palma | Septiembre 2026<\/title>\n<meta name=\"description\" content=\"Consulta las actividades de septiembre en los teatros municipales de Xesc Forteza y Maruja Alfaro Mar i Terra en Palma, obras de teatro y m\u00fasica.\" \/>\n<meta name=\"robots\" content=\"index, follow, max-snippet:-1, max-image-preview:large, max-video-preview:-1\" \/>\n<link rel=\"canonical\" href=\"https:\/\/visitpalma.com\/es\/event\/actividades-en-los-teatros-municipales-de-palma-septiembre-2026\/\" \/>\n<meta property=\"og:locale\" content=\"es_ES\" \/>\n<meta property=\"og:type\" content=\"article\" \/>\n<meta property=\"og:title\" content=\"Actividades Teatro Palma | Septiembre 2026\" \/>\n<meta property=\"og:description\" content=\"Consulta las actividades de septiembre en los teatros municipales de Xesc Forteza y Maruja Alfaro Mar i Terra en Palma, obras de teatro y m\u00fasica.\" \/>\n<meta property=\"og:url\" content=\"https:\/\/visitpalma.com\/es\/event\/actividades-en-los-teatros-municipales-de-palma-septiembre-2026\/\" \/>\n<meta property=\"og:site_name\" content=\"Visit Palma\" \/>\n<meta property=\"article:publisher\" content=\"https:\/\/www.facebook.com\/passionforpalma\" \/>\n<meta property=\"og:image\" content=\"https:\/\/visitpalma.com\/wp-content\/uploads\/2026\/08\/Actividades-Teatros-Municipales-Palma.jpg\" \/>\n\t<meta property=\"og:image:width\" content=\"1402\" \/>\n\t<meta property=\"og:image:height\" content=\"1122\" \/>\n\t<meta property=\"og:image:type\" content=\"image\/jpeg\" \/>\n<meta name=\"twitter:card\" content=\"summary_large_image\" \/>\n<meta name=\"twitter:site\" content=\"@passionforpalma\" \/>\n<meta name=\"twitter:label1\" content=\"Tiempo de lectura\" \/>\n\t<meta name=\"twitter:data1\" content=\"2 minutos\" \/>\n<script type=\"application\/ld+json\" class=\"yoast-schema-graph\">{\"@context\":\"https:\\\/\\\/schema.org\",\"@graph\":[{\"@type\":\"WebPage\",\"@id\":\"https:\\\/\\\/visitpalma.com\\\/es\\\/event\\\/actividades-en-los-teatros-municipales-de-palma-septiembre-2026\\\/\",\"url\":\"https:\\\/\\\/visitpalma.com\\\/es\\\/event\\\/actividades-en-los-teatros-municipales-de-palma-septiembre-2026\\\/\",\"name\":\"Actividades Teatro Palma | Septiembre 2026\",\"isPartOf\":{\"@id\":\"https:\\\/\\\/visitpalma.com\\\/es\\\/#website\"},\"primaryImageOfPage\":{\"@id\":\"https:\\\/\\\/visitpalma.com\\\/es\\\/event\\\/actividades-en-los-teatros-municipales-de-palma-septiembre-2026\\\/#primaryimage\"},\"image\":{\"@id\":\"https:\\\/\\\/visitpalma.com\\\/es\\\/event\\\/actividades-en-los-teatros-municipales-de-palma-septiembre-2026\\\/#primaryimage\"},\"thumbnailUrl\":\"https:\\\/\\\/visitpalma.com\\\/wp-content\\\/uploads\\\/2026\\\/08\\\/Actividades-Teatros-Municipales-Palma.jpg\",\"datePublished\":\"2026-09-01T11:30:06+00:00\",\"description\":\"Consulta las actividades de septiembre en los teatros municipales de Xesc Forteza y Maruja Alfaro Mar i Terra en Palma, obras de teatro y m\u00fasica.\",\"breadcrumb\":{\"@id\":\"https:\\\/\\\/visitpalma.com\\\/es\\\/event\\\/actividades-en-los-teatros-municipales-de-palma-septiembre-2026\\\/#breadcrumb\"},\"inLanguage\":\"es\",\"potentialAction\":[{\"@type\":\"ReadAction\",\"target\":[\"https:\\\/\\\/visitpalma.com\\\/es\\\/event\\\/actividades-en-los-teatros-municipales-de-palma-septiembre-2026\\\/\"]}]},{\"@type\":\"ImageObject\",\"inLanguage\":\"es\",\"@id\":\"https:\\\/\\\/visitpalma.com\\\/es\\\/event\\\/actividades-en-los-teatros-municipales-de-palma-septiembre-2026\\\/#primaryimage\",\"url\":\"https:\\\/\\\/visitpalma.com\\\/wp-content\\\/uploads\\\/2026\\\/08\\\/Actividades-Teatros-Municipales-Palma.jpg\",\"contentUrl\":\"https:\\\/\\\/visitpalma.com\\\/wp-content\\\/uploads\\\/2026\\\/08\\\/Actividades-Teatros-Municipales-Palma.jpg\",\"width\":1402,\"height\":1122,\"caption\":\"Actividades Teatros Municipales Palma\"},{\"@type\":\"BreadcrumbList\",\"@id\":\"https:\\\/\\\/visitpalma.com\\\/es\\\/event\\\/actividades-en-los-teatros-municipales-de-palma-septiembre-2026\\\/#breadcrumb\",\"itemListElement\":[{\"@type\":\"ListItem\",\"position\":1,\"name\":\"Inicio\",\"item\":\"https:\\\/\\\/visitpalma.com\\\/es\\\/\"},{\"@type\":\"ListItem\",\"position\":2,\"name\":\"Eventos\",\"item\":\"https:\\\/\\\/visitpalma.com\\\/es\\\/events\\\/\"},{\"@type\":\"ListItem\",\"position\":3,\"name\":\"Actividades en los teatros municipales de Palma | septiembre 2026\"}]},{\"@type\":\"WebSite\",\"@id\":\"https:\\\/\\\/visitpalma.com\\\/es\\\/#website\",\"url\":\"https:\\\/\\\/visitpalma.com\\\/es\\\/\",\"name\":\"Visit Palma\",\"description\":\"\",\"publisher\":{\"@id\":\"https:\\\/\\\/visitpalma.com\\\/es\\\/#organization\"},\"potentialAction\":[{\"@type\":\"SearchAction\",\"target\":{\"@type\":\"EntryPoint\",\"urlTemplate\":\"https:\\\/\\\/visitpalma.com\\\/es\\\/?s={search_term_string}\"},\"query-input\":{\"@type\":\"PropertyValueSpecification\",\"valueRequired\":true,\"valueName\":\"search_term_string\"}}],\"inLanguage\":\"es\"},{\"@type\":\"Organization\",\"@id\":\"https:\\\/\\\/visitpalma.com\\\/es\\\/#organization\",\"name\":\"Fundaci\u00f3n Turismo Palma de Mallorca 365\",\"url\":\"https:\\\/\\\/visitpalma.com\\\/es\\\/\",\"logo\":{\"@type\":\"ImageObject\",\"inLanguage\":\"es\",\"@id\":\"https:\\\/\\\/visitpalma.com\\\/es\\\/#\\\/schema\\\/logo\\\/image\\\/\",\"url\":\"https:\\\/\\\/visitpalma.com\\\/wp-content\\\/uploads\\\/2025\\\/05\\\/Logo-Passion-for-Palma-de-Mallorca.svg\",\"contentUrl\":\"https:\\\/\\\/visitpalma.com\\\/wp-content\\\/uploads\\\/2025\\\/05\\\/Logo-Passion-for-Palma-de-Mallorca.svg\",\"width\":377,\"height\":377,\"caption\":\"Fundaci\u00f3n Turismo Palma de Mallorca 365\"},\"image\":{\"@id\":\"https:\\\/\\\/visitpalma.com\\\/es\\\/#\\\/schema\\\/logo\\\/image\\\/\"},\"sameAs\":[\"https:\\\/\\\/www.facebook.com\\\/passionforpalma\",\"https:\\\/\\\/x.com\\\/passionforpalma\",\"https:\\\/\\\/www.instagram.com\\\/passionforpalma_\\\/\",\"https:\\\/\\\/www.youtube.com\\\/channel\\\/UCALF2N1FRnmAZYBttkQjedA\"]}]}<\/script>\n<!-- \/ Yoast SEO plugin. -->","yoast_head_json":{"title":"Actividades Teatro Palma | Septiembre 2026","description":"Consulta las actividades de septiembre en los teatros municipales de Xesc Forteza y Maruja Alfaro Mar i Terra en Palma, obras de teatro y m\u00fasica.","robots":{"index":"index","follow":"follow","max-snippet":"max-snippet:-1","max-image-preview":"max-image-preview:large","max-video-preview":"max-video-preview:-1"},"canonical":"https:\/\/visitpalma.com\/es\/event\/actividades-en-los-teatros-municipales-de-palma-septiembre-2026\/","og_locale":"es_ES","og_type":"article","og_title":"Actividades Teatro Palma | Septiembre 2026","og_description":"Consulta las actividades de septiembre en los teatros municipales de Xesc Forteza y Maruja Alfaro Mar i Terra en Palma, obras de teatro y m\u00fasica.","og_url":"https:\/\/visitpalma.com\/es\/event\/actividades-en-los-teatros-municipales-de-palma-septiembre-2026\/","og_site_name":"Visit Palma","article_publisher":"https:\/\/www.facebook.com\/passionforpalma","og_image":[{"width":1402,"height":1122,"url":"https:\/\/visitpalma.com\/wp-content\/uploads\/2026\/08\/Actividades-Teatros-Municipales-Palma.jpg","type":"image\/jpeg"}],"twitter_card":"summary_large_image","twitter_site":"@passionforpalma","twitter_misc":{"Tiempo de lectura":"2 minutos"},"schema":{"@context":"https:\/\/schema.org","@graph":[{"@type":"WebPage","@id":"https:\/\/visitpalma.com\/es\/event\/actividades-en-los-teatros-municipales-de-palma-septiembre-2026\/","url":"https:\/\/visitpalma.com\/es\/event\/actividades-en-los-teatros-municipales-de-palma-septiembre-2026\/","name":"Actividades Teatro Palma | Septiembre 2026","isPartOf":{"@id":"https:\/\/visitpalma.com\/es\/#website"},"primaryImageOfPage":{"@id":"https:\/\/visitpalma.com\/es\/event\/actividades-en-los-teatros-municipales-de-palma-septiembre-2026\/#primaryimage"},"image":{"@id":"https:\/\/visitpalma.com\/es\/event\/actividades-en-los-teatros-municipales-de-palma-septiembre-2026\/#primaryimage"},"thumbnailUrl":"https:\/\/visitpalma.com\/wp-content\/uploads\/2026\/08\/Actividades-Teatros-Municipales-Palma.jpg","datePublished":"2026-09-01T11:30:06+00:00","description":"Consulta las actividades de septiembre en los teatros municipales de Xesc Forteza y Maruja Alfaro Mar i Terra en Palma, obras de teatro y m\u00fasica.","breadcrumb":{"@id":"https:\/\/visitpalma.com\/es\/event\/actividades-en-los-teatros-municipales-de-palma-septiembre-2026\/#breadcrumb"},"inLanguage":"es","potentialAction":[{"@type":"ReadAction","target":["https:\/\/visitpalma.com\/es\/event\/actividades-en-los-teatros-municipales-de-palma-septiembre-2026\/"]}]},{"@type":"ImageObject","inLanguage":"es","@id":"https:\/\/visitpalma.com\/es\/event\/actividades-en-los-teatros-municipales-de-palma-septiembre-2026\/#primaryimage","url":"https:\/\/visitpalma.com\/wp-content\/uploads\/2026\/08\/Actividades-Teatros-Municipales-Palma.jpg","contentUrl":"https:\/\/visitpalma.com\/wp-content\/uploads\/2026\/08\/Actividades-Teatros-Municipales-Palma.jpg","width":1402,"height":1122,"caption":"Actividades Teatros Municipales Palma"},{"@type":"BreadcrumbList","@id":"https:\/\/visitpalma.com\/es\/event\/actividades-en-los-teatros-municipales-de-palma-septiembre-2026\/#breadcrumb","itemListElement":[{"@type":"ListItem","position":1,"name":"Inicio","item":"https:\/\/visitpalma.com\/es\/"},{"@type":"ListItem","position":2,"name":"Eventos","item":"https:\/\/visitpalma.com\/es\/events\/"},{"@type":"ListItem","position":3,"name":"Actividades en los teatros municipales de Palma | septiembre 2026"}]},{"@type":"WebSite","@id":"https:\/\/visitpalma.com\/es\/#website","url":"https:\/\/visitpalma.com\/es\/","name":"Visit Palma","description":"","publisher":{"@id":"https:\/\/visitpalma.com\/es\/#organization"},"potentialAction":[{"@type":"SearchAction","target":{"@type":"EntryPoint","urlTemplate":"https:\/\/visitpalma.com\/es\/?s={search_term_string}"},"query-input":{"@type":"PropertyValueSpecification","valueRequired":true,"valueName":"search_term_string"}}],"inLanguage":"es"},{"@type":"Organization","@id":"https:\/\/visitpalma.com\/es\/#organization","name":"Fundaci\u00f3n Turismo Palma de Mallorca 365","url":"https:\/\/visitpalma.com\/es\/","logo":{"@type":"ImageObject","inLanguage":"es","@id":"https:\/\/visitpalma.com\/es\/#\/schema\/logo\/image\/","url":"https:\/\/visitpalma.com\/wp-content\/uploads\/2025\/05\/Logo-Passion-for-Palma-de-Mallorca.svg","contentUrl":"https:\/\/visitpalma.com\/wp-content\/uploads\/2025\/05\/Logo-Passion-for-Palma-de-Mallorca.svg","width":377,"height":377,"caption":"Fundaci\u00f3n Turismo Palma de Mallorca 365"},"image":{"@id":"https:\/\/visitpalma.com\/es\/#\/schema\/logo\/image\/"},"sameAs":["https:\/\/www.facebook.com\/passionforpalma","https:\/\/x.com\/passionforpalma","https:\/\/www.instagram.com\/passionforpalma_\/","https:\/\/www.youtube.com\/channel\/UCALF2N1FRnmAZYBttkQjedA"]}]}},"_links":{"self":[{"href":"https:\/\/visitpalma.com\/es\/wp-json\/wp\/v2\/tribe_events\/21591","targetHints":{"allow":["GET"]}}],"collection":[{"href":"https:\/\/visitpalma.com\/es\/wp-json\/wp\/v2\/tribe_events"}],"about":[{"href":"https:\/\/visitpalma.com\/es\/wp-json\/wp\/v2\/types\/tribe_events"}],"author":[{"embeddable":true,"href":"https:\/\/visitpalma.com\/es\/wp-json\/wp\/v2\/users\/4"}],"version-history":[{"count":2,"href":"https:\/\/visitpalma.com\/es\/wp-json\/wp\/v2\/tribe_events\/21591\/revisions"}],"predecessor-version":[{"id":21594,"href":"https:\/\/visitpalma.com\/es\/wp-json\/wp\/v2\/tribe_events\/21591\/revisions\/21594"}],"wp:featuredmedia":[{"embeddable":true,"href":"https:\/\/visitpalma.com\/es\/wp-json\/wp\/v2\/media\/21592"}],"wp:attachment":[{"href":"https:\/\/visitpalma.com\/es\/wp-json\/wp\/v2\/media?parent=21591"}],"wp:term":[{"taxonomy":"post_tag","embeddable":true,"href":"https:\/\/visitpalma.com\/es\/wp-json\/wp\/v2\/tags?post=21591"},{"taxonomy":"tribe_events_cat","embeddable":true,"href":"https:\/\/visitpalma.com\/es\/wp-json\/wp\/v2\/tribe_events_cat?post=21591"}],"curies":[{"name":"wp","href":"https:\/\/api.w.org\/{rel}","templated":true}]}}