{"id":20242,"date":"2026-04-23T12:44:09","date_gmt":"2026-04-23T10:44:09","guid":{"rendered":"https:\/\/visitpalma.com\/event\/44o-copa-del-rey-mapfre\/"},"modified":"2026-04-23T12:44:09","modified_gmt":"2026-04-23T10:44:09","slug":"44o-copa-del-rey-mapfre","status":"publish","type":"tribe_events","link":"https:\/\/visitpalma.com\/es\/event\/44o-copa-del-rey-mapfre\/","title":{"rendered":"44\u00ba COPA DEL REY MAPFRE"},"content":{"rendered":"<p>La Copa del Rey de Vela es uno de los eventos n\u00e1uticos m\u00e1s destacados del Mediterr\u00e1neo, celebrado cada verano en<strong> la bah\u00eda de Palma<\/strong>. En su edici\u00f3n de 2026, re\u00fane a una amplia flota internacional de embarcaciones que compiten en distintas clases, consolidando la cita como un referente mundial de la vela de crucero. <\/p>\n<p>Durante varios d\u00edas, equipos de diferentes pa\u00edses disputan intensas regatas en un entorno privilegiado, con gran nivel competitivo y presencia institucional, lo que convierte la prueba en un espect\u00e1culo deportivo y social de primer nivel.<\/p>\n","protected":false},"excerpt":{"rendered":"<p>La Copa del Rey de Vela es uno de los eventos n\u00e1uticos m\u00e1s destacados del Mediterr\u00e1neo, celebrado cada verano en la bah\u00eda de Palma. En su edici\u00f3n de 2026, re\u00fane [&hellip;]<\/p>\n","protected":false},"author":4,"featured_media":20237,"template":"","meta":{"_monsterinsights_skip_tracking":false,"_monsterinsights_sitenote_active":false,"_monsterinsights_sitenote_note":"","_monsterinsights_sitenote_category":0,"_tribe_events_status":"","_tribe_events_status_reason":"","footnotes":""},"tags":[],"tribe_events_cat":[],"class_list":["post-20242","tribe_events","type-tribe_events","status-publish","has-post-thumbnail","hentry"],"yoast_head":"<!-- This site is optimized with the Yoast SEO plugin v27.5 - https:\/\/yoast.com\/product\/yoast-seo-wordpress\/ -->\n<title>44\u00ba COPA DEL REY MAPFRE - Visit Palma<\/title>\n<meta name=\"robots\" content=\"index, follow, max-snippet:-1, max-image-preview:large, max-video-preview:-1\" \/>\n<link rel=\"canonical\" href=\"https:\/\/visitpalma.com\/es\/event\/44o-copa-del-rey-mapfre\/\" \/>\n<meta property=\"og:locale\" content=\"es_ES\" \/>\n<meta property=\"og:type\" content=\"article\" \/>\n<meta property=\"og:title\" content=\"44\u00ba COPA DEL REY MAPFRE - Visit Palma\" \/>\n<meta property=\"og:description\" content=\"La Copa del Rey de Vela es uno de los eventos n\u00e1uticos m\u00e1s destacados del Mediterr\u00e1neo, celebrado cada verano en la bah\u00eda de Palma. En su edici\u00f3n de 2026, re\u00fane [&hellip;]\" \/>\n<meta property=\"og:url\" content=\"https:\/\/visitpalma.com\/es\/event\/44o-copa-del-rey-mapfre\/\" \/>\n<meta property=\"og:site_name\" content=\"Visit Palma\" \/>\n<meta property=\"article:publisher\" content=\"https:\/\/www.facebook.com\/passionforpalma\" \/>\n<meta property=\"og:image\" content=\"https:\/\/visitpalma.com\/wp-content\/uploads\/2026\/04\/44-copa-del-rey-mapfre.jpg\" \/>\n\t<meta property=\"og:image:width\" content=\"201\" \/>\n\t<meta property=\"og:image:height\" content=\"251\" \/>\n\t<meta property=\"og:image:type\" content=\"image\/jpeg\" \/>\n<meta name=\"twitter:card\" content=\"summary_large_image\" \/>\n<meta name=\"twitter:site\" content=\"@passionforpalma\" \/>\n<script type=\"application\/ld+json\" class=\"yoast-schema-graph\">{\"@context\":\"https:\\\/\\\/schema.org\",\"@graph\":[{\"@type\":\"WebPage\",\"@id\":\"https:\\\/\\\/visitpalma.com\\\/es\\\/event\\\/44o-copa-del-rey-mapfre\\\/\",\"url\":\"https:\\\/\\\/visitpalma.com\\\/es\\\/event\\\/44o-copa-del-rey-mapfre\\\/\",\"name\":\"44\u00ba COPA DEL REY MAPFRE - Visit Palma\",\"isPartOf\":{\"@id\":\"https:\\\/\\\/visitpalma.com\\\/es\\\/#website\"},\"primaryImageOfPage\":{\"@id\":\"https:\\\/\\\/visitpalma.com\\\/es\\\/event\\\/44o-copa-del-rey-mapfre\\\/#primaryimage\"},\"image\":{\"@id\":\"https:\\\/\\\/visitpalma.com\\\/es\\\/event\\\/44o-copa-del-rey-mapfre\\\/#primaryimage\"},\"thumbnailUrl\":\"https:\\\/\\\/visitpalma.com\\\/wp-content\\\/uploads\\\/2026\\\/04\\\/44-copa-del-rey-mapfre.jpg\",\"datePublished\":\"2026-04-23T10:44:09+00:00\",\"breadcrumb\":{\"@id\":\"https:\\\/\\\/visitpalma.com\\\/es\\\/event\\\/44o-copa-del-rey-mapfre\\\/#breadcrumb\"},\"inLanguage\":\"es\",\"potentialAction\":[{\"@type\":\"ReadAction\",\"target\":[\"https:\\\/\\\/visitpalma.com\\\/es\\\/event\\\/44o-copa-del-rey-mapfre\\\/\"]}]},{\"@type\":\"ImageObject\",\"inLanguage\":\"es\",\"@id\":\"https:\\\/\\\/visitpalma.com\\\/es\\\/event\\\/44o-copa-del-rey-mapfre\\\/#primaryimage\",\"url\":\"https:\\\/\\\/visitpalma.com\\\/wp-content\\\/uploads\\\/2026\\\/04\\\/44-copa-del-rey-mapfre.jpg\",\"contentUrl\":\"https:\\\/\\\/visitpalma.com\\\/wp-content\\\/uploads\\\/2026\\\/04\\\/44-copa-del-rey-mapfre.jpg\",\"width\":201,\"height\":251},{\"@type\":\"BreadcrumbList\",\"@id\":\"https:\\\/\\\/visitpalma.com\\\/es\\\/event\\\/44o-copa-del-rey-mapfre\\\/#breadcrumb\",\"itemListElement\":[{\"@type\":\"ListItem\",\"position\":1,\"name\":\"Inicio\",\"item\":\"https:\\\/\\\/visitpalma.com\\\/es\\\/\"},{\"@type\":\"ListItem\",\"position\":2,\"name\":\"Eventos\",\"item\":\"https:\\\/\\\/visitpalma.com\\\/es\\\/events\\\/\"},{\"@type\":\"ListItem\",\"position\":3,\"name\":\"44\u00ba COPA DEL REY MAPFRE\"}]},{\"@type\":\"WebSite\",\"@id\":\"https:\\\/\\\/visitpalma.com\\\/es\\\/#website\",\"url\":\"https:\\\/\\\/visitpalma.com\\\/es\\\/\",\"name\":\"Visit Palma\",\"description\":\"\",\"publisher\":{\"@id\":\"https:\\\/\\\/visitpalma.com\\\/es\\\/#organization\"},\"potentialAction\":[{\"@type\":\"SearchAction\",\"target\":{\"@type\":\"EntryPoint\",\"urlTemplate\":\"https:\\\/\\\/visitpalma.com\\\/es\\\/?s={search_term_string}\"},\"query-input\":{\"@type\":\"PropertyValueSpecification\",\"valueRequired\":true,\"valueName\":\"search_term_string\"}}],\"inLanguage\":\"es\"},{\"@type\":\"Organization\",\"@id\":\"https:\\\/\\\/visitpalma.com\\\/es\\\/#organization\",\"name\":\"Fundaci\u00f3n Turismo Palma de Mallorca 365\",\"url\":\"https:\\\/\\\/visitpalma.com\\\/es\\\/\",\"logo\":{\"@type\":\"ImageObject\",\"inLanguage\":\"es\",\"@id\":\"https:\\\/\\\/visitpalma.com\\\/es\\\/#\\\/schema\\\/logo\\\/image\\\/\",\"url\":\"https:\\\/\\\/visitpalma.com\\\/wp-content\\\/uploads\\\/2025\\\/05\\\/Logo-Passion-for-Palma-de-Mallorca.svg\",\"contentUrl\":\"https:\\\/\\\/visitpalma.com\\\/wp-content\\\/uploads\\\/2025\\\/05\\\/Logo-Passion-for-Palma-de-Mallorca.svg\",\"width\":377,\"height\":377,\"caption\":\"Fundaci\u00f3n Turismo Palma de Mallorca 365\"},\"image\":{\"@id\":\"https:\\\/\\\/visitpalma.com\\\/es\\\/#\\\/schema\\\/logo\\\/image\\\/\"},\"sameAs\":[\"https:\\\/\\\/www.facebook.com\\\/passionforpalma\",\"https:\\\/\\\/x.com\\\/passionforpalma\",\"https:\\\/\\\/www.instagram.com\\\/passionforpalma_\\\/\",\"https:\\\/\\\/www.youtube.com\\\/channel\\\/UCALF2N1FRnmAZYBttkQjedA\"]}]}<\/script>\n<!-- \/ Yoast SEO plugin. -->","yoast_head_json":{"title":"44\u00ba COPA DEL REY MAPFRE - Visit Palma","robots":{"index":"index","follow":"follow","max-snippet":"max-snippet:-1","max-image-preview":"max-image-preview:large","max-video-preview":"max-video-preview:-1"},"canonical":"https:\/\/visitpalma.com\/es\/event\/44o-copa-del-rey-mapfre\/","og_locale":"es_ES","og_type":"article","og_title":"44\u00ba COPA DEL REY MAPFRE - Visit Palma","og_description":"La Copa del Rey de Vela es uno de los eventos n\u00e1uticos m\u00e1s destacados del Mediterr\u00e1neo, celebrado cada verano en la bah\u00eda de Palma. En su edici\u00f3n de 2026, re\u00fane [&hellip;]","og_url":"https:\/\/visitpalma.com\/es\/event\/44o-copa-del-rey-mapfre\/","og_site_name":"Visit Palma","article_publisher":"https:\/\/www.facebook.com\/passionforpalma","og_image":[{"width":201,"height":251,"url":"https:\/\/visitpalma.com\/wp-content\/uploads\/2026\/04\/44-copa-del-rey-mapfre.jpg","type":"image\/jpeg"}],"twitter_card":"summary_large_image","twitter_site":"@passionforpalma","schema":{"@context":"https:\/\/schema.org","@graph":[{"@type":"WebPage","@id":"https:\/\/visitpalma.com\/es\/event\/44o-copa-del-rey-mapfre\/","url":"https:\/\/visitpalma.com\/es\/event\/44o-copa-del-rey-mapfre\/","name":"44\u00ba COPA DEL REY MAPFRE - Visit Palma","isPartOf":{"@id":"https:\/\/visitpalma.com\/es\/#website"},"primaryImageOfPage":{"@id":"https:\/\/visitpalma.com\/es\/event\/44o-copa-del-rey-mapfre\/#primaryimage"},"image":{"@id":"https:\/\/visitpalma.com\/es\/event\/44o-copa-del-rey-mapfre\/#primaryimage"},"thumbnailUrl":"https:\/\/visitpalma.com\/wp-content\/uploads\/2026\/04\/44-copa-del-rey-mapfre.jpg","datePublished":"2026-04-23T10:44:09+00:00","breadcrumb":{"@id":"https:\/\/visitpalma.com\/es\/event\/44o-copa-del-rey-mapfre\/#breadcrumb"},"inLanguage":"es","potentialAction":[{"@type":"ReadAction","target":["https:\/\/visitpalma.com\/es\/event\/44o-copa-del-rey-mapfre\/"]}]},{"@type":"ImageObject","inLanguage":"es","@id":"https:\/\/visitpalma.com\/es\/event\/44o-copa-del-rey-mapfre\/#primaryimage","url":"https:\/\/visitpalma.com\/wp-content\/uploads\/2026\/04\/44-copa-del-rey-mapfre.jpg","contentUrl":"https:\/\/visitpalma.com\/wp-content\/uploads\/2026\/04\/44-copa-del-rey-mapfre.jpg","width":201,"height":251},{"@type":"BreadcrumbList","@id":"https:\/\/visitpalma.com\/es\/event\/44o-copa-del-rey-mapfre\/#breadcrumb","itemListElement":[{"@type":"ListItem","position":1,"name":"Inicio","item":"https:\/\/visitpalma.com\/es\/"},{"@type":"ListItem","position":2,"name":"Eventos","item":"https:\/\/visitpalma.com\/es\/events\/"},{"@type":"ListItem","position":3,"name":"44\u00ba COPA DEL REY MAPFRE"}]},{"@type":"WebSite","@id":"https:\/\/visitpalma.com\/es\/#website","url":"https:\/\/visitpalma.com\/es\/","name":"Visit Palma","description":"","publisher":{"@id":"https:\/\/visitpalma.com\/es\/#organization"},"potentialAction":[{"@type":"SearchAction","target":{"@type":"EntryPoint","urlTemplate":"https:\/\/visitpalma.com\/es\/?s={search_term_string}"},"query-input":{"@type":"PropertyValueSpecification","valueRequired":true,"valueName":"search_term_string"}}],"inLanguage":"es"},{"@type":"Organization","@id":"https:\/\/visitpalma.com\/es\/#organization","name":"Fundaci\u00f3n Turismo Palma de Mallorca 365","url":"https:\/\/visitpalma.com\/es\/","logo":{"@type":"ImageObject","inLanguage":"es","@id":"https:\/\/visitpalma.com\/es\/#\/schema\/logo\/image\/","url":"https:\/\/visitpalma.com\/wp-content\/uploads\/2025\/05\/Logo-Passion-for-Palma-de-Mallorca.svg","contentUrl":"https:\/\/visitpalma.com\/wp-content\/uploads\/2025\/05\/Logo-Passion-for-Palma-de-Mallorca.svg","width":377,"height":377,"caption":"Fundaci\u00f3n Turismo Palma de Mallorca 365"},"image":{"@id":"https:\/\/visitpalma.com\/es\/#\/schema\/logo\/image\/"},"sameAs":["https:\/\/www.facebook.com\/passionforpalma","https:\/\/x.com\/passionforpalma","https:\/\/www.instagram.com\/passionforpalma_\/","https:\/\/www.youtube.com\/channel\/UCALF2N1FRnmAZYBttkQjedA"]}]}},"_links":{"self":[{"href":"https:\/\/visitpalma.com\/es\/wp-json\/wp\/v2\/tribe_events\/20242","targetHints":{"allow":["GET"]}}],"collection":[{"href":"https:\/\/visitpalma.com\/es\/wp-json\/wp\/v2\/tribe_events"}],"about":[{"href":"https:\/\/visitpalma.com\/es\/wp-json\/wp\/v2\/types\/tribe_events"}],"author":[{"embeddable":true,"href":"https:\/\/visitpalma.com\/es\/wp-json\/wp\/v2\/users\/4"}],"version-history":[{"count":0,"href":"https:\/\/visitpalma.com\/es\/wp-json\/wp\/v2\/tribe_events\/20242\/revisions"}],"wp:featuredmedia":[{"embeddable":true,"href":"https:\/\/visitpalma.com\/es\/wp-json\/wp\/v2\/media\/20237"}],"wp:attachment":[{"href":"https:\/\/visitpalma.com\/es\/wp-json\/wp\/v2\/media?parent=20242"}],"wp:term":[{"taxonomy":"post_tag","embeddable":true,"href":"https:\/\/visitpalma.com\/es\/wp-json\/wp\/v2\/tags?post=20242"},{"taxonomy":"tribe_events_cat","embeddable":true,"href":"https:\/\/visitpalma.com\/es\/wp-json\/wp\/v2\/tribe_events_cat?post=20242"}],"curies":[{"name":"wp","href":"https:\/\/api.w.org\/{rel}","templated":true}]}}