{"id":19476,"date":"2026-03-20T13:13:23","date_gmt":"2026-03-20T12:13:23","guid":{"rendered":"https:\/\/visitpalma.com\/?post_type=tribe_events&#038;p=19476"},"modified":"2026-03-20T13:15:03","modified_gmt":"2026-03-20T12:15:03","slug":"palmavela-2026-real-club-nautico-de-palma-rcnp","status":"publish","type":"tribe_events","link":"https:\/\/visitpalma.com\/es\/event\/palmavela-2026-real-club-nautico-de-palma-rcnp\/","title":{"rendered":"PALMAVELA 2026 &#8211; REAL CLUB N\u00c1UTICO DE PALMA (RCNP)"},"content":{"rendered":"<p data-start=\"0\" data-end=\"289\">El mar de <span class=\"hover:entity-accent entity-underline inline cursor-pointer align-baseline\"><span class=\"whitespace-normal\">Palma de Mallorca<\/span><\/span> se transforma cada primavera en un escenario vibrante con la llegada del campeonato <strong><span class=\"hover:entity-accent entity-underline inline cursor-pointer align-baseline\"><span class=\"whitespace-normal\">PalmaVela<\/span><\/span><\/strong>. Este a\u00f1o 2026, el evento celebra su <strong>22\u00aa edici\u00f3n<\/strong>, consolid\u00e1ndose como una de las grandes citas de la vela en el Mediterr\u00e1neo.<\/p>\n<p data-start=\"291\" data-end=\"568\">Organizado por el prestigioso <strong><span class=\"hover:entity-accent entity-underline inline cursor-pointer align-baseline\"><span class=\"whitespace-normal\">Real Club N\u00e1utico de Palma<\/span><\/span><\/strong>, PalmaVela re\u00fane a embarcaciones de distintas clases y a tripulaciones procedentes de todo el mundo. Durante varios d\u00edas, la bah\u00eda se llena de velas que dibujan un espect\u00e1culo din\u00e1mico sobre aguas cristalinas.<\/p>\n<p data-start=\"570\" data-end=\"844\">Este campeonato no solo destaca por su nivel deportivo, sino tambi\u00e9n por el entorno incomparable en el que se desarrolla. Con la silueta de la catedral y el casco hist\u00f3rico como tel\u00f3n de fondo, cada regata ofrece una experiencia visual \u00fanica para participantes y visitantes.<\/p>\n<p data-start=\"846\" data-end=\"1103\">Adem\u00e1s, PalmaVela invita a descubrir la ciudad m\u00e1s all\u00e1 del mar. Su gastronom\u00eda, su patrimonio y su ambiente mediterr\u00e1neo convierten este evento en una oportunidad perfecta para disfrutar de unas jornadas donde deporte y turismo navegan en perfecta armon\u00eda.<\/p>\n","protected":false},"excerpt":{"rendered":"<p>El mar de Palma de Mallorca se transforma cada primavera en un escenario vibrante con la llegada del campeonato PalmaVela. Este a\u00f1o 2026, el evento celebra su 22\u00aa edici\u00f3n, consolid\u00e1ndose [&hellip;]<\/p>\n","protected":false},"author":4,"featured_media":19477,"template":"","meta":{"_monsterinsights_skip_tracking":false,"_monsterinsights_sitenote_active":false,"_monsterinsights_sitenote_note":"","_monsterinsights_sitenote_category":0,"_tribe_events_status":"","_tribe_events_status_reason":"","footnotes":""},"tags":[],"tribe_events_cat":[148],"class_list":["post-19476","tribe_events","type-tribe_events","status-publish","has-post-thumbnail","hentry","tribe_events_cat-deporte","cat_deporte"],"yoast_head":"<!-- This site is optimized with the Yoast SEO plugin v27.5 - https:\/\/yoast.com\/product\/yoast-seo-wordpress\/ -->\n<title>PalmaVela 2026 en Palma | Regata internacional RCNP<\/title>\n<meta name=\"description\" content=\"Vive PalmaVela 2026 en el Real Club N\u00e1utico de Palma. Regatas, barcos y ambiente \u00fanico en la bah\u00eda. Un evento imprescindible para amantes del mar.\" \/>\n<meta name=\"robots\" content=\"index, follow, max-snippet:-1, max-image-preview:large, max-video-preview:-1\" \/>\n<link rel=\"canonical\" href=\"https:\/\/visitpalma.com\/es\/event\/palmavela-2026-real-club-nautico-de-palma-rcnp\/\" \/>\n<meta property=\"og:locale\" content=\"es_ES\" \/>\n<meta property=\"og:type\" content=\"article\" \/>\n<meta property=\"og:title\" content=\"PalmaVela 2026 en Palma | Regata internacional RCNP\" \/>\n<meta property=\"og:description\" content=\"Vive PalmaVela 2026 en el Real Club N\u00e1utico de Palma. Regatas, barcos y ambiente \u00fanico en la bah\u00eda. Un evento imprescindible para amantes del mar.\" \/>\n<meta property=\"og:url\" content=\"https:\/\/visitpalma.com\/es\/event\/palmavela-2026-real-club-nautico-de-palma-rcnp\/\" \/>\n<meta property=\"og:site_name\" content=\"Visit Palma\" \/>\n<meta property=\"article:publisher\" content=\"https:\/\/www.facebook.com\/passionforpalma\" \/>\n<meta property=\"article:modified_time\" content=\"2026-03-20T12:15:03+00:00\" \/>\n<meta property=\"og:image\" content=\"https:\/\/visitpalma.com\/wp-content\/uploads\/2026\/03\/palmavela-2026-real-club-nautico-de-palma-rcnp.png\" \/>\n\t<meta property=\"og:image:width\" content=\"717\" \/>\n\t<meta property=\"og:image:height\" content=\"788\" \/>\n\t<meta property=\"og:image:type\" content=\"image\/png\" \/>\n<meta name=\"twitter:card\" content=\"summary_large_image\" \/>\n<meta name=\"twitter:site\" content=\"@passionforpalma\" \/>\n<meta name=\"twitter:label1\" content=\"Tiempo de lectura\" \/>\n\t<meta name=\"twitter:data1\" content=\"1 minuto\" \/>\n<script type=\"application\/ld+json\" class=\"yoast-schema-graph\">{\"@context\":\"https:\\\/\\\/schema.org\",\"@graph\":[{\"@type\":\"WebPage\",\"@id\":\"https:\\\/\\\/visitpalma.com\\\/es\\\/event\\\/palmavela-2026-real-club-nautico-de-palma-rcnp\\\/\",\"url\":\"https:\\\/\\\/visitpalma.com\\\/es\\\/event\\\/palmavela-2026-real-club-nautico-de-palma-rcnp\\\/\",\"name\":\"PalmaVela 2026 en Palma | Regata internacional RCNP\",\"isPartOf\":{\"@id\":\"https:\\\/\\\/visitpalma.com\\\/es\\\/#website\"},\"primaryImageOfPage\":{\"@id\":\"https:\\\/\\\/visitpalma.com\\\/es\\\/event\\\/palmavela-2026-real-club-nautico-de-palma-rcnp\\\/#primaryimage\"},\"image\":{\"@id\":\"https:\\\/\\\/visitpalma.com\\\/es\\\/event\\\/palmavela-2026-real-club-nautico-de-palma-rcnp\\\/#primaryimage\"},\"thumbnailUrl\":\"https:\\\/\\\/visitpalma.com\\\/wp-content\\\/uploads\\\/2026\\\/03\\\/palmavela-2026-real-club-nautico-de-palma-rcnp.png\",\"datePublished\":\"2026-03-20T12:13:23+00:00\",\"dateModified\":\"2026-03-20T12:15:03+00:00\",\"description\":\"Vive PalmaVela 2026 en el Real Club N\u00e1utico de Palma. Regatas, barcos y ambiente \u00fanico en la bah\u00eda. Un evento imprescindible para amantes del mar.\",\"breadcrumb\":{\"@id\":\"https:\\\/\\\/visitpalma.com\\\/es\\\/event\\\/palmavela-2026-real-club-nautico-de-palma-rcnp\\\/#breadcrumb\"},\"inLanguage\":\"es\",\"potentialAction\":[{\"@type\":\"ReadAction\",\"target\":[\"https:\\\/\\\/visitpalma.com\\\/es\\\/event\\\/palmavela-2026-real-club-nautico-de-palma-rcnp\\\/\"]}]},{\"@type\":\"ImageObject\",\"inLanguage\":\"es\",\"@id\":\"https:\\\/\\\/visitpalma.com\\\/es\\\/event\\\/palmavela-2026-real-club-nautico-de-palma-rcnp\\\/#primaryimage\",\"url\":\"https:\\\/\\\/visitpalma.com\\\/wp-content\\\/uploads\\\/2026\\\/03\\\/palmavela-2026-real-club-nautico-de-palma-rcnp.png\",\"contentUrl\":\"https:\\\/\\\/visitpalma.com\\\/wp-content\\\/uploads\\\/2026\\\/03\\\/palmavela-2026-real-club-nautico-de-palma-rcnp.png\",\"width\":717,\"height\":788,\"caption\":\"palmavela 2026 real club n\u00e1utico de palma (rcnp)\"},{\"@type\":\"BreadcrumbList\",\"@id\":\"https:\\\/\\\/visitpalma.com\\\/es\\\/event\\\/palmavela-2026-real-club-nautico-de-palma-rcnp\\\/#breadcrumb\",\"itemListElement\":[{\"@type\":\"ListItem\",\"position\":1,\"name\":\"Inicio\",\"item\":\"https:\\\/\\\/visitpalma.com\\\/es\\\/\"},{\"@type\":\"ListItem\",\"position\":2,\"name\":\"Eventos\",\"item\":\"https:\\\/\\\/visitpalma.com\\\/es\\\/events\\\/\"},{\"@type\":\"ListItem\",\"position\":3,\"name\":\"PALMAVELA 2026 &#8211; REAL CLUB N\u00c1UTICO DE PALMA (RCNP)\"}]},{\"@type\":\"WebSite\",\"@id\":\"https:\\\/\\\/visitpalma.com\\\/es\\\/#website\",\"url\":\"https:\\\/\\\/visitpalma.com\\\/es\\\/\",\"name\":\"Visit Palma\",\"description\":\"\",\"publisher\":{\"@id\":\"https:\\\/\\\/visitpalma.com\\\/es\\\/#organization\"},\"potentialAction\":[{\"@type\":\"SearchAction\",\"target\":{\"@type\":\"EntryPoint\",\"urlTemplate\":\"https:\\\/\\\/visitpalma.com\\\/es\\\/?s={search_term_string}\"},\"query-input\":{\"@type\":\"PropertyValueSpecification\",\"valueRequired\":true,\"valueName\":\"search_term_string\"}}],\"inLanguage\":\"es\"},{\"@type\":\"Organization\",\"@id\":\"https:\\\/\\\/visitpalma.com\\\/es\\\/#organization\",\"name\":\"Fundaci\u00f3n Turismo Palma de Mallorca 365\",\"url\":\"https:\\\/\\\/visitpalma.com\\\/es\\\/\",\"logo\":{\"@type\":\"ImageObject\",\"inLanguage\":\"es\",\"@id\":\"https:\\\/\\\/visitpalma.com\\\/es\\\/#\\\/schema\\\/logo\\\/image\\\/\",\"url\":\"https:\\\/\\\/visitpalma.com\\\/wp-content\\\/uploads\\\/2025\\\/05\\\/Logo-Passion-for-Palma-de-Mallorca.svg\",\"contentUrl\":\"https:\\\/\\\/visitpalma.com\\\/wp-content\\\/uploads\\\/2025\\\/05\\\/Logo-Passion-for-Palma-de-Mallorca.svg\",\"width\":377,\"height\":377,\"caption\":\"Fundaci\u00f3n Turismo Palma de Mallorca 365\"},\"image\":{\"@id\":\"https:\\\/\\\/visitpalma.com\\\/es\\\/#\\\/schema\\\/logo\\\/image\\\/\"},\"sameAs\":[\"https:\\\/\\\/www.facebook.com\\\/passionforpalma\",\"https:\\\/\\\/x.com\\\/passionforpalma\",\"https:\\\/\\\/www.instagram.com\\\/passionforpalma_\\\/\",\"https:\\\/\\\/www.youtube.com\\\/channel\\\/UCALF2N1FRnmAZYBttkQjedA\"]}]}<\/script>\n<!-- \/ Yoast SEO plugin. -->","yoast_head_json":{"title":"PalmaVela 2026 en Palma | Regata internacional RCNP","description":"Vive PalmaVela 2026 en el Real Club N\u00e1utico de Palma. Regatas, barcos y ambiente \u00fanico en la bah\u00eda. Un evento imprescindible para amantes del mar.","robots":{"index":"index","follow":"follow","max-snippet":"max-snippet:-1","max-image-preview":"max-image-preview:large","max-video-preview":"max-video-preview:-1"},"canonical":"https:\/\/visitpalma.com\/es\/event\/palmavela-2026-real-club-nautico-de-palma-rcnp\/","og_locale":"es_ES","og_type":"article","og_title":"PalmaVela 2026 en Palma | Regata internacional RCNP","og_description":"Vive PalmaVela 2026 en el Real Club N\u00e1utico de Palma. Regatas, barcos y ambiente \u00fanico en la bah\u00eda. Un evento imprescindible para amantes del mar.","og_url":"https:\/\/visitpalma.com\/es\/event\/palmavela-2026-real-club-nautico-de-palma-rcnp\/","og_site_name":"Visit Palma","article_publisher":"https:\/\/www.facebook.com\/passionforpalma","article_modified_time":"2026-03-20T12:15:03+00:00","og_image":[{"width":717,"height":788,"url":"https:\/\/visitpalma.com\/wp-content\/uploads\/2026\/03\/palmavela-2026-real-club-nautico-de-palma-rcnp.png","type":"image\/png"}],"twitter_card":"summary_large_image","twitter_site":"@passionforpalma","twitter_misc":{"Tiempo de lectura":"1 minuto"},"schema":{"@context":"https:\/\/schema.org","@graph":[{"@type":"WebPage","@id":"https:\/\/visitpalma.com\/es\/event\/palmavela-2026-real-club-nautico-de-palma-rcnp\/","url":"https:\/\/visitpalma.com\/es\/event\/palmavela-2026-real-club-nautico-de-palma-rcnp\/","name":"PalmaVela 2026 en Palma | Regata internacional RCNP","isPartOf":{"@id":"https:\/\/visitpalma.com\/es\/#website"},"primaryImageOfPage":{"@id":"https:\/\/visitpalma.com\/es\/event\/palmavela-2026-real-club-nautico-de-palma-rcnp\/#primaryimage"},"image":{"@id":"https:\/\/visitpalma.com\/es\/event\/palmavela-2026-real-club-nautico-de-palma-rcnp\/#primaryimage"},"thumbnailUrl":"https:\/\/visitpalma.com\/wp-content\/uploads\/2026\/03\/palmavela-2026-real-club-nautico-de-palma-rcnp.png","datePublished":"2026-03-20T12:13:23+00:00","dateModified":"2026-03-20T12:15:03+00:00","description":"Vive PalmaVela 2026 en el Real Club N\u00e1utico de Palma. Regatas, barcos y ambiente \u00fanico en la bah\u00eda. Un evento imprescindible para amantes del mar.","breadcrumb":{"@id":"https:\/\/visitpalma.com\/es\/event\/palmavela-2026-real-club-nautico-de-palma-rcnp\/#breadcrumb"},"inLanguage":"es","potentialAction":[{"@type":"ReadAction","target":["https:\/\/visitpalma.com\/es\/event\/palmavela-2026-real-club-nautico-de-palma-rcnp\/"]}]},{"@type":"ImageObject","inLanguage":"es","@id":"https:\/\/visitpalma.com\/es\/event\/palmavela-2026-real-club-nautico-de-palma-rcnp\/#primaryimage","url":"https:\/\/visitpalma.com\/wp-content\/uploads\/2026\/03\/palmavela-2026-real-club-nautico-de-palma-rcnp.png","contentUrl":"https:\/\/visitpalma.com\/wp-content\/uploads\/2026\/03\/palmavela-2026-real-club-nautico-de-palma-rcnp.png","width":717,"height":788,"caption":"palmavela 2026 real club n\u00e1utico de palma (rcnp)"},{"@type":"BreadcrumbList","@id":"https:\/\/visitpalma.com\/es\/event\/palmavela-2026-real-club-nautico-de-palma-rcnp\/#breadcrumb","itemListElement":[{"@type":"ListItem","position":1,"name":"Inicio","item":"https:\/\/visitpalma.com\/es\/"},{"@type":"ListItem","position":2,"name":"Eventos","item":"https:\/\/visitpalma.com\/es\/events\/"},{"@type":"ListItem","position":3,"name":"PALMAVELA 2026 &#8211; REAL CLUB N\u00c1UTICO DE PALMA (RCNP)"}]},{"@type":"WebSite","@id":"https:\/\/visitpalma.com\/es\/#website","url":"https:\/\/visitpalma.com\/es\/","name":"Visit Palma","description":"","publisher":{"@id":"https:\/\/visitpalma.com\/es\/#organization"},"potentialAction":[{"@type":"SearchAction","target":{"@type":"EntryPoint","urlTemplate":"https:\/\/visitpalma.com\/es\/?s={search_term_string}"},"query-input":{"@type":"PropertyValueSpecification","valueRequired":true,"valueName":"search_term_string"}}],"inLanguage":"es"},{"@type":"Organization","@id":"https:\/\/visitpalma.com\/es\/#organization","name":"Fundaci\u00f3n Turismo Palma de Mallorca 365","url":"https:\/\/visitpalma.com\/es\/","logo":{"@type":"ImageObject","inLanguage":"es","@id":"https:\/\/visitpalma.com\/es\/#\/schema\/logo\/image\/","url":"https:\/\/visitpalma.com\/wp-content\/uploads\/2025\/05\/Logo-Passion-for-Palma-de-Mallorca.svg","contentUrl":"https:\/\/visitpalma.com\/wp-content\/uploads\/2025\/05\/Logo-Passion-for-Palma-de-Mallorca.svg","width":377,"height":377,"caption":"Fundaci\u00f3n Turismo Palma de Mallorca 365"},"image":{"@id":"https:\/\/visitpalma.com\/es\/#\/schema\/logo\/image\/"},"sameAs":["https:\/\/www.facebook.com\/passionforpalma","https:\/\/x.com\/passionforpalma","https:\/\/www.instagram.com\/passionforpalma_\/","https:\/\/www.youtube.com\/channel\/UCALF2N1FRnmAZYBttkQjedA"]}]}},"_links":{"self":[{"href":"https:\/\/visitpalma.com\/es\/wp-json\/wp\/v2\/tribe_events\/19476","targetHints":{"allow":["GET"]}}],"collection":[{"href":"https:\/\/visitpalma.com\/es\/wp-json\/wp\/v2\/tribe_events"}],"about":[{"href":"https:\/\/visitpalma.com\/es\/wp-json\/wp\/v2\/types\/tribe_events"}],"author":[{"embeddable":true,"href":"https:\/\/visitpalma.com\/es\/wp-json\/wp\/v2\/users\/4"}],"version-history":[{"count":1,"href":"https:\/\/visitpalma.com\/es\/wp-json\/wp\/v2\/tribe_events\/19476\/revisions"}],"predecessor-version":[{"id":19478,"href":"https:\/\/visitpalma.com\/es\/wp-json\/wp\/v2\/tribe_events\/19476\/revisions\/19478"}],"wp:featuredmedia":[{"embeddable":true,"href":"https:\/\/visitpalma.com\/es\/wp-json\/wp\/v2\/media\/19477"}],"wp:attachment":[{"href":"https:\/\/visitpalma.com\/es\/wp-json\/wp\/v2\/media?parent=19476"}],"wp:term":[{"taxonomy":"post_tag","embeddable":true,"href":"https:\/\/visitpalma.com\/es\/wp-json\/wp\/v2\/tags?post=19476"},{"taxonomy":"tribe_events_cat","embeddable":true,"href":"https:\/\/visitpalma.com\/es\/wp-json\/wp\/v2\/tribe_events_cat?post=19476"}],"curies":[{"name":"wp","href":"https:\/\/api.w.org\/{rel}","templated":true}]}}