{"id":19470,"date":"2026-03-19T11:48:40","date_gmt":"2026-03-19T10:48:40","guid":{"rendered":"https:\/\/visitpalma.com\/?post_type=tribe_events&#038;p=19470"},"modified":"2026-03-19T12:24:00","modified_gmt":"2026-03-19T11:24:00","slug":"hombres-g-los-mejores-anos-de-nuestra-vida-palma-2026","status":"publish","type":"tribe_events","link":"https:\/\/visitpalma.com\/es\/event\/hombres-g-los-mejores-anos-de-nuestra-vida-palma-2026\/","title":{"rendered":"HOMBRES G [LOS MEJORES A\u00d1OS DE NUESTRA VIDA] &#8211; PALMA 2026"},"content":{"rendered":"<h3>\u00bfQui\u00e9n a d\u00eda de hoy no conoce a los Hombres G?<\/h3>\n<p>La banda de <strong>pop-rock<\/strong> espa\u00f1ola arranca su gira por toda Espa\u00f1a, d\u00e1ndole a sus fans en Palma la oportunidad de disfrutar de un concierto \u00fanico. Los genios detr\u00e1s de temazos como <em>Devu\u00e9lveme a mi chica\u00a0<\/em>o\u00a0<em>Voy a pas\u00e1rmelo bien<\/em> aterrizan en Palma en el recinto Son Fusteret.<\/p>\n<p>Una oportunidad \u00fanica para los amantes del pop-rock y fieles seguidores de los Hombres G.<\/p>\n<p>Hazte con tu entrada pinchando <a href=\"https:\/\/entradas.rubioproduccions.com\/es\/events\/hombres-g-en-concierto\">aqu\u00ed<\/a>.<\/p>\n","protected":false},"excerpt":{"rendered":"<p>\u00bfQui\u00e9n a d\u00eda de hoy no conoce a los Hombres G? La banda de pop-rock espa\u00f1ola arranca su gira por toda Espa\u00f1a, d\u00e1ndole a sus fans en Palma la oportunidad [&hellip;]<\/p>\n","protected":false},"author":4,"featured_media":19471,"template":"","meta":{"_monsterinsights_skip_tracking":false,"_monsterinsights_sitenote_active":false,"_monsterinsights_sitenote_note":"","_monsterinsights_sitenote_category":0,"_tribe_events_status":"","_tribe_events_status_reason":"","footnotes":""},"tags":[],"tribe_events_cat":[51],"class_list":["post-19470","tribe_events","type-tribe_events","status-publish","has-post-thumbnail","hentry","tribe_events_cat-musica-danza","cat_musica-danza"],"yoast_head":"<!-- This site is optimized with the Yoast SEO plugin v27.5 - https:\/\/yoast.com\/product\/yoast-seo-wordpress\/ -->\n<title>Hombres G en Palma 2026: concierto y entradas<\/title>\n<meta name=\"description\" content=\"Vive a Hombres G en Palma con sus grandes \u00e9xitos. Un concierto lleno de nostalgia, energ\u00eda y cl\u00e1sicos inolvidables que marcaron generaciones.\" \/>\n<meta name=\"robots\" content=\"index, follow, max-snippet:-1, max-image-preview:large, max-video-preview:-1\" \/>\n<link rel=\"canonical\" href=\"https:\/\/visitpalma.com\/es\/event\/hombres-g-los-mejores-anos-de-nuestra-vida-palma-2026\/\" \/>\n<meta property=\"og:locale\" content=\"es_ES\" \/>\n<meta property=\"og:type\" content=\"article\" \/>\n<meta property=\"og:title\" content=\"Hombres G en Palma 2026: concierto y entradas\" \/>\n<meta property=\"og:description\" content=\"Vive a Hombres G en Palma con sus grandes \u00e9xitos. Un concierto lleno de nostalgia, energ\u00eda y cl\u00e1sicos inolvidables que marcaron generaciones.\" \/>\n<meta property=\"og:url\" content=\"https:\/\/visitpalma.com\/es\/event\/hombres-g-los-mejores-anos-de-nuestra-vida-palma-2026\/\" \/>\n<meta property=\"og:site_name\" content=\"Visit Palma\" \/>\n<meta property=\"article:publisher\" content=\"https:\/\/www.facebook.com\/passionforpalma\" \/>\n<meta property=\"article:modified_time\" content=\"2026-03-19T11:24:00+00:00\" \/>\n<meta property=\"og:image\" content=\"https:\/\/visitpalma.com\/wp-content\/uploads\/2026\/03\/hombres-g-son-fusteret-palma-2026.jpg\" \/>\n\t<meta property=\"og:image:width\" content=\"1080\" \/>\n\t<meta property=\"og:image:height\" content=\"1521\" \/>\n\t<meta property=\"og:image:type\" content=\"image\/jpeg\" \/>\n<meta name=\"twitter:card\" content=\"summary_large_image\" \/>\n<meta name=\"twitter:site\" content=\"@passionforpalma\" \/>\n<meta name=\"twitter:label1\" content=\"Tiempo de lectura\" \/>\n\t<meta name=\"twitter:data1\" content=\"1 minuto\" \/>\n<script type=\"application\/ld+json\" class=\"yoast-schema-graph\">{\"@context\":\"https:\\\/\\\/schema.org\",\"@graph\":[{\"@type\":\"WebPage\",\"@id\":\"https:\\\/\\\/visitpalma.com\\\/es\\\/event\\\/hombres-g-los-mejores-anos-de-nuestra-vida-palma-2026\\\/\",\"url\":\"https:\\\/\\\/visitpalma.com\\\/es\\\/event\\\/hombres-g-los-mejores-anos-de-nuestra-vida-palma-2026\\\/\",\"name\":\"Hombres G en Palma 2026: concierto y entradas\",\"isPartOf\":{\"@id\":\"https:\\\/\\\/visitpalma.com\\\/es\\\/#website\"},\"primaryImageOfPage\":{\"@id\":\"https:\\\/\\\/visitpalma.com\\\/es\\\/event\\\/hombres-g-los-mejores-anos-de-nuestra-vida-palma-2026\\\/#primaryimage\"},\"image\":{\"@id\":\"https:\\\/\\\/visitpalma.com\\\/es\\\/event\\\/hombres-g-los-mejores-anos-de-nuestra-vida-palma-2026\\\/#primaryimage\"},\"thumbnailUrl\":\"https:\\\/\\\/visitpalma.com\\\/wp-content\\\/uploads\\\/2026\\\/03\\\/hombres-g-son-fusteret-palma-2026.jpg\",\"datePublished\":\"2026-03-19T10:48:40+00:00\",\"dateModified\":\"2026-03-19T11:24:00+00:00\",\"description\":\"Vive a Hombres G en Palma con sus grandes \u00e9xitos. Un concierto lleno de nostalgia, energ\u00eda y cl\u00e1sicos inolvidables que marcaron generaciones.\",\"breadcrumb\":{\"@id\":\"https:\\\/\\\/visitpalma.com\\\/es\\\/event\\\/hombres-g-los-mejores-anos-de-nuestra-vida-palma-2026\\\/#breadcrumb\"},\"inLanguage\":\"es\",\"potentialAction\":[{\"@type\":\"ReadAction\",\"target\":[\"https:\\\/\\\/visitpalma.com\\\/es\\\/event\\\/hombres-g-los-mejores-anos-de-nuestra-vida-palma-2026\\\/\"]}]},{\"@type\":\"ImageObject\",\"inLanguage\":\"es\",\"@id\":\"https:\\\/\\\/visitpalma.com\\\/es\\\/event\\\/hombres-g-los-mejores-anos-de-nuestra-vida-palma-2026\\\/#primaryimage\",\"url\":\"https:\\\/\\\/visitpalma.com\\\/wp-content\\\/uploads\\\/2026\\\/03\\\/hombres-g-son-fusteret-palma-2026.jpg\",\"contentUrl\":\"https:\\\/\\\/visitpalma.com\\\/wp-content\\\/uploads\\\/2026\\\/03\\\/hombres-g-son-fusteret-palma-2026.jpg\",\"width\":1080,\"height\":1521,\"caption\":\"hombres g son fusteret palma 2026\"},{\"@type\":\"BreadcrumbList\",\"@id\":\"https:\\\/\\\/visitpalma.com\\\/es\\\/event\\\/hombres-g-los-mejores-anos-de-nuestra-vida-palma-2026\\\/#breadcrumb\",\"itemListElement\":[{\"@type\":\"ListItem\",\"position\":1,\"name\":\"Inicio\",\"item\":\"https:\\\/\\\/visitpalma.com\\\/es\\\/\"},{\"@type\":\"ListItem\",\"position\":2,\"name\":\"Eventos\",\"item\":\"https:\\\/\\\/visitpalma.com\\\/es\\\/events\\\/\"},{\"@type\":\"ListItem\",\"position\":3,\"name\":\"HOMBRES G [LOS MEJORES A\u00d1OS DE NUESTRA VIDA] &#8211; PALMA 2026\"}]},{\"@type\":\"WebSite\",\"@id\":\"https:\\\/\\\/visitpalma.com\\\/es\\\/#website\",\"url\":\"https:\\\/\\\/visitpalma.com\\\/es\\\/\",\"name\":\"Visit Palma\",\"description\":\"\",\"publisher\":{\"@id\":\"https:\\\/\\\/visitpalma.com\\\/es\\\/#organization\"},\"potentialAction\":[{\"@type\":\"SearchAction\",\"target\":{\"@type\":\"EntryPoint\",\"urlTemplate\":\"https:\\\/\\\/visitpalma.com\\\/es\\\/?s={search_term_string}\"},\"query-input\":{\"@type\":\"PropertyValueSpecification\",\"valueRequired\":true,\"valueName\":\"search_term_string\"}}],\"inLanguage\":\"es\"},{\"@type\":\"Organization\",\"@id\":\"https:\\\/\\\/visitpalma.com\\\/es\\\/#organization\",\"name\":\"Fundaci\u00f3n Turismo Palma de Mallorca 365\",\"url\":\"https:\\\/\\\/visitpalma.com\\\/es\\\/\",\"logo\":{\"@type\":\"ImageObject\",\"inLanguage\":\"es\",\"@id\":\"https:\\\/\\\/visitpalma.com\\\/es\\\/#\\\/schema\\\/logo\\\/image\\\/\",\"url\":\"https:\\\/\\\/visitpalma.com\\\/wp-content\\\/uploads\\\/2025\\\/05\\\/Logo-Passion-for-Palma-de-Mallorca.svg\",\"contentUrl\":\"https:\\\/\\\/visitpalma.com\\\/wp-content\\\/uploads\\\/2025\\\/05\\\/Logo-Passion-for-Palma-de-Mallorca.svg\",\"width\":377,\"height\":377,\"caption\":\"Fundaci\u00f3n Turismo Palma de Mallorca 365\"},\"image\":{\"@id\":\"https:\\\/\\\/visitpalma.com\\\/es\\\/#\\\/schema\\\/logo\\\/image\\\/\"},\"sameAs\":[\"https:\\\/\\\/www.facebook.com\\\/passionforpalma\",\"https:\\\/\\\/x.com\\\/passionforpalma\",\"https:\\\/\\\/www.instagram.com\\\/passionforpalma_\\\/\",\"https:\\\/\\\/www.youtube.com\\\/channel\\\/UCALF2N1FRnmAZYBttkQjedA\"]}]}<\/script>\n<!-- \/ Yoast SEO plugin. -->","yoast_head_json":{"title":"Hombres G en Palma 2026: concierto y entradas","description":"Vive a Hombres G en Palma con sus grandes \u00e9xitos. Un concierto lleno de nostalgia, energ\u00eda y cl\u00e1sicos inolvidables que marcaron generaciones.","robots":{"index":"index","follow":"follow","max-snippet":"max-snippet:-1","max-image-preview":"max-image-preview:large","max-video-preview":"max-video-preview:-1"},"canonical":"https:\/\/visitpalma.com\/es\/event\/hombres-g-los-mejores-anos-de-nuestra-vida-palma-2026\/","og_locale":"es_ES","og_type":"article","og_title":"Hombres G en Palma 2026: concierto y entradas","og_description":"Vive a Hombres G en Palma con sus grandes \u00e9xitos. Un concierto lleno de nostalgia, energ\u00eda y cl\u00e1sicos inolvidables que marcaron generaciones.","og_url":"https:\/\/visitpalma.com\/es\/event\/hombres-g-los-mejores-anos-de-nuestra-vida-palma-2026\/","og_site_name":"Visit Palma","article_publisher":"https:\/\/www.facebook.com\/passionforpalma","article_modified_time":"2026-03-19T11:24:00+00:00","og_image":[{"width":1080,"height":1521,"url":"https:\/\/visitpalma.com\/wp-content\/uploads\/2026\/03\/hombres-g-son-fusteret-palma-2026.jpg","type":"image\/jpeg"}],"twitter_card":"summary_large_image","twitter_site":"@passionforpalma","twitter_misc":{"Tiempo de lectura":"1 minuto"},"schema":{"@context":"https:\/\/schema.org","@graph":[{"@type":"WebPage","@id":"https:\/\/visitpalma.com\/es\/event\/hombres-g-los-mejores-anos-de-nuestra-vida-palma-2026\/","url":"https:\/\/visitpalma.com\/es\/event\/hombres-g-los-mejores-anos-de-nuestra-vida-palma-2026\/","name":"Hombres G en Palma 2026: concierto y entradas","isPartOf":{"@id":"https:\/\/visitpalma.com\/es\/#website"},"primaryImageOfPage":{"@id":"https:\/\/visitpalma.com\/es\/event\/hombres-g-los-mejores-anos-de-nuestra-vida-palma-2026\/#primaryimage"},"image":{"@id":"https:\/\/visitpalma.com\/es\/event\/hombres-g-los-mejores-anos-de-nuestra-vida-palma-2026\/#primaryimage"},"thumbnailUrl":"https:\/\/visitpalma.com\/wp-content\/uploads\/2026\/03\/hombres-g-son-fusteret-palma-2026.jpg","datePublished":"2026-03-19T10:48:40+00:00","dateModified":"2026-03-19T11:24:00+00:00","description":"Vive a Hombres G en Palma con sus grandes \u00e9xitos. Un concierto lleno de nostalgia, energ\u00eda y cl\u00e1sicos inolvidables que marcaron generaciones.","breadcrumb":{"@id":"https:\/\/visitpalma.com\/es\/event\/hombres-g-los-mejores-anos-de-nuestra-vida-palma-2026\/#breadcrumb"},"inLanguage":"es","potentialAction":[{"@type":"ReadAction","target":["https:\/\/visitpalma.com\/es\/event\/hombres-g-los-mejores-anos-de-nuestra-vida-palma-2026\/"]}]},{"@type":"ImageObject","inLanguage":"es","@id":"https:\/\/visitpalma.com\/es\/event\/hombres-g-los-mejores-anos-de-nuestra-vida-palma-2026\/#primaryimage","url":"https:\/\/visitpalma.com\/wp-content\/uploads\/2026\/03\/hombres-g-son-fusteret-palma-2026.jpg","contentUrl":"https:\/\/visitpalma.com\/wp-content\/uploads\/2026\/03\/hombres-g-son-fusteret-palma-2026.jpg","width":1080,"height":1521,"caption":"hombres g son fusteret palma 2026"},{"@type":"BreadcrumbList","@id":"https:\/\/visitpalma.com\/es\/event\/hombres-g-los-mejores-anos-de-nuestra-vida-palma-2026\/#breadcrumb","itemListElement":[{"@type":"ListItem","position":1,"name":"Inicio","item":"https:\/\/visitpalma.com\/es\/"},{"@type":"ListItem","position":2,"name":"Eventos","item":"https:\/\/visitpalma.com\/es\/events\/"},{"@type":"ListItem","position":3,"name":"HOMBRES G [LOS MEJORES A\u00d1OS DE NUESTRA VIDA] &#8211; PALMA 2026"}]},{"@type":"WebSite","@id":"https:\/\/visitpalma.com\/es\/#website","url":"https:\/\/visitpalma.com\/es\/","name":"Visit Palma","description":"","publisher":{"@id":"https:\/\/visitpalma.com\/es\/#organization"},"potentialAction":[{"@type":"SearchAction","target":{"@type":"EntryPoint","urlTemplate":"https:\/\/visitpalma.com\/es\/?s={search_term_string}"},"query-input":{"@type":"PropertyValueSpecification","valueRequired":true,"valueName":"search_term_string"}}],"inLanguage":"es"},{"@type":"Organization","@id":"https:\/\/visitpalma.com\/es\/#organization","name":"Fundaci\u00f3n Turismo Palma de Mallorca 365","url":"https:\/\/visitpalma.com\/es\/","logo":{"@type":"ImageObject","inLanguage":"es","@id":"https:\/\/visitpalma.com\/es\/#\/schema\/logo\/image\/","url":"https:\/\/visitpalma.com\/wp-content\/uploads\/2025\/05\/Logo-Passion-for-Palma-de-Mallorca.svg","contentUrl":"https:\/\/visitpalma.com\/wp-content\/uploads\/2025\/05\/Logo-Passion-for-Palma-de-Mallorca.svg","width":377,"height":377,"caption":"Fundaci\u00f3n Turismo Palma de Mallorca 365"},"image":{"@id":"https:\/\/visitpalma.com\/es\/#\/schema\/logo\/image\/"},"sameAs":["https:\/\/www.facebook.com\/passionforpalma","https:\/\/x.com\/passionforpalma","https:\/\/www.instagram.com\/passionforpalma_\/","https:\/\/www.youtube.com\/channel\/UCALF2N1FRnmAZYBttkQjedA"]}]}},"_links":{"self":[{"href":"https:\/\/visitpalma.com\/es\/wp-json\/wp\/v2\/tribe_events\/19470","targetHints":{"allow":["GET"]}}],"collection":[{"href":"https:\/\/visitpalma.com\/es\/wp-json\/wp\/v2\/tribe_events"}],"about":[{"href":"https:\/\/visitpalma.com\/es\/wp-json\/wp\/v2\/types\/tribe_events"}],"author":[{"embeddable":true,"href":"https:\/\/visitpalma.com\/es\/wp-json\/wp\/v2\/users\/4"}],"version-history":[{"count":1,"href":"https:\/\/visitpalma.com\/es\/wp-json\/wp\/v2\/tribe_events\/19470\/revisions"}],"predecessor-version":[{"id":19472,"href":"https:\/\/visitpalma.com\/es\/wp-json\/wp\/v2\/tribe_events\/19470\/revisions\/19472"}],"wp:featuredmedia":[{"embeddable":true,"href":"https:\/\/visitpalma.com\/es\/wp-json\/wp\/v2\/media\/19471"}],"wp:attachment":[{"href":"https:\/\/visitpalma.com\/es\/wp-json\/wp\/v2\/media?parent=19470"}],"wp:term":[{"taxonomy":"post_tag","embeddable":true,"href":"https:\/\/visitpalma.com\/es\/wp-json\/wp\/v2\/tags?post=19470"},{"taxonomy":"tribe_events_cat","embeddable":true,"href":"https:\/\/visitpalma.com\/es\/wp-json\/wp\/v2\/tribe_events_cat?post=19470"}],"curies":[{"name":"wp","href":"https:\/\/api.w.org\/{rel}","templated":true}]}}