{"id":18884,"date":"2025-12-01T13:50:44","date_gmt":"2025-12-01T12:50:44","guid":{"rendered":"https:\/\/visitpalma.com\/?post_type=tribe_events&#038;p=18884"},"modified":"2025-12-01T13:50:44","modified_gmt":"2025-12-01T12:50:44","slug":"matines-de-navidad-el-canto-de-la-sibila","status":"publish","type":"tribe_events","link":"https:\/\/visitpalma.com\/es\/event\/matines-de-navidad-el-canto-de-la-sibila\/","title":{"rendered":"Matines de Navidad &#8211; El Canto de la Sibila"},"content":{"rendered":"<p data-start=\"387\" data-end=\"761\">La Nochebuena en Palma tiene un brillo especial gracias a los <strong data-start=\"449\" data-end=\"471\">Matines de Navidad<\/strong>, una de las celebraciones m\u00e1s emblem\u00e1ticas y esperadas del calendario mallorqu\u00edn. Cada 24 de diciembre, la Catedral de Mallorca se convierte en escenario de un ritual lleno de historia, m\u00fasica y espiritualidad que atrae tanto a residentes como a visitantes fascinados por la cultura local.<\/p>\n<p data-start=\"763\" data-end=\"962\">Entre los momentos m\u00e1s destacados de los Matines se encuentra el <strong data-start=\"828\" data-end=\"850\">Canto de la Sibila<\/strong>, una joya del patrimonio mallorqu\u00edn declarada <em data-start=\"897\" data-end=\"959\">Patrimonio Cultural Inmaterial de la Humanidad por la UNESCO<\/em>.<\/p>\n<p data-start=\"964\" data-end=\"1301\">Este canto medieval, de melod\u00eda gregoriana, evoca una antigua profec\u00eda y es interpretado por un joven vestido con t\u00fanica y capa, portando una espada mientras entona un texto solemne que resuena con fuerza en la nave g\u00f3tica. Su atm\u00f3sfera es tan intensa y emotiva que quienes lo escuchan por primera vez quedan profundamente impresionados.<\/p>\n<p data-start=\"1303\" data-end=\"1623\">Asistir a los Matines de Navidad es una oportunidad \u00fanica para vivir una tradici\u00f3n que se ha conservado durante siglos y que sigue emocionando generaci\u00f3n tras generaci\u00f3n. La combinaci\u00f3n de liturgia, m\u00fasica y la espectacular arquitectura de la Catedral crea una experiencia navide\u00f1a aut\u00e9ntica y profundamente mallorquina.<\/p>\n<p data-start=\"1625\" data-end=\"1766\">Si visitas Palma en estas fechas, no te puedes perder esta celebraci\u00f3n: una verdadera inmersi\u00f3n en la cultura y la espiritualidad de la isla.<\/p>\n","protected":false},"excerpt":{"rendered":"<p>La Nochebuena en Palma tiene un brillo especial gracias a los Matines de Navidad, una de las celebraciones m\u00e1s emblem\u00e1ticas y esperadas del calendario mallorqu\u00edn. Cada 24 de diciembre, la [&hellip;]<\/p>\n","protected":false},"author":4,"featured_media":18885,"template":"","meta":{"_monsterinsights_skip_tracking":false,"_monsterinsights_sitenote_active":false,"_monsterinsights_sitenote_note":"","_monsterinsights_sitenote_category":0,"_tribe_events_status":"","_tribe_events_status_reason":"","footnotes":""},"tags":[],"tribe_events_cat":[149],"class_list":["post-18884","tribe_events","type-tribe_events","status-publish","has-post-thumbnail","hentry","tribe_events_cat-fiestas-tradiciones","cat_fiestas-tradiciones"],"yoast_head":"<!-- This site is optimized with the Yoast SEO plugin v27.5 - https:\/\/yoast.com\/product\/yoast-seo-wordpress\/ -->\n<title>Matines de Navidad 2025 en la Catedral de Mallorca<\/title>\n<meta name=\"description\" content=\"Vive una Nochebuena \u00fanica en Mallorca con los Matines 2025 en la Catedral: misa de medianoche, Canto de la Sibila y ambiente navide\u00f1o inolvidable.\" \/>\n<meta name=\"robots\" content=\"index, follow, max-snippet:-1, max-image-preview:large, max-video-preview:-1\" \/>\n<link rel=\"canonical\" href=\"https:\/\/visitpalma.com\/es\/event\/matines-de-navidad-el-canto-de-la-sibila\/\" \/>\n<meta property=\"og:locale\" content=\"es_ES\" \/>\n<meta property=\"og:type\" content=\"article\" \/>\n<meta property=\"og:title\" content=\"Matines de Navidad 2025 en la Catedral de Mallorca\" \/>\n<meta property=\"og:description\" content=\"Vive una Nochebuena \u00fanica en Mallorca con los Matines 2025 en la Catedral: misa de medianoche, Canto de la Sibila y ambiente navide\u00f1o inolvidable.\" \/>\n<meta property=\"og:url\" content=\"https:\/\/visitpalma.com\/es\/event\/matines-de-navidad-el-canto-de-la-sibila\/\" \/>\n<meta property=\"og:site_name\" content=\"Visit Palma\" \/>\n<meta property=\"article:publisher\" content=\"https:\/\/www.facebook.com\/passionforpalma\" \/>\n<meta property=\"og:image\" content=\"https:\/\/visitpalma.com\/wp-content\/uploads\/2025\/12\/12-25-hmatines-es.jpg.webp\" \/>\n\t<meta property=\"og:image:width\" content=\"600\" \/>\n\t<meta property=\"og:image:height\" content=\"750\" \/>\n\t<meta property=\"og:image:type\" content=\"image\/webp\" \/>\n<meta name=\"twitter:card\" content=\"summary_large_image\" \/>\n<meta name=\"twitter:site\" content=\"@passionforpalma\" \/>\n<meta name=\"twitter:label1\" content=\"Tiempo de lectura\" \/>\n\t<meta name=\"twitter:data1\" content=\"2 minutos\" \/>\n<script type=\"application\/ld+json\" class=\"yoast-schema-graph\">{\"@context\":\"https:\\\/\\\/schema.org\",\"@graph\":[{\"@type\":\"WebPage\",\"@id\":\"https:\\\/\\\/visitpalma.com\\\/es\\\/event\\\/matines-de-navidad-el-canto-de-la-sibila\\\/\",\"url\":\"https:\\\/\\\/visitpalma.com\\\/es\\\/event\\\/matines-de-navidad-el-canto-de-la-sibila\\\/\",\"name\":\"Matines de Navidad 2025 en la Catedral de Mallorca\",\"isPartOf\":{\"@id\":\"https:\\\/\\\/visitpalma.com\\\/es\\\/#website\"},\"primaryImageOfPage\":{\"@id\":\"https:\\\/\\\/visitpalma.com\\\/es\\\/event\\\/matines-de-navidad-el-canto-de-la-sibila\\\/#primaryimage\"},\"image\":{\"@id\":\"https:\\\/\\\/visitpalma.com\\\/es\\\/event\\\/matines-de-navidad-el-canto-de-la-sibila\\\/#primaryimage\"},\"thumbnailUrl\":\"https:\\\/\\\/visitpalma.com\\\/wp-content\\\/uploads\\\/2025\\\/12\\\/12-25-hmatines-es.jpg.webp\",\"datePublished\":\"2025-12-01T12:50:44+00:00\",\"description\":\"Vive una Nochebuena \u00fanica en Mallorca con los Matines 2025 en la Catedral: misa de medianoche, Canto de la Sibila y ambiente navide\u00f1o inolvidable.\",\"breadcrumb\":{\"@id\":\"https:\\\/\\\/visitpalma.com\\\/es\\\/event\\\/matines-de-navidad-el-canto-de-la-sibila\\\/#breadcrumb\"},\"inLanguage\":\"es\",\"potentialAction\":[{\"@type\":\"ReadAction\",\"target\":[\"https:\\\/\\\/visitpalma.com\\\/es\\\/event\\\/matines-de-navidad-el-canto-de-la-sibila\\\/\"]}]},{\"@type\":\"ImageObject\",\"inLanguage\":\"es\",\"@id\":\"https:\\\/\\\/visitpalma.com\\\/es\\\/event\\\/matines-de-navidad-el-canto-de-la-sibila\\\/#primaryimage\",\"url\":\"https:\\\/\\\/visitpalma.com\\\/wp-content\\\/uploads\\\/2025\\\/12\\\/12-25-hmatines-es.jpg.webp\",\"contentUrl\":\"https:\\\/\\\/visitpalma.com\\\/wp-content\\\/uploads\\\/2025\\\/12\\\/12-25-hmatines-es.jpg.webp\",\"width\":600,\"height\":750,\"caption\":\"Matines de Navidad 2025\"},{\"@type\":\"BreadcrumbList\",\"@id\":\"https:\\\/\\\/visitpalma.com\\\/es\\\/event\\\/matines-de-navidad-el-canto-de-la-sibila\\\/#breadcrumb\",\"itemListElement\":[{\"@type\":\"ListItem\",\"position\":1,\"name\":\"Inicio\",\"item\":\"https:\\\/\\\/visitpalma.com\\\/es\\\/\"},{\"@type\":\"ListItem\",\"position\":2,\"name\":\"Eventos\",\"item\":\"https:\\\/\\\/visitpalma.com\\\/es\\\/events\\\/\"},{\"@type\":\"ListItem\",\"position\":3,\"name\":\"Matines de Navidad &#8211; El Canto de la Sibila\"}]},{\"@type\":\"WebSite\",\"@id\":\"https:\\\/\\\/visitpalma.com\\\/es\\\/#website\",\"url\":\"https:\\\/\\\/visitpalma.com\\\/es\\\/\",\"name\":\"Visit Palma\",\"description\":\"\",\"publisher\":{\"@id\":\"https:\\\/\\\/visitpalma.com\\\/es\\\/#organization\"},\"potentialAction\":[{\"@type\":\"SearchAction\",\"target\":{\"@type\":\"EntryPoint\",\"urlTemplate\":\"https:\\\/\\\/visitpalma.com\\\/es\\\/?s={search_term_string}\"},\"query-input\":{\"@type\":\"PropertyValueSpecification\",\"valueRequired\":true,\"valueName\":\"search_term_string\"}}],\"inLanguage\":\"es\"},{\"@type\":\"Organization\",\"@id\":\"https:\\\/\\\/visitpalma.com\\\/es\\\/#organization\",\"name\":\"Fundaci\u00f3n Turismo Palma de Mallorca 365\",\"url\":\"https:\\\/\\\/visitpalma.com\\\/es\\\/\",\"logo\":{\"@type\":\"ImageObject\",\"inLanguage\":\"es\",\"@id\":\"https:\\\/\\\/visitpalma.com\\\/es\\\/#\\\/schema\\\/logo\\\/image\\\/\",\"url\":\"https:\\\/\\\/visitpalma.com\\\/wp-content\\\/uploads\\\/2025\\\/05\\\/Logo-Passion-for-Palma-de-Mallorca.svg\",\"contentUrl\":\"https:\\\/\\\/visitpalma.com\\\/wp-content\\\/uploads\\\/2025\\\/05\\\/Logo-Passion-for-Palma-de-Mallorca.svg\",\"width\":377,\"height\":377,\"caption\":\"Fundaci\u00f3n Turismo Palma de Mallorca 365\"},\"image\":{\"@id\":\"https:\\\/\\\/visitpalma.com\\\/es\\\/#\\\/schema\\\/logo\\\/image\\\/\"},\"sameAs\":[\"https:\\\/\\\/www.facebook.com\\\/passionforpalma\",\"https:\\\/\\\/x.com\\\/passionforpalma\",\"https:\\\/\\\/www.instagram.com\\\/passionforpalma_\\\/\",\"https:\\\/\\\/www.youtube.com\\\/channel\\\/UCALF2N1FRnmAZYBttkQjedA\"]}]}<\/script>\n<!-- \/ Yoast SEO plugin. -->","yoast_head_json":{"title":"Matines de Navidad 2025 en la Catedral de Mallorca","description":"Vive una Nochebuena \u00fanica en Mallorca con los Matines 2025 en la Catedral: misa de medianoche, Canto de la Sibila y ambiente navide\u00f1o inolvidable.","robots":{"index":"index","follow":"follow","max-snippet":"max-snippet:-1","max-image-preview":"max-image-preview:large","max-video-preview":"max-video-preview:-1"},"canonical":"https:\/\/visitpalma.com\/es\/event\/matines-de-navidad-el-canto-de-la-sibila\/","og_locale":"es_ES","og_type":"article","og_title":"Matines de Navidad 2025 en la Catedral de Mallorca","og_description":"Vive una Nochebuena \u00fanica en Mallorca con los Matines 2025 en la Catedral: misa de medianoche, Canto de la Sibila y ambiente navide\u00f1o inolvidable.","og_url":"https:\/\/visitpalma.com\/es\/event\/matines-de-navidad-el-canto-de-la-sibila\/","og_site_name":"Visit Palma","article_publisher":"https:\/\/www.facebook.com\/passionforpalma","og_image":[{"width":600,"height":750,"url":"https:\/\/visitpalma.com\/wp-content\/uploads\/2025\/12\/12-25-hmatines-es.jpg.webp","type":"image\/webp"}],"twitter_card":"summary_large_image","twitter_site":"@passionforpalma","twitter_misc":{"Tiempo de lectura":"2 minutos"},"schema":{"@context":"https:\/\/schema.org","@graph":[{"@type":"WebPage","@id":"https:\/\/visitpalma.com\/es\/event\/matines-de-navidad-el-canto-de-la-sibila\/","url":"https:\/\/visitpalma.com\/es\/event\/matines-de-navidad-el-canto-de-la-sibila\/","name":"Matines de Navidad 2025 en la Catedral de Mallorca","isPartOf":{"@id":"https:\/\/visitpalma.com\/es\/#website"},"primaryImageOfPage":{"@id":"https:\/\/visitpalma.com\/es\/event\/matines-de-navidad-el-canto-de-la-sibila\/#primaryimage"},"image":{"@id":"https:\/\/visitpalma.com\/es\/event\/matines-de-navidad-el-canto-de-la-sibila\/#primaryimage"},"thumbnailUrl":"https:\/\/visitpalma.com\/wp-content\/uploads\/2025\/12\/12-25-hmatines-es.jpg.webp","datePublished":"2025-12-01T12:50:44+00:00","description":"Vive una Nochebuena \u00fanica en Mallorca con los Matines 2025 en la Catedral: misa de medianoche, Canto de la Sibila y ambiente navide\u00f1o inolvidable.","breadcrumb":{"@id":"https:\/\/visitpalma.com\/es\/event\/matines-de-navidad-el-canto-de-la-sibila\/#breadcrumb"},"inLanguage":"es","potentialAction":[{"@type":"ReadAction","target":["https:\/\/visitpalma.com\/es\/event\/matines-de-navidad-el-canto-de-la-sibila\/"]}]},{"@type":"ImageObject","inLanguage":"es","@id":"https:\/\/visitpalma.com\/es\/event\/matines-de-navidad-el-canto-de-la-sibila\/#primaryimage","url":"https:\/\/visitpalma.com\/wp-content\/uploads\/2025\/12\/12-25-hmatines-es.jpg.webp","contentUrl":"https:\/\/visitpalma.com\/wp-content\/uploads\/2025\/12\/12-25-hmatines-es.jpg.webp","width":600,"height":750,"caption":"Matines de Navidad 2025"},{"@type":"BreadcrumbList","@id":"https:\/\/visitpalma.com\/es\/event\/matines-de-navidad-el-canto-de-la-sibila\/#breadcrumb","itemListElement":[{"@type":"ListItem","position":1,"name":"Inicio","item":"https:\/\/visitpalma.com\/es\/"},{"@type":"ListItem","position":2,"name":"Eventos","item":"https:\/\/visitpalma.com\/es\/events\/"},{"@type":"ListItem","position":3,"name":"Matines de Navidad &#8211; El Canto de la Sibila"}]},{"@type":"WebSite","@id":"https:\/\/visitpalma.com\/es\/#website","url":"https:\/\/visitpalma.com\/es\/","name":"Visit Palma","description":"","publisher":{"@id":"https:\/\/visitpalma.com\/es\/#organization"},"potentialAction":[{"@type":"SearchAction","target":{"@type":"EntryPoint","urlTemplate":"https:\/\/visitpalma.com\/es\/?s={search_term_string}"},"query-input":{"@type":"PropertyValueSpecification","valueRequired":true,"valueName":"search_term_string"}}],"inLanguage":"es"},{"@type":"Organization","@id":"https:\/\/visitpalma.com\/es\/#organization","name":"Fundaci\u00f3n Turismo Palma de Mallorca 365","url":"https:\/\/visitpalma.com\/es\/","logo":{"@type":"ImageObject","inLanguage":"es","@id":"https:\/\/visitpalma.com\/es\/#\/schema\/logo\/image\/","url":"https:\/\/visitpalma.com\/wp-content\/uploads\/2025\/05\/Logo-Passion-for-Palma-de-Mallorca.svg","contentUrl":"https:\/\/visitpalma.com\/wp-content\/uploads\/2025\/05\/Logo-Passion-for-Palma-de-Mallorca.svg","width":377,"height":377,"caption":"Fundaci\u00f3n Turismo Palma de Mallorca 365"},"image":{"@id":"https:\/\/visitpalma.com\/es\/#\/schema\/logo\/image\/"},"sameAs":["https:\/\/www.facebook.com\/passionforpalma","https:\/\/x.com\/passionforpalma","https:\/\/www.instagram.com\/passionforpalma_\/","https:\/\/www.youtube.com\/channel\/UCALF2N1FRnmAZYBttkQjedA"]}]}},"_links":{"self":[{"href":"https:\/\/visitpalma.com\/es\/wp-json\/wp\/v2\/tribe_events\/18884","targetHints":{"allow":["GET"]}}],"collection":[{"href":"https:\/\/visitpalma.com\/es\/wp-json\/wp\/v2\/tribe_events"}],"about":[{"href":"https:\/\/visitpalma.com\/es\/wp-json\/wp\/v2\/types\/tribe_events"}],"author":[{"embeddable":true,"href":"https:\/\/visitpalma.com\/es\/wp-json\/wp\/v2\/users\/4"}],"version-history":[{"count":1,"href":"https:\/\/visitpalma.com\/es\/wp-json\/wp\/v2\/tribe_events\/18884\/revisions"}],"predecessor-version":[{"id":18887,"href":"https:\/\/visitpalma.com\/es\/wp-json\/wp\/v2\/tribe_events\/18884\/revisions\/18887"}],"wp:featuredmedia":[{"embeddable":true,"href":"https:\/\/visitpalma.com\/es\/wp-json\/wp\/v2\/media\/18885"}],"wp:attachment":[{"href":"https:\/\/visitpalma.com\/es\/wp-json\/wp\/v2\/media?parent=18884"}],"wp:term":[{"taxonomy":"post_tag","embeddable":true,"href":"https:\/\/visitpalma.com\/es\/wp-json\/wp\/v2\/tags?post=18884"},{"taxonomy":"tribe_events_cat","embeddable":true,"href":"https:\/\/visitpalma.com\/es\/wp-json\/wp\/v2\/tribe_events_cat?post=18884"}],"curies":[{"name":"wp","href":"https:\/\/api.w.org\/{rel}","templated":true}]}}