{"id":15429,"date":"2025-07-24T12:26:57","date_gmt":"2025-07-24T10:26:57","guid":{"rendered":"https:\/\/visitpalma.com\/?post_type=tribe_events&#038;p=15429"},"modified":"2025-07-24T12:26:57","modified_gmt":"2025-07-24T10:26:57","slug":"cuentacuentos-en-el-bibliojardi","status":"publish","type":"tribe_events","link":"https:\/\/visitpalma.com\/es\/event\/cuentacuentos-en-el-bibliojardi\/","title":{"rendered":"Cuentacuentos en el Bibliojard\u00ed"},"content":{"rendered":"<p data-start=\"172\" data-end=\"313\">Cuando el verano calienta, \u00a1la Biblioteca de Cultura Artesana se traslada al jard\u00edn para llenar las tardes de magia e historias inolvidables!<\/p>\n<p data-start=\"315\" data-end=\"543\">Esta edici\u00f3n llega con una fant\u00e1stica programaci\u00f3n de cuentacuentos para toda la familia, con teatro, m\u00fasica y humor de la mano de Espill Teatre. \u00a1Una oportunidad perfecta para re\u00edr, imaginar y compartir aventuras al aire libre!<\/p>\n<p data-start=\"545\" data-end=\"658\">Las sesiones se celebran en el jard\u00edn de la Miseric\u00f2rdia, dos jueves al mes, del 12 de junio al 18 de septiembre.<\/p>\n<p data-start=\"660\" data-end=\"830\">Hora: 18:30 h<br data-start=\"676\" data-end=\"679\" \/>Lugar: Jard\u00edn de la Miseric\u00f2rdia<br data-start=\"714\" data-end=\"717\" \/>Edad recomendada: a partir de 4 a\u00f1os<br data-start=\"756\" data-end=\"759\" \/>Duraci\u00f3n: aprox. 60 minutos<br data-start=\"788\" data-end=\"791\" \/>Entrada libre sin inscripci\u00f3n previa<\/p>\n<p data-start=\"832\" data-end=\"849\"><strong data-start=\"832\" data-end=\"849\">Programaci\u00f3n:<\/strong><\/p>\n<ul data-start=\"850\" data-end=\"1270\">\n<li data-start=\"850\" data-end=\"884\">\n<p data-start=\"852\" data-end=\"884\">12 junio \u2013 <em data-start=\"863\" data-end=\"882\">Festa a la gelera<\/em><\/p>\n<\/li>\n<li data-start=\"885\" data-end=\"944\">\n<p data-start=\"887\" data-end=\"944\">26 junio \u2013 <em data-start=\"898\" data-end=\"920\">Rondalletes M\u00e0giques<\/em>, con sa Jaia Riallera<\/p>\n<\/li>\n<li data-start=\"945\" data-end=\"1003\">\n<p data-start=\"947\" data-end=\"1003\">10 julio \u2013 <em data-start=\"958\" data-end=\"1001\">Ada, la nina que xerrava amb les m\u00e0quines<\/em><\/p>\n<\/li>\n<li data-start=\"1004\" data-end=\"1054\">\n<p data-start=\"1006\" data-end=\"1054\">24 julio \u2013 <em data-start=\"1017\" data-end=\"1052\">El drac que va perdre el somriure<\/em><\/p>\n<\/li>\n<li data-start=\"1055\" data-end=\"1128\">\n<p data-start=\"1057\" data-end=\"1128\">7 agosto \u2013 <em data-start=\"1068\" data-end=\"1104\">Rondalletes de B\u00e8sties i Bestioles<\/em>, con sa Jaia Riallera<\/p>\n<\/li>\n<li data-start=\"1129\" data-end=\"1186\">\n<p data-start=\"1131\" data-end=\"1186\">21 agosto \u2013 <em data-start=\"1143\" data-end=\"1184\">Contemites: Orfeu i el joc de les muses<\/em><\/p>\n<\/li>\n<li data-start=\"1187\" data-end=\"1225\">\n<p data-start=\"1189\" data-end=\"1225\">4 septiembre \u2013 <em data-start=\"1204\" data-end=\"1223\">Els dol\u00e7os m\u00e0gics<\/em><\/p>\n<\/li>\n<li data-start=\"1226\" data-end=\"1270\">\n<p data-start=\"1228\" data-end=\"1270\">18 septiembre \u2013 <em data-start=\"1244\" data-end=\"1270\">La Caixa de les Espurnes<\/em><\/p>\n<\/li>\n<\/ul>\n","protected":false},"excerpt":{"rendered":"<p>Cuando el verano calienta, \u00a1la Biblioteca de Cultura Artesana se traslada al jard\u00edn para llenar las tardes de magia e historias inolvidables! Esta edici\u00f3n llega con una fant\u00e1stica programaci\u00f3n de [&hellip;]<\/p>\n","protected":false},"author":4,"featured_media":15430,"template":"","meta":{"_monsterinsights_skip_tracking":false,"_monsterinsights_sitenote_active":false,"_monsterinsights_sitenote_note":"","_monsterinsights_sitenote_category":0,"_tribe_events_status":"","_tribe_events_status_reason":"","footnotes":""},"tags":[],"tribe_events_cat":[151],"class_list":["post-15429","tribe_events","type-tribe_events","status-publish","has-post-thumbnail","hentry","tribe_events_cat-infantil","cat_infantil"],"yoast_head":"<!-- This site is optimized with the Yoast SEO plugin v27.4 - https:\/\/yoast.com\/product\/yoast-seo-wordpress\/ -->\n<title>Cuentacuentos en Bibliojard\u00ed en el Jard\u00edn de la Miseric\u00f2rdia<\/title>\n<meta name=\"description\" content=\"Disfruta de cuentacuentos gratuitos en el Jard\u00edn de la Miseric\u00f2rdia, jueves 18:30\u201319:30 del 12 jun al 18 sept. Magia, m\u00fasica y teatro para 4\u202fa\u00f1os+.\" \/>\n<meta name=\"robots\" content=\"index, follow, max-snippet:-1, max-image-preview:large, max-video-preview:-1\" \/>\n<link rel=\"canonical\" href=\"https:\/\/visitpalma.com\/es\/event\/cuentacuentos-en-el-bibliojardi\/\" \/>\n<meta property=\"og:locale\" content=\"es_ES\" \/>\n<meta property=\"og:type\" content=\"article\" \/>\n<meta property=\"og:title\" content=\"Cuentacuentos en Bibliojard\u00ed en el Jard\u00edn de la Miseric\u00f2rdia\" \/>\n<meta property=\"og:description\" content=\"Disfruta de cuentacuentos gratuitos en el Jard\u00edn de la Miseric\u00f2rdia, jueves 18:30\u201319:30 del 12 jun al 18 sept. Magia, m\u00fasica y teatro para 4\u202fa\u00f1os+.\" \/>\n<meta property=\"og:url\" content=\"https:\/\/visitpalma.com\/es\/event\/cuentacuentos-en-el-bibliojardi\/\" \/>\n<meta property=\"og:site_name\" content=\"Visit Palma\" \/>\n<meta property=\"article:publisher\" content=\"https:\/\/www.facebook.com\/passionforpalma\" \/>\n<meta property=\"og:image\" content=\"https:\/\/visitpalma.com\/wp-content\/uploads\/2025\/07\/Cuentacuentos-Bibliojardi-Palma1.jpg\" \/>\n\t<meta property=\"og:image:width\" content=\"1200\" \/>\n\t<meta property=\"og:image:height\" content=\"900\" \/>\n\t<meta property=\"og:image:type\" content=\"image\/jpeg\" \/>\n<meta name=\"twitter:card\" content=\"summary_large_image\" \/>\n<meta name=\"twitter:site\" content=\"@passionforpalma\" \/>\n<meta name=\"twitter:label1\" content=\"Tiempo de lectura\" \/>\n\t<meta name=\"twitter:data1\" content=\"1 minuto\" \/>\n<script type=\"application\/ld+json\" class=\"yoast-schema-graph\">{\"@context\":\"https:\\\/\\\/schema.org\",\"@graph\":[{\"@type\":\"WebPage\",\"@id\":\"https:\\\/\\\/visitpalma.com\\\/es\\\/event\\\/cuentacuentos-en-el-bibliojardi\\\/\",\"url\":\"https:\\\/\\\/visitpalma.com\\\/es\\\/event\\\/cuentacuentos-en-el-bibliojardi\\\/\",\"name\":\"Cuentacuentos en Bibliojard\u00ed en el Jard\u00edn de la Miseric\u00f2rdia\",\"isPartOf\":{\"@id\":\"https:\\\/\\\/visitpalma.com\\\/es\\\/#website\"},\"primaryImageOfPage\":{\"@id\":\"https:\\\/\\\/visitpalma.com\\\/es\\\/event\\\/cuentacuentos-en-el-bibliojardi\\\/#primaryimage\"},\"image\":{\"@id\":\"https:\\\/\\\/visitpalma.com\\\/es\\\/event\\\/cuentacuentos-en-el-bibliojardi\\\/#primaryimage\"},\"thumbnailUrl\":\"https:\\\/\\\/visitpalma.com\\\/wp-content\\\/uploads\\\/2025\\\/07\\\/Cuentacuentos-Bibliojardi-Palma1.jpg\",\"datePublished\":\"2025-07-24T10:26:57+00:00\",\"description\":\"Disfruta de cuentacuentos gratuitos en el Jard\u00edn de la Miseric\u00f2rdia, jueves 18:30\u201319:30 del 12 jun al 18 sept. Magia, m\u00fasica y teatro para 4\u202fa\u00f1os+.\",\"breadcrumb\":{\"@id\":\"https:\\\/\\\/visitpalma.com\\\/es\\\/event\\\/cuentacuentos-en-el-bibliojardi\\\/#breadcrumb\"},\"inLanguage\":\"es\",\"potentialAction\":[{\"@type\":\"ReadAction\",\"target\":[\"https:\\\/\\\/visitpalma.com\\\/es\\\/event\\\/cuentacuentos-en-el-bibliojardi\\\/\"]}]},{\"@type\":\"ImageObject\",\"inLanguage\":\"es\",\"@id\":\"https:\\\/\\\/visitpalma.com\\\/es\\\/event\\\/cuentacuentos-en-el-bibliojardi\\\/#primaryimage\",\"url\":\"https:\\\/\\\/visitpalma.com\\\/wp-content\\\/uploads\\\/2025\\\/07\\\/Cuentacuentos-Bibliojardi-Palma1.jpg\",\"contentUrl\":\"https:\\\/\\\/visitpalma.com\\\/wp-content\\\/uploads\\\/2025\\\/07\\\/Cuentacuentos-Bibliojardi-Palma1.jpg\",\"width\":1200,\"height\":900,\"caption\":\"Cuentacuentos-Bibliojardi-Palma\"},{\"@type\":\"BreadcrumbList\",\"@id\":\"https:\\\/\\\/visitpalma.com\\\/es\\\/event\\\/cuentacuentos-en-el-bibliojardi\\\/#breadcrumb\",\"itemListElement\":[{\"@type\":\"ListItem\",\"position\":1,\"name\":\"Inicio\",\"item\":\"https:\\\/\\\/visitpalma.com\\\/es\\\/\"},{\"@type\":\"ListItem\",\"position\":2,\"name\":\"Eventos\",\"item\":\"https:\\\/\\\/visitpalma.com\\\/es\\\/events\\\/\"},{\"@type\":\"ListItem\",\"position\":3,\"name\":\"Cuentacuentos en el Bibliojard\u00ed\"}]},{\"@type\":\"WebSite\",\"@id\":\"https:\\\/\\\/visitpalma.com\\\/es\\\/#website\",\"url\":\"https:\\\/\\\/visitpalma.com\\\/es\\\/\",\"name\":\"Visit Palma\",\"description\":\"\",\"publisher\":{\"@id\":\"https:\\\/\\\/visitpalma.com\\\/es\\\/#organization\"},\"potentialAction\":[{\"@type\":\"SearchAction\",\"target\":{\"@type\":\"EntryPoint\",\"urlTemplate\":\"https:\\\/\\\/visitpalma.com\\\/es\\\/?s={search_term_string}\"},\"query-input\":{\"@type\":\"PropertyValueSpecification\",\"valueRequired\":true,\"valueName\":\"search_term_string\"}}],\"inLanguage\":\"es\"},{\"@type\":\"Organization\",\"@id\":\"https:\\\/\\\/visitpalma.com\\\/es\\\/#organization\",\"name\":\"Fundaci\u00f3n Turismo Palma de Mallorca 365\",\"url\":\"https:\\\/\\\/visitpalma.com\\\/es\\\/\",\"logo\":{\"@type\":\"ImageObject\",\"inLanguage\":\"es\",\"@id\":\"https:\\\/\\\/visitpalma.com\\\/es\\\/#\\\/schema\\\/logo\\\/image\\\/\",\"url\":\"https:\\\/\\\/visitpalma.com\\\/wp-content\\\/uploads\\\/2025\\\/05\\\/Logo-Passion-for-Palma-de-Mallorca.svg\",\"contentUrl\":\"https:\\\/\\\/visitpalma.com\\\/wp-content\\\/uploads\\\/2025\\\/05\\\/Logo-Passion-for-Palma-de-Mallorca.svg\",\"width\":377,\"height\":377,\"caption\":\"Fundaci\u00f3n Turismo Palma de Mallorca 365\"},\"image\":{\"@id\":\"https:\\\/\\\/visitpalma.com\\\/es\\\/#\\\/schema\\\/logo\\\/image\\\/\"},\"sameAs\":[\"https:\\\/\\\/www.facebook.com\\\/passionforpalma\",\"https:\\\/\\\/x.com\\\/passionforpalma\",\"https:\\\/\\\/www.instagram.com\\\/passionforpalma_\\\/\",\"https:\\\/\\\/www.youtube.com\\\/channel\\\/UCALF2N1FRnmAZYBttkQjedA\"]}]}<\/script>\n<!-- \/ Yoast SEO plugin. -->","yoast_head_json":{"title":"Cuentacuentos en Bibliojard\u00ed en el Jard\u00edn de la Miseric\u00f2rdia","description":"Disfruta de cuentacuentos gratuitos en el Jard\u00edn de la Miseric\u00f2rdia, jueves 18:30\u201319:30 del 12 jun al 18 sept. Magia, m\u00fasica y teatro para 4\u202fa\u00f1os+.","robots":{"index":"index","follow":"follow","max-snippet":"max-snippet:-1","max-image-preview":"max-image-preview:large","max-video-preview":"max-video-preview:-1"},"canonical":"https:\/\/visitpalma.com\/es\/event\/cuentacuentos-en-el-bibliojardi\/","og_locale":"es_ES","og_type":"article","og_title":"Cuentacuentos en Bibliojard\u00ed en el Jard\u00edn de la Miseric\u00f2rdia","og_description":"Disfruta de cuentacuentos gratuitos en el Jard\u00edn de la Miseric\u00f2rdia, jueves 18:30\u201319:30 del 12 jun al 18 sept. Magia, m\u00fasica y teatro para 4\u202fa\u00f1os+.","og_url":"https:\/\/visitpalma.com\/es\/event\/cuentacuentos-en-el-bibliojardi\/","og_site_name":"Visit Palma","article_publisher":"https:\/\/www.facebook.com\/passionforpalma","og_image":[{"width":1200,"height":900,"url":"https:\/\/visitpalma.com\/wp-content\/uploads\/2025\/07\/Cuentacuentos-Bibliojardi-Palma1.jpg","type":"image\/jpeg"}],"twitter_card":"summary_large_image","twitter_site":"@passionforpalma","twitter_misc":{"Tiempo de lectura":"1 minuto"},"schema":{"@context":"https:\/\/schema.org","@graph":[{"@type":"WebPage","@id":"https:\/\/visitpalma.com\/es\/event\/cuentacuentos-en-el-bibliojardi\/","url":"https:\/\/visitpalma.com\/es\/event\/cuentacuentos-en-el-bibliojardi\/","name":"Cuentacuentos en Bibliojard\u00ed en el Jard\u00edn de la Miseric\u00f2rdia","isPartOf":{"@id":"https:\/\/visitpalma.com\/es\/#website"},"primaryImageOfPage":{"@id":"https:\/\/visitpalma.com\/es\/event\/cuentacuentos-en-el-bibliojardi\/#primaryimage"},"image":{"@id":"https:\/\/visitpalma.com\/es\/event\/cuentacuentos-en-el-bibliojardi\/#primaryimage"},"thumbnailUrl":"https:\/\/visitpalma.com\/wp-content\/uploads\/2025\/07\/Cuentacuentos-Bibliojardi-Palma1.jpg","datePublished":"2025-07-24T10:26:57+00:00","description":"Disfruta de cuentacuentos gratuitos en el Jard\u00edn de la Miseric\u00f2rdia, jueves 18:30\u201319:30 del 12 jun al 18 sept. Magia, m\u00fasica y teatro para 4\u202fa\u00f1os+.","breadcrumb":{"@id":"https:\/\/visitpalma.com\/es\/event\/cuentacuentos-en-el-bibliojardi\/#breadcrumb"},"inLanguage":"es","potentialAction":[{"@type":"ReadAction","target":["https:\/\/visitpalma.com\/es\/event\/cuentacuentos-en-el-bibliojardi\/"]}]},{"@type":"ImageObject","inLanguage":"es","@id":"https:\/\/visitpalma.com\/es\/event\/cuentacuentos-en-el-bibliojardi\/#primaryimage","url":"https:\/\/visitpalma.com\/wp-content\/uploads\/2025\/07\/Cuentacuentos-Bibliojardi-Palma1.jpg","contentUrl":"https:\/\/visitpalma.com\/wp-content\/uploads\/2025\/07\/Cuentacuentos-Bibliojardi-Palma1.jpg","width":1200,"height":900,"caption":"Cuentacuentos-Bibliojardi-Palma"},{"@type":"BreadcrumbList","@id":"https:\/\/visitpalma.com\/es\/event\/cuentacuentos-en-el-bibliojardi\/#breadcrumb","itemListElement":[{"@type":"ListItem","position":1,"name":"Inicio","item":"https:\/\/visitpalma.com\/es\/"},{"@type":"ListItem","position":2,"name":"Eventos","item":"https:\/\/visitpalma.com\/es\/events\/"},{"@type":"ListItem","position":3,"name":"Cuentacuentos en el Bibliojard\u00ed"}]},{"@type":"WebSite","@id":"https:\/\/visitpalma.com\/es\/#website","url":"https:\/\/visitpalma.com\/es\/","name":"Visit Palma","description":"","publisher":{"@id":"https:\/\/visitpalma.com\/es\/#organization"},"potentialAction":[{"@type":"SearchAction","target":{"@type":"EntryPoint","urlTemplate":"https:\/\/visitpalma.com\/es\/?s={search_term_string}"},"query-input":{"@type":"PropertyValueSpecification","valueRequired":true,"valueName":"search_term_string"}}],"inLanguage":"es"},{"@type":"Organization","@id":"https:\/\/visitpalma.com\/es\/#organization","name":"Fundaci\u00f3n Turismo Palma de Mallorca 365","url":"https:\/\/visitpalma.com\/es\/","logo":{"@type":"ImageObject","inLanguage":"es","@id":"https:\/\/visitpalma.com\/es\/#\/schema\/logo\/image\/","url":"https:\/\/visitpalma.com\/wp-content\/uploads\/2025\/05\/Logo-Passion-for-Palma-de-Mallorca.svg","contentUrl":"https:\/\/visitpalma.com\/wp-content\/uploads\/2025\/05\/Logo-Passion-for-Palma-de-Mallorca.svg","width":377,"height":377,"caption":"Fundaci\u00f3n Turismo Palma de Mallorca 365"},"image":{"@id":"https:\/\/visitpalma.com\/es\/#\/schema\/logo\/image\/"},"sameAs":["https:\/\/www.facebook.com\/passionforpalma","https:\/\/x.com\/passionforpalma","https:\/\/www.instagram.com\/passionforpalma_\/","https:\/\/www.youtube.com\/channel\/UCALF2N1FRnmAZYBttkQjedA"]}]}},"_links":{"self":[{"href":"https:\/\/visitpalma.com\/es\/wp-json\/wp\/v2\/tribe_events\/15429","targetHints":{"allow":["GET"]}}],"collection":[{"href":"https:\/\/visitpalma.com\/es\/wp-json\/wp\/v2\/tribe_events"}],"about":[{"href":"https:\/\/visitpalma.com\/es\/wp-json\/wp\/v2\/types\/tribe_events"}],"author":[{"embeddable":true,"href":"https:\/\/visitpalma.com\/es\/wp-json\/wp\/v2\/users\/4"}],"version-history":[{"count":1,"href":"https:\/\/visitpalma.com\/es\/wp-json\/wp\/v2\/tribe_events\/15429\/revisions"}],"predecessor-version":[{"id":15434,"href":"https:\/\/visitpalma.com\/es\/wp-json\/wp\/v2\/tribe_events\/15429\/revisions\/15434"}],"wp:featuredmedia":[{"embeddable":true,"href":"https:\/\/visitpalma.com\/es\/wp-json\/wp\/v2\/media\/15430"}],"wp:attachment":[{"href":"https:\/\/visitpalma.com\/es\/wp-json\/wp\/v2\/media?parent=15429"}],"wp:term":[{"taxonomy":"post_tag","embeddable":true,"href":"https:\/\/visitpalma.com\/es\/wp-json\/wp\/v2\/tags?post=15429"},{"taxonomy":"tribe_events_cat","embeddable":true,"href":"https:\/\/visitpalma.com\/es\/wp-json\/wp\/v2\/tribe_events_cat?post=15429"}],"curies":[{"name":"wp","href":"https:\/\/api.w.org\/{rel}","templated":true}]}}