{"id":15388,"date":"2025-07-24T10:29:08","date_gmt":"2025-07-24T08:29:08","guid":{"rendered":"https:\/\/visitpalma.com\/?post_type=tribe_events&#038;p=15388"},"modified":"2025-07-24T10:29:08","modified_gmt":"2025-07-24T08:29:08","slug":"misericordia-petit","status":"publish","type":"tribe_events","link":"https:\/\/visitpalma.com\/es\/event\/misericordia-petit\/","title":{"rendered":"Miseric\u00f2rdia petit"},"content":{"rendered":"<p data-start=\"0\" data-end=\"370\"><strong data-start=\"0\" data-end=\"30\">El Miseric\u00f2rdia Petit 2025<\/strong> presenta una serie de actividades y espect\u00e1culos pensados para los m\u00e1s peque\u00f1os y sus familias, llenos de magia, diversi\u00f3n y creatividad. Desde conciertos hasta teatro musical, todos los eventos ofrecen una experiencia \u00fanica para disfrutar en familia. \u00a1No te pierdas esta programaci\u00f3n tan especial! Aqu\u00ed te dejamos la lista de actividades, gratuitas hasta completar aforo y en horario de 19.00h a 20.00 h:<\/p>\n<ul data-start=\"419\" data-end=\"1045\">\n<li data-start=\"419\" data-end=\"466\">\n<p data-start=\"421\" data-end=\"466\"><strong data-start=\"421\" data-end=\"435\">4 de julio<\/strong> &#8211; Concierto de <em data-start=\"451\" data-end=\"464\">Rumba Clown<\/em><\/p>\n<\/li>\n<li data-start=\"467\" data-end=\"530\">\n<p data-start=\"469\" data-end=\"530\"><strong data-start=\"469\" data-end=\"484\">11 de julio<\/strong> &#8211; Cuentacuentos: <em data-start=\"502\" data-end=\"528\">Una can\u00e7\u00f3 per a cada dia<\/em><\/p>\n<\/li>\n<li data-start=\"531\" data-end=\"579\">\n<p data-start=\"533\" data-end=\"579\"><strong data-start=\"533\" data-end=\"548\">18 de julio<\/strong> &#8211; Concierto de <em data-start=\"564\" data-end=\"577\">Tipitipitop<\/em><\/p>\n<\/li>\n<li data-start=\"580\" data-end=\"641\">\n<p data-start=\"582\" data-end=\"641\"><strong data-start=\"582\" data-end=\"597\">25 de julio<\/strong> &#8211; Teatro musical: <em data-start=\"616\" data-end=\"639\">Animalades Submarines<\/em><\/p>\n<\/li>\n<li data-start=\"642\" data-end=\"707\">\n<p data-start=\"644\" data-end=\"707\"><strong data-start=\"644\" data-end=\"659\">1 de agosto<\/strong> &#8211; Cuentacuentos acrob\u00e1tico: <em data-start=\"688\" data-end=\"705\">El nin circaire<\/em><\/p>\n<\/li>\n<li data-start=\"708\" data-end=\"762\">\n<p data-start=\"710\" data-end=\"762\"><strong data-start=\"710\" data-end=\"725\">8 de agosto<\/strong> &#8211; Animaci\u00f3n musical de <em data-start=\"749\" data-end=\"760\">Music Mec<\/em><\/p>\n<\/li>\n<li data-start=\"763\" data-end=\"828\">\n<p data-start=\"765\" data-end=\"828\"><strong data-start=\"765\" data-end=\"781\">15 de agosto<\/strong> &#8211; Cuentacuentos teatralizado: <em data-start=\"812\" data-end=\"826\">Nassos i m\u00e9s<\/em><\/p>\n<\/li>\n<li data-start=\"829\" data-end=\"884\">\n<p data-start=\"831\" data-end=\"884\"><strong data-start=\"831\" data-end=\"847\">22 de agosto<\/strong> &#8211; Animaci\u00f3n infantil: <em data-start=\"870\" data-end=\"882\">M\u00f3n Pirata<\/em><\/p>\n<\/li>\n<li data-start=\"885\" data-end=\"962\">\n<p data-start=\"887\" data-end=\"962\"><strong data-start=\"887\" data-end=\"903\">29 de agosto<\/strong> &#8211; Teatro familiar: <em data-start=\"923\" data-end=\"960\">Xocolata per els dies de mala lluna<\/em><\/p>\n<\/li>\n<li data-start=\"963\" data-end=\"1045\">\n<p data-start=\"965\" data-end=\"1045\"><strong data-start=\"965\" data-end=\"984\">5 de septiembre<\/strong> &#8211; Juegos interactivos y percusi\u00f3n corporal: <em data-start=\"1029\" data-end=\"1043\">Nessy y Lulu<\/em><\/p>\n<\/li>\n<\/ul>\n","protected":false},"excerpt":{"rendered":"<p>El Miseric\u00f2rdia Petit 2025 presenta una serie de actividades y espect\u00e1culos pensados para los m\u00e1s peque\u00f1os y sus familias, llenos de magia, diversi\u00f3n y creatividad. Desde conciertos hasta teatro musical, [&hellip;]<\/p>\n","protected":false},"author":4,"featured_media":15389,"template":"","meta":{"_monsterinsights_skip_tracking":false,"_monsterinsights_sitenote_active":false,"_monsterinsights_sitenote_note":"","_monsterinsights_sitenote_category":0,"_tribe_events_status":"","_tribe_events_status_reason":"","footnotes":""},"tags":[],"tribe_events_cat":[151],"class_list":["post-15388","tribe_events","type-tribe_events","status-publish","has-post-thumbnail","hentry","tribe_events_cat-infantil","cat_infantil"],"yoast_head":"<!-- This site is optimized with the Yoast SEO plugin v27.4 - https:\/\/yoast.com\/product\/yoast-seo-wordpress\/ -->\n<title>Miseric\u00f2rdia Fest 2025 en Palma | Actividades y Concierto<\/title>\n<meta name=\"description\" content=\"Disfruta del Miseric\u00f2rdia Fest 2025 en Palma con una variedad de conciertos y actividades familiares. \u00a1No te lo pierdas este a\u00f1o!\" \/>\n<meta name=\"robots\" content=\"index, follow, max-snippet:-1, max-image-preview:large, max-video-preview:-1\" \/>\n<link rel=\"canonical\" href=\"https:\/\/visitpalma.com\/es\/event\/misericordia-petit\/\" \/>\n<meta property=\"og:locale\" content=\"es_ES\" \/>\n<meta property=\"og:type\" content=\"article\" \/>\n<meta property=\"og:title\" content=\"Miseric\u00f2rdia Fest 2025 en Palma | Actividades y Concierto\" \/>\n<meta property=\"og:description\" content=\"Disfruta del Miseric\u00f2rdia Fest 2025 en Palma con una variedad de conciertos y actividades familiares. \u00a1No te lo pierdas este a\u00f1o!\" \/>\n<meta property=\"og:url\" content=\"https:\/\/visitpalma.com\/es\/event\/misericordia-petit\/\" \/>\n<meta property=\"og:site_name\" content=\"Visit Palma\" \/>\n<meta property=\"article:publisher\" content=\"https:\/\/www.facebook.com\/passionforpalma\" \/>\n<meta property=\"og:image\" content=\"https:\/\/visitpalma.com\/wp-content\/uploads\/2025\/07\/Misericordia-petit-cultura-en-vena1.jpg\" \/>\n\t<meta property=\"og:image:width\" content=\"1200\" \/>\n\t<meta property=\"og:image:height\" content=\"600\" \/>\n\t<meta property=\"og:image:type\" content=\"image\/jpeg\" \/>\n<meta name=\"twitter:card\" content=\"summary_large_image\" \/>\n<meta name=\"twitter:site\" content=\"@passionforpalma\" \/>\n<meta name=\"twitter:label1\" content=\"Tiempo de lectura\" \/>\n\t<meta name=\"twitter:data1\" content=\"1 minuto\" \/>\n<script type=\"application\/ld+json\" class=\"yoast-schema-graph\">{\"@context\":\"https:\\\/\\\/schema.org\",\"@graph\":[{\"@type\":\"WebPage\",\"@id\":\"https:\\\/\\\/visitpalma.com\\\/es\\\/event\\\/misericordia-petit\\\/\",\"url\":\"https:\\\/\\\/visitpalma.com\\\/es\\\/event\\\/misericordia-petit\\\/\",\"name\":\"Miseric\u00f2rdia Fest 2025 en Palma | Actividades y Concierto\",\"isPartOf\":{\"@id\":\"https:\\\/\\\/visitpalma.com\\\/es\\\/#website\"},\"primaryImageOfPage\":{\"@id\":\"https:\\\/\\\/visitpalma.com\\\/es\\\/event\\\/misericordia-petit\\\/#primaryimage\"},\"image\":{\"@id\":\"https:\\\/\\\/visitpalma.com\\\/es\\\/event\\\/misericordia-petit\\\/#primaryimage\"},\"thumbnailUrl\":\"https:\\\/\\\/visitpalma.com\\\/wp-content\\\/uploads\\\/2025\\\/07\\\/Misericordia-petit-cultura-en-vena1.jpg\",\"datePublished\":\"2025-07-24T08:29:08+00:00\",\"description\":\"Disfruta del Miseric\u00f2rdia Fest 2025 en Palma con una variedad de conciertos y actividades familiares. \u00a1No te lo pierdas este a\u00f1o!\",\"breadcrumb\":{\"@id\":\"https:\\\/\\\/visitpalma.com\\\/es\\\/event\\\/misericordia-petit\\\/#breadcrumb\"},\"inLanguage\":\"es\",\"potentialAction\":[{\"@type\":\"ReadAction\",\"target\":[\"https:\\\/\\\/visitpalma.com\\\/es\\\/event\\\/misericordia-petit\\\/\"]}]},{\"@type\":\"ImageObject\",\"inLanguage\":\"es\",\"@id\":\"https:\\\/\\\/visitpalma.com\\\/es\\\/event\\\/misericordia-petit\\\/#primaryimage\",\"url\":\"https:\\\/\\\/visitpalma.com\\\/wp-content\\\/uploads\\\/2025\\\/07\\\/Misericordia-petit-cultura-en-vena1.jpg\",\"contentUrl\":\"https:\\\/\\\/visitpalma.com\\\/wp-content\\\/uploads\\\/2025\\\/07\\\/Misericordia-petit-cultura-en-vena1.jpg\",\"width\":1200,\"height\":600,\"caption\":\"Misericordia petit cultura en vena\"},{\"@type\":\"BreadcrumbList\",\"@id\":\"https:\\\/\\\/visitpalma.com\\\/es\\\/event\\\/misericordia-petit\\\/#breadcrumb\",\"itemListElement\":[{\"@type\":\"ListItem\",\"position\":1,\"name\":\"Inicio\",\"item\":\"https:\\\/\\\/visitpalma.com\\\/es\\\/\"},{\"@type\":\"ListItem\",\"position\":2,\"name\":\"Eventos\",\"item\":\"https:\\\/\\\/visitpalma.com\\\/es\\\/events\\\/\"},{\"@type\":\"ListItem\",\"position\":3,\"name\":\"Miseric\u00f2rdia petit\"}]},{\"@type\":\"WebSite\",\"@id\":\"https:\\\/\\\/visitpalma.com\\\/es\\\/#website\",\"url\":\"https:\\\/\\\/visitpalma.com\\\/es\\\/\",\"name\":\"Visit Palma\",\"description\":\"\",\"publisher\":{\"@id\":\"https:\\\/\\\/visitpalma.com\\\/es\\\/#organization\"},\"potentialAction\":[{\"@type\":\"SearchAction\",\"target\":{\"@type\":\"EntryPoint\",\"urlTemplate\":\"https:\\\/\\\/visitpalma.com\\\/es\\\/?s={search_term_string}\"},\"query-input\":{\"@type\":\"PropertyValueSpecification\",\"valueRequired\":true,\"valueName\":\"search_term_string\"}}],\"inLanguage\":\"es\"},{\"@type\":\"Organization\",\"@id\":\"https:\\\/\\\/visitpalma.com\\\/es\\\/#organization\",\"name\":\"Fundaci\u00f3n Turismo Palma de Mallorca 365\",\"url\":\"https:\\\/\\\/visitpalma.com\\\/es\\\/\",\"logo\":{\"@type\":\"ImageObject\",\"inLanguage\":\"es\",\"@id\":\"https:\\\/\\\/visitpalma.com\\\/es\\\/#\\\/schema\\\/logo\\\/image\\\/\",\"url\":\"https:\\\/\\\/visitpalma.com\\\/wp-content\\\/uploads\\\/2025\\\/05\\\/Logo-Passion-for-Palma-de-Mallorca.svg\",\"contentUrl\":\"https:\\\/\\\/visitpalma.com\\\/wp-content\\\/uploads\\\/2025\\\/05\\\/Logo-Passion-for-Palma-de-Mallorca.svg\",\"width\":377,\"height\":377,\"caption\":\"Fundaci\u00f3n Turismo Palma de Mallorca 365\"},\"image\":{\"@id\":\"https:\\\/\\\/visitpalma.com\\\/es\\\/#\\\/schema\\\/logo\\\/image\\\/\"},\"sameAs\":[\"https:\\\/\\\/www.facebook.com\\\/passionforpalma\",\"https:\\\/\\\/x.com\\\/passionforpalma\",\"https:\\\/\\\/www.instagram.com\\\/passionforpalma_\\\/\",\"https:\\\/\\\/www.youtube.com\\\/channel\\\/UCALF2N1FRnmAZYBttkQjedA\"]}]}<\/script>\n<!-- \/ Yoast SEO plugin. -->","yoast_head_json":{"title":"Miseric\u00f2rdia Fest 2025 en Palma | Actividades y Concierto","description":"Disfruta del Miseric\u00f2rdia Fest 2025 en Palma con una variedad de conciertos y actividades familiares. \u00a1No te lo pierdas este a\u00f1o!","robots":{"index":"index","follow":"follow","max-snippet":"max-snippet:-1","max-image-preview":"max-image-preview:large","max-video-preview":"max-video-preview:-1"},"canonical":"https:\/\/visitpalma.com\/es\/event\/misericordia-petit\/","og_locale":"es_ES","og_type":"article","og_title":"Miseric\u00f2rdia Fest 2025 en Palma | Actividades y Concierto","og_description":"Disfruta del Miseric\u00f2rdia Fest 2025 en Palma con una variedad de conciertos y actividades familiares. \u00a1No te lo pierdas este a\u00f1o!","og_url":"https:\/\/visitpalma.com\/es\/event\/misericordia-petit\/","og_site_name":"Visit Palma","article_publisher":"https:\/\/www.facebook.com\/passionforpalma","og_image":[{"width":1200,"height":600,"url":"https:\/\/visitpalma.com\/wp-content\/uploads\/2025\/07\/Misericordia-petit-cultura-en-vena1.jpg","type":"image\/jpeg"}],"twitter_card":"summary_large_image","twitter_site":"@passionforpalma","twitter_misc":{"Tiempo de lectura":"1 minuto"},"schema":{"@context":"https:\/\/schema.org","@graph":[{"@type":"WebPage","@id":"https:\/\/visitpalma.com\/es\/event\/misericordia-petit\/","url":"https:\/\/visitpalma.com\/es\/event\/misericordia-petit\/","name":"Miseric\u00f2rdia Fest 2025 en Palma | Actividades y Concierto","isPartOf":{"@id":"https:\/\/visitpalma.com\/es\/#website"},"primaryImageOfPage":{"@id":"https:\/\/visitpalma.com\/es\/event\/misericordia-petit\/#primaryimage"},"image":{"@id":"https:\/\/visitpalma.com\/es\/event\/misericordia-petit\/#primaryimage"},"thumbnailUrl":"https:\/\/visitpalma.com\/wp-content\/uploads\/2025\/07\/Misericordia-petit-cultura-en-vena1.jpg","datePublished":"2025-07-24T08:29:08+00:00","description":"Disfruta del Miseric\u00f2rdia Fest 2025 en Palma con una variedad de conciertos y actividades familiares. \u00a1No te lo pierdas este a\u00f1o!","breadcrumb":{"@id":"https:\/\/visitpalma.com\/es\/event\/misericordia-petit\/#breadcrumb"},"inLanguage":"es","potentialAction":[{"@type":"ReadAction","target":["https:\/\/visitpalma.com\/es\/event\/misericordia-petit\/"]}]},{"@type":"ImageObject","inLanguage":"es","@id":"https:\/\/visitpalma.com\/es\/event\/misericordia-petit\/#primaryimage","url":"https:\/\/visitpalma.com\/wp-content\/uploads\/2025\/07\/Misericordia-petit-cultura-en-vena1.jpg","contentUrl":"https:\/\/visitpalma.com\/wp-content\/uploads\/2025\/07\/Misericordia-petit-cultura-en-vena1.jpg","width":1200,"height":600,"caption":"Misericordia petit cultura en vena"},{"@type":"BreadcrumbList","@id":"https:\/\/visitpalma.com\/es\/event\/misericordia-petit\/#breadcrumb","itemListElement":[{"@type":"ListItem","position":1,"name":"Inicio","item":"https:\/\/visitpalma.com\/es\/"},{"@type":"ListItem","position":2,"name":"Eventos","item":"https:\/\/visitpalma.com\/es\/events\/"},{"@type":"ListItem","position":3,"name":"Miseric\u00f2rdia petit"}]},{"@type":"WebSite","@id":"https:\/\/visitpalma.com\/es\/#website","url":"https:\/\/visitpalma.com\/es\/","name":"Visit Palma","description":"","publisher":{"@id":"https:\/\/visitpalma.com\/es\/#organization"},"potentialAction":[{"@type":"SearchAction","target":{"@type":"EntryPoint","urlTemplate":"https:\/\/visitpalma.com\/es\/?s={search_term_string}"},"query-input":{"@type":"PropertyValueSpecification","valueRequired":true,"valueName":"search_term_string"}}],"inLanguage":"es"},{"@type":"Organization","@id":"https:\/\/visitpalma.com\/es\/#organization","name":"Fundaci\u00f3n Turismo Palma de Mallorca 365","url":"https:\/\/visitpalma.com\/es\/","logo":{"@type":"ImageObject","inLanguage":"es","@id":"https:\/\/visitpalma.com\/es\/#\/schema\/logo\/image\/","url":"https:\/\/visitpalma.com\/wp-content\/uploads\/2025\/05\/Logo-Passion-for-Palma-de-Mallorca.svg","contentUrl":"https:\/\/visitpalma.com\/wp-content\/uploads\/2025\/05\/Logo-Passion-for-Palma-de-Mallorca.svg","width":377,"height":377,"caption":"Fundaci\u00f3n Turismo Palma de Mallorca 365"},"image":{"@id":"https:\/\/visitpalma.com\/es\/#\/schema\/logo\/image\/"},"sameAs":["https:\/\/www.facebook.com\/passionforpalma","https:\/\/x.com\/passionforpalma","https:\/\/www.instagram.com\/passionforpalma_\/","https:\/\/www.youtube.com\/channel\/UCALF2N1FRnmAZYBttkQjedA"]}]}},"_links":{"self":[{"href":"https:\/\/visitpalma.com\/es\/wp-json\/wp\/v2\/tribe_events\/15388","targetHints":{"allow":["GET"]}}],"collection":[{"href":"https:\/\/visitpalma.com\/es\/wp-json\/wp\/v2\/tribe_events"}],"about":[{"href":"https:\/\/visitpalma.com\/es\/wp-json\/wp\/v2\/types\/tribe_events"}],"author":[{"embeddable":true,"href":"https:\/\/visitpalma.com\/es\/wp-json\/wp\/v2\/users\/4"}],"version-history":[{"count":1,"href":"https:\/\/visitpalma.com\/es\/wp-json\/wp\/v2\/tribe_events\/15388\/revisions"}],"predecessor-version":[{"id":15393,"href":"https:\/\/visitpalma.com\/es\/wp-json\/wp\/v2\/tribe_events\/15388\/revisions\/15393"}],"wp:featuredmedia":[{"embeddable":true,"href":"https:\/\/visitpalma.com\/es\/wp-json\/wp\/v2\/media\/15389"}],"wp:attachment":[{"href":"https:\/\/visitpalma.com\/es\/wp-json\/wp\/v2\/media?parent=15388"}],"wp:term":[{"taxonomy":"post_tag","embeddable":true,"href":"https:\/\/visitpalma.com\/es\/wp-json\/wp\/v2\/tags?post=15388"},{"taxonomy":"tribe_events_cat","embeddable":true,"href":"https:\/\/visitpalma.com\/es\/wp-json\/wp\/v2\/tribe_events_cat?post=15388"}],"curies":[{"name":"wp","href":"https:\/\/api.w.org\/{rel}","templated":true}]}}