{"id":20256,"date":"2026-04-22T12:21:57","date_gmt":"2026-04-22T10:21:57","guid":{"rendered":"https:\/\/visitpalma.com\/event\/theaterstueck-die-drei-kleinen-schweinchen\/"},"modified":"2026-04-22T12:21:57","modified_gmt":"2026-04-22T10:21:57","slug":"theaterstueck-die-drei-kleinen-schweinchen","status":"publish","type":"tribe_events","link":"https:\/\/visitpalma.com\/de\/event\/theaterstueck-die-drei-kleinen-schweinchen\/","title":{"rendered":"THEATERST\u00dcCK \u201eDIE DREI KLEINEN SCHWEINCHEN\u201c"},"content":{"rendered":"<p data-start=\"122\" data-end=\"419\">Genie\u00dfen Sie <em data-start=\"134\" data-end=\"150\">Die 3 kleinen Schweinchen<\/em>, ein Kindertheaterst\u00fcck voller Musik, Farbe und Spa\u00df. Mit einer Inszenierung, die Puppen, Schauspieler, Projektionen und Originalmusik von Dubbi Kids kombiniert, nehmen die Kinder aktiv teil, indem sie singen, lachen und den kleinen Schweinen beim Bau ihrer H\u00e4user helfen. <\/p>\n<p data-start=\"421\" data-end=\"536\">Ein dichtes und visuelles theatralisches Angebot, das Werte wie Freundschaft, Vielfalt und Teamwork vermittelt.<\/p>\n<p data-start=\"538\" data-end=\"592\"><strong data-start=\"538\" data-end=\"551\">Dauer<\/strong>: 50 Minuten<\/p>\n","protected":false},"excerpt":{"rendered":"<p>Genie\u00dfen Sie Die 3 kleinen Schweinchen, ein Kindertheaterst\u00fcck voller Musik, Farbe und Spa\u00df. Mit einer Inszenierung, die Puppen, Schauspieler, Projektionen und Originalmusik von Dubbi Kids kombiniert, nehmen die Kinder aktiv [&hellip;]<\/p>\n","protected":false},"author":4,"featured_media":20255,"template":"","meta":{"_monsterinsights_skip_tracking":false,"_monsterinsights_sitenote_active":false,"_monsterinsights_sitenote_note":"","_monsterinsights_sitenote_category":0,"_tribe_events_status":"","_tribe_events_status_reason":"","footnotes":""},"tags":[],"tribe_events_cat":[177],"class_list":["post-20256","tribe_events","type-tribe_events","status-publish","has-post-thumbnail","hentry","tribe_events_cat-kinderveranstaltungen","cat_kinderveranstaltungen"],"yoast_head":"<!-- This site is optimized with the Yoast SEO plugin v27.4 - https:\/\/yoast.com\/product\/yoast-seo-wordpress\/ -->\n<title>THEATERST\u00dcCK \u201eDIE DREI KLEINEN SCHWEINCHEN\u201c - Visit Palma<\/title>\n<meta name=\"robots\" content=\"index, follow, max-snippet:-1, max-image-preview:large, max-video-preview:-1\" \/>\n<link rel=\"canonical\" href=\"https:\/\/visitpalma.com\/de\/event\/theaterstueck-die-drei-kleinen-schweinchen\/\" \/>\n<meta property=\"og:locale\" content=\"de_DE\" \/>\n<meta property=\"og:type\" content=\"article\" \/>\n<meta property=\"og:title\" content=\"THEATERST\u00dcCK \u201eDIE DREI KLEINEN SCHWEINCHEN\u201c - Visit Palma\" \/>\n<meta property=\"og:description\" content=\"Genie\u00dfen Sie Die 3 kleinen Schweinchen, ein Kindertheaterst\u00fcck voller Musik, Farbe und Spa\u00df. Mit einer Inszenierung, die Puppen, Schauspieler, Projektionen und Originalmusik von Dubbi Kids kombiniert, nehmen die Kinder aktiv [&hellip;]\" \/>\n<meta property=\"og:url\" content=\"https:\/\/visitpalma.com\/de\/event\/theaterstueck-die-drei-kleinen-schweinchen\/\" \/>\n<meta property=\"og:site_name\" content=\"Visit Palma\" \/>\n<meta property=\"article:publisher\" content=\"https:\/\/www.facebook.com\/passionforpalma\" \/>\n<meta property=\"og:image\" content=\"https:\/\/visitpalma.com\/wp-content\/uploads\/2026\/04\/Los-3-cerditos.jpg\" \/>\n\t<meta property=\"og:image:width\" content=\"510\" \/>\n\t<meta property=\"og:image:height\" content=\"648\" \/>\n\t<meta property=\"og:image:type\" content=\"image\/jpeg\" \/>\n<meta name=\"twitter:card\" content=\"summary_large_image\" \/>\n<meta name=\"twitter:site\" content=\"@passionforpalma\" \/>\n<script type=\"application\/ld+json\" class=\"yoast-schema-graph\">{\"@context\":\"https:\\\/\\\/schema.org\",\"@graph\":[{\"@type\":\"WebPage\",\"@id\":\"https:\\\/\\\/visitpalma.com\\\/de\\\/event\\\/theaterstueck-die-drei-kleinen-schweinchen\\\/\",\"url\":\"https:\\\/\\\/visitpalma.com\\\/de\\\/event\\\/theaterstueck-die-drei-kleinen-schweinchen\\\/\",\"name\":\"THEATERST\u00dcCK \u201eDIE DREI KLEINEN SCHWEINCHEN\u201c - Visit Palma\",\"isPartOf\":{\"@id\":\"https:\\\/\\\/visitpalma.com\\\/de\\\/#website\"},\"primaryImageOfPage\":{\"@id\":\"https:\\\/\\\/visitpalma.com\\\/de\\\/event\\\/theaterstueck-die-drei-kleinen-schweinchen\\\/#primaryimage\"},\"image\":{\"@id\":\"https:\\\/\\\/visitpalma.com\\\/de\\\/event\\\/theaterstueck-die-drei-kleinen-schweinchen\\\/#primaryimage\"},\"thumbnailUrl\":\"https:\\\/\\\/visitpalma.com\\\/wp-content\\\/uploads\\\/2026\\\/04\\\/Los-3-cerditos.jpg\",\"datePublished\":\"2026-04-22T10:21:57+00:00\",\"breadcrumb\":{\"@id\":\"https:\\\/\\\/visitpalma.com\\\/de\\\/event\\\/theaterstueck-die-drei-kleinen-schweinchen\\\/#breadcrumb\"},\"inLanguage\":\"de\",\"potentialAction\":[{\"@type\":\"ReadAction\",\"target\":[\"https:\\\/\\\/visitpalma.com\\\/de\\\/event\\\/theaterstueck-die-drei-kleinen-schweinchen\\\/\"]}]},{\"@type\":\"ImageObject\",\"inLanguage\":\"de\",\"@id\":\"https:\\\/\\\/visitpalma.com\\\/de\\\/event\\\/theaterstueck-die-drei-kleinen-schweinchen\\\/#primaryimage\",\"url\":\"https:\\\/\\\/visitpalma.com\\\/wp-content\\\/uploads\\\/2026\\\/04\\\/Los-3-cerditos.jpg\",\"contentUrl\":\"https:\\\/\\\/visitpalma.com\\\/wp-content\\\/uploads\\\/2026\\\/04\\\/Los-3-cerditos.jpg\",\"width\":510,\"height\":648},{\"@type\":\"BreadcrumbList\",\"@id\":\"https:\\\/\\\/visitpalma.com\\\/de\\\/event\\\/theaterstueck-die-drei-kleinen-schweinchen\\\/#breadcrumb\",\"itemListElement\":[{\"@type\":\"ListItem\",\"position\":1,\"name\":\"Inicio\",\"item\":\"https:\\\/\\\/visitpalma.com\\\/de\\\/\"},{\"@type\":\"ListItem\",\"position\":2,\"name\":\"Veranstaltungen\",\"item\":\"https:\\\/\\\/visitpalma.com\\\/de\\\/events\\\/\"},{\"@type\":\"ListItem\",\"position\":3,\"name\":\"THEATERST\u00dcCK \u201eDIE DREI KLEINEN SCHWEINCHEN\u201c\"}]},{\"@type\":\"WebSite\",\"@id\":\"https:\\\/\\\/visitpalma.com\\\/de\\\/#website\",\"url\":\"https:\\\/\\\/visitpalma.com\\\/de\\\/\",\"name\":\"Visit Palma\",\"description\":\"\",\"publisher\":{\"@id\":\"https:\\\/\\\/visitpalma.com\\\/de\\\/#organization\"},\"potentialAction\":[{\"@type\":\"SearchAction\",\"target\":{\"@type\":\"EntryPoint\",\"urlTemplate\":\"https:\\\/\\\/visitpalma.com\\\/de\\\/?s={search_term_string}\"},\"query-input\":{\"@type\":\"PropertyValueSpecification\",\"valueRequired\":true,\"valueName\":\"search_term_string\"}}],\"inLanguage\":\"de\"},{\"@type\":\"Organization\",\"@id\":\"https:\\\/\\\/visitpalma.com\\\/de\\\/#organization\",\"name\":\"Fundaci\u00f3n Turismo Palma de Mallorca 365\",\"url\":\"https:\\\/\\\/visitpalma.com\\\/de\\\/\",\"logo\":{\"@type\":\"ImageObject\",\"inLanguage\":\"de\",\"@id\":\"https:\\\/\\\/visitpalma.com\\\/de\\\/#\\\/schema\\\/logo\\\/image\\\/\",\"url\":\"https:\\\/\\\/visitpalma.com\\\/wp-content\\\/uploads\\\/2025\\\/05\\\/Logo-Passion-for-Palma-de-Mallorca.svg\",\"contentUrl\":\"https:\\\/\\\/visitpalma.com\\\/wp-content\\\/uploads\\\/2025\\\/05\\\/Logo-Passion-for-Palma-de-Mallorca.svg\",\"width\":377,\"height\":377,\"caption\":\"Fundaci\u00f3n Turismo Palma de Mallorca 365\"},\"image\":{\"@id\":\"https:\\\/\\\/visitpalma.com\\\/de\\\/#\\\/schema\\\/logo\\\/image\\\/\"},\"sameAs\":[\"https:\\\/\\\/www.facebook.com\\\/passionforpalma\",\"https:\\\/\\\/x.com\\\/passionforpalma\",\"https:\\\/\\\/www.instagram.com\\\/passionforpalma_\\\/\",\"https:\\\/\\\/www.youtube.com\\\/channel\\\/UCALF2N1FRnmAZYBttkQjedA\"]}]}<\/script>\n<!-- \/ Yoast SEO plugin. -->","yoast_head_json":{"title":"THEATERST\u00dcCK \u201eDIE DREI KLEINEN SCHWEINCHEN\u201c - Visit Palma","robots":{"index":"index","follow":"follow","max-snippet":"max-snippet:-1","max-image-preview":"max-image-preview:large","max-video-preview":"max-video-preview:-1"},"canonical":"https:\/\/visitpalma.com\/de\/event\/theaterstueck-die-drei-kleinen-schweinchen\/","og_locale":"de_DE","og_type":"article","og_title":"THEATERST\u00dcCK \u201eDIE DREI KLEINEN SCHWEINCHEN\u201c - Visit Palma","og_description":"Genie\u00dfen Sie Die 3 kleinen Schweinchen, ein Kindertheaterst\u00fcck voller Musik, Farbe und Spa\u00df. Mit einer Inszenierung, die Puppen, Schauspieler, Projektionen und Originalmusik von Dubbi Kids kombiniert, nehmen die Kinder aktiv [&hellip;]","og_url":"https:\/\/visitpalma.com\/de\/event\/theaterstueck-die-drei-kleinen-schweinchen\/","og_site_name":"Visit Palma","article_publisher":"https:\/\/www.facebook.com\/passionforpalma","og_image":[{"width":510,"height":648,"url":"https:\/\/visitpalma.com\/wp-content\/uploads\/2026\/04\/Los-3-cerditos.jpg","type":"image\/jpeg"}],"twitter_card":"summary_large_image","twitter_site":"@passionforpalma","schema":{"@context":"https:\/\/schema.org","@graph":[{"@type":"WebPage","@id":"https:\/\/visitpalma.com\/de\/event\/theaterstueck-die-drei-kleinen-schweinchen\/","url":"https:\/\/visitpalma.com\/de\/event\/theaterstueck-die-drei-kleinen-schweinchen\/","name":"THEATERST\u00dcCK \u201eDIE DREI KLEINEN SCHWEINCHEN\u201c - Visit Palma","isPartOf":{"@id":"https:\/\/visitpalma.com\/de\/#website"},"primaryImageOfPage":{"@id":"https:\/\/visitpalma.com\/de\/event\/theaterstueck-die-drei-kleinen-schweinchen\/#primaryimage"},"image":{"@id":"https:\/\/visitpalma.com\/de\/event\/theaterstueck-die-drei-kleinen-schweinchen\/#primaryimage"},"thumbnailUrl":"https:\/\/visitpalma.com\/wp-content\/uploads\/2026\/04\/Los-3-cerditos.jpg","datePublished":"2026-04-22T10:21:57+00:00","breadcrumb":{"@id":"https:\/\/visitpalma.com\/de\/event\/theaterstueck-die-drei-kleinen-schweinchen\/#breadcrumb"},"inLanguage":"de","potentialAction":[{"@type":"ReadAction","target":["https:\/\/visitpalma.com\/de\/event\/theaterstueck-die-drei-kleinen-schweinchen\/"]}]},{"@type":"ImageObject","inLanguage":"de","@id":"https:\/\/visitpalma.com\/de\/event\/theaterstueck-die-drei-kleinen-schweinchen\/#primaryimage","url":"https:\/\/visitpalma.com\/wp-content\/uploads\/2026\/04\/Los-3-cerditos.jpg","contentUrl":"https:\/\/visitpalma.com\/wp-content\/uploads\/2026\/04\/Los-3-cerditos.jpg","width":510,"height":648},{"@type":"BreadcrumbList","@id":"https:\/\/visitpalma.com\/de\/event\/theaterstueck-die-drei-kleinen-schweinchen\/#breadcrumb","itemListElement":[{"@type":"ListItem","position":1,"name":"Inicio","item":"https:\/\/visitpalma.com\/de\/"},{"@type":"ListItem","position":2,"name":"Veranstaltungen","item":"https:\/\/visitpalma.com\/de\/events\/"},{"@type":"ListItem","position":3,"name":"THEATERST\u00dcCK \u201eDIE DREI KLEINEN SCHWEINCHEN\u201c"}]},{"@type":"WebSite","@id":"https:\/\/visitpalma.com\/de\/#website","url":"https:\/\/visitpalma.com\/de\/","name":"Visit Palma","description":"","publisher":{"@id":"https:\/\/visitpalma.com\/de\/#organization"},"potentialAction":[{"@type":"SearchAction","target":{"@type":"EntryPoint","urlTemplate":"https:\/\/visitpalma.com\/de\/?s={search_term_string}"},"query-input":{"@type":"PropertyValueSpecification","valueRequired":true,"valueName":"search_term_string"}}],"inLanguage":"de"},{"@type":"Organization","@id":"https:\/\/visitpalma.com\/de\/#organization","name":"Fundaci\u00f3n Turismo Palma de Mallorca 365","url":"https:\/\/visitpalma.com\/de\/","logo":{"@type":"ImageObject","inLanguage":"de","@id":"https:\/\/visitpalma.com\/de\/#\/schema\/logo\/image\/","url":"https:\/\/visitpalma.com\/wp-content\/uploads\/2025\/05\/Logo-Passion-for-Palma-de-Mallorca.svg","contentUrl":"https:\/\/visitpalma.com\/wp-content\/uploads\/2025\/05\/Logo-Passion-for-Palma-de-Mallorca.svg","width":377,"height":377,"caption":"Fundaci\u00f3n Turismo Palma de Mallorca 365"},"image":{"@id":"https:\/\/visitpalma.com\/de\/#\/schema\/logo\/image\/"},"sameAs":["https:\/\/www.facebook.com\/passionforpalma","https:\/\/x.com\/passionforpalma","https:\/\/www.instagram.com\/passionforpalma_\/","https:\/\/www.youtube.com\/channel\/UCALF2N1FRnmAZYBttkQjedA"]}]}},"_links":{"self":[{"href":"https:\/\/visitpalma.com\/de\/wp-json\/wp\/v2\/tribe_events\/20256","targetHints":{"allow":["GET"]}}],"collection":[{"href":"https:\/\/visitpalma.com\/de\/wp-json\/wp\/v2\/tribe_events"}],"about":[{"href":"https:\/\/visitpalma.com\/de\/wp-json\/wp\/v2\/types\/tribe_events"}],"author":[{"embeddable":true,"href":"https:\/\/visitpalma.com\/de\/wp-json\/wp\/v2\/users\/4"}],"version-history":[{"count":0,"href":"https:\/\/visitpalma.com\/de\/wp-json\/wp\/v2\/tribe_events\/20256\/revisions"}],"wp:featuredmedia":[{"embeddable":true,"href":"https:\/\/visitpalma.com\/de\/wp-json\/wp\/v2\/media\/20255"}],"wp:attachment":[{"href":"https:\/\/visitpalma.com\/de\/wp-json\/wp\/v2\/media?parent=20256"}],"wp:term":[{"taxonomy":"post_tag","embeddable":true,"href":"https:\/\/visitpalma.com\/de\/wp-json\/wp\/v2\/tags?post=20256"},{"taxonomy":"tribe_events_cat","embeddable":true,"href":"https:\/\/visitpalma.com\/de\/wp-json\/wp\/v2\/tribe_events_cat?post=20256"}],"curies":[{"name":"wp","href":"https:\/\/api.w.org\/{rel}","templated":true}]}}