{"id":19412,"date":"2026-03-05T12:49:16","date_gmt":"2026-03-05T11:49:16","guid":{"rendered":"https:\/\/visitpalma.com\/event\/50-danys-dmemocracia\/"},"modified":"2026-03-05T12:49:16","modified_gmt":"2026-03-05T11:49:16","slug":"50-danys-dmemocracia","status":"publish","type":"tribe_events","link":"https:\/\/visitpalma.com\/de\/event\/50-danys-dmemocracia\/","title":{"rendered":"50 D&#8217;ANYS D&#8217;MEMOCR\u00c0CIA"},"content":{"rendered":"<p data-start=\"13\" data-end=\"173\"><em>50 d\u2019anys d\u2019memocr\u00e0ci<\/em>a von Toni Alb\u00e0 ist eine satirische Theaterkom\u00f6die, die auf humorvolle Weise f\u00fcnf Jahrzehnte Demokratie in Spanien Revue passieren l\u00e4sst. Das Werk wird aus der Perspektive des K\u00f6nigs erz\u00e4hlt, der eine Rede zur Feier und zum Gedenken an den Tod Francos halten wird. <\/p>\n<h4 data-start=\"13\" data-end=\"173\">ZUSAMMENFASSUNG DES ST\u00dcCKS<\/h4>\n<p data-start=\"286\" data-end=\"409\">Der Protagonist ist ein im Exil lebender K\u00f6nig, der zur\u00fcckkehren muss, um die offizielle Zeremonie zu leiten und eine feierliche Rede zu halten. W\u00e4hrend der Probe erh\u00e4lt er \u00fcber einen Kopfh\u00f6rer st\u00e4ndig Anweisungen vom technischen Team der Veranstaltung. Die Situation wird kompliziert, als die Figur sich als unf\u00e4hig erweist, dem vorgegebenen Drehbuch zu folgen. Der Kontrast zwischen dem offiziellen Protokoll und seinem Verhalten f\u00fchrt zu absurden und sehr komischen Situationen.   <\/p>\n<p data-start=\"731\" data-end=\"810\">Die Show verbindet politische Satire, physischen Humor und szenische Improvisation. Mit diesem ironischen Unterton reflektiert das Werk \u00fcber das kollektive Ged\u00e4chtnis und die Entwicklung des demokratischen Systems. Der Titel spielt mit einer Doppeldeutigkeit zwischen \u201eDemokratie\u201c und \u201eMemo\u201c (Dummkopf) und wirft einen kritischen und humorvollen Blick auf das Thema.  <\/p>\n<p data-start=\"731\" data-end=\"810\">Verpassen Sie dieses gro\u00dfartige Theaterst\u00fcck nicht und sichern Sie sich Ihre <a href=\"https:\/\/teatredelmar.koobin.com\/es\/50-anys-de-dmemocrAcia\">Eintrittskarte<\/a>.<\/p>\n","protected":false},"excerpt":{"rendered":"<p>50 d\u2019anys d\u2019memocr\u00e0cia von Toni Alb\u00e0 ist eine satirische Theaterkom\u00f6die, die auf humorvolle Weise f\u00fcnf Jahrzehnte Demokratie in Spanien Revue passieren l\u00e4sst. Das Werk wird aus der Perspektive des K\u00f6nigs [&hellip;]<\/p>\n","protected":false},"author":4,"featured_media":19411,"template":"","meta":{"_monsterinsights_skip_tracking":false,"_monsterinsights_sitenote_active":false,"_monsterinsights_sitenote_note":"","_monsterinsights_sitenote_category":0,"_tribe_events_status":"","_tribe_events_status_reason":"","footnotes":""},"tags":[],"tribe_events_cat":[168],"class_list":["post-19412","tribe_events","type-tribe_events","status-publish","has-post-thumbnail","hentry","tribe_events_cat-theater-und-shows","cat_theater-und-shows"],"yoast_head":"<!-- This site is optimized with the Yoast SEO plugin v27.4 - https:\/\/yoast.com\/product\/yoast-seo-wordpress\/ -->\n<title>50 d\u2019anys de democr\u00e0cia: Politische Satire von Toni Alb\u00e0<\/title>\n<meta name=\"description\" content=\"50 d\u2019anys de democr\u00e0cia von Toni Alb\u00e0 kommt nach Palma. Eine bissige Theatersatire \u00fcber Macht, Geschichte und Demokratie, erz\u00e4hlt mit Humor und Ironie.\" \/>\n<meta name=\"robots\" content=\"index, follow, max-snippet:-1, max-image-preview:large, max-video-preview:-1\" \/>\n<link rel=\"canonical\" href=\"https:\/\/visitpalma.com\/de\/event\/50-danys-dmemocracia\/\" \/>\n<meta property=\"og:locale\" content=\"de_DE\" \/>\n<meta property=\"og:type\" content=\"article\" \/>\n<meta property=\"og:title\" content=\"50 d\u2019anys de democr\u00e0cia: Politische Satire von Toni Alb\u00e0\" \/>\n<meta property=\"og:description\" content=\"50 d\u2019anys de democr\u00e0cia von Toni Alb\u00e0 kommt nach Palma. Eine bissige Theatersatire \u00fcber Macht, Geschichte und Demokratie, erz\u00e4hlt mit Humor und Ironie.\" \/>\n<meta property=\"og:url\" content=\"https:\/\/visitpalma.com\/de\/event\/50-danys-dmemocracia\/\" \/>\n<meta property=\"og:site_name\" content=\"Visit Palma\" \/>\n<meta property=\"article:publisher\" content=\"https:\/\/www.facebook.com\/passionforpalma\" \/>\n<meta property=\"og:image\" content=\"https:\/\/visitpalma.com\/wp-content\/uploads\/2026\/03\/50-danys-dmemocracia-teatre-del-mar.jpg\" \/>\n\t<meta property=\"og:image:width\" content=\"640\" \/>\n\t<meta property=\"og:image:height\" content=\"640\" \/>\n\t<meta property=\"og:image:type\" content=\"image\/jpeg\" \/>\n<meta name=\"twitter:card\" content=\"summary_large_image\" \/>\n<meta name=\"twitter:site\" content=\"@passionforpalma\" \/>\n<meta name=\"twitter:label1\" content=\"Gesch\u00e4tzte Lesezeit\" \/>\n\t<meta name=\"twitter:data1\" content=\"1\u00a0Minute\" \/>\n<script type=\"application\/ld+json\" class=\"yoast-schema-graph\">{\"@context\":\"https:\\\/\\\/schema.org\",\"@graph\":[{\"@type\":\"WebPage\",\"@id\":\"https:\\\/\\\/visitpalma.com\\\/de\\\/event\\\/50-danys-dmemocracia\\\/\",\"url\":\"https:\\\/\\\/visitpalma.com\\\/de\\\/event\\\/50-danys-dmemocracia\\\/\",\"name\":\"50 d\u2019anys de democr\u00e0cia: Politische Satire von Toni Alb\u00e0\",\"isPartOf\":{\"@id\":\"https:\\\/\\\/visitpalma.com\\\/de\\\/#website\"},\"primaryImageOfPage\":{\"@id\":\"https:\\\/\\\/visitpalma.com\\\/de\\\/event\\\/50-danys-dmemocracia\\\/#primaryimage\"},\"image\":{\"@id\":\"https:\\\/\\\/visitpalma.com\\\/de\\\/event\\\/50-danys-dmemocracia\\\/#primaryimage\"},\"thumbnailUrl\":\"https:\\\/\\\/visitpalma.com\\\/wp-content\\\/uploads\\\/2026\\\/03\\\/50-danys-dmemocracia-teatre-del-mar.jpg\",\"datePublished\":\"2026-03-05T11:49:16+00:00\",\"description\":\"50 d\u2019anys de democr\u00e0cia von Toni Alb\u00e0 kommt nach Palma. Eine bissige Theatersatire \u00fcber Macht, Geschichte und Demokratie, erz\u00e4hlt mit Humor und Ironie.\",\"breadcrumb\":{\"@id\":\"https:\\\/\\\/visitpalma.com\\\/de\\\/event\\\/50-danys-dmemocracia\\\/#breadcrumb\"},\"inLanguage\":\"de\",\"potentialAction\":[{\"@type\":\"ReadAction\",\"target\":[\"https:\\\/\\\/visitpalma.com\\\/de\\\/event\\\/50-danys-dmemocracia\\\/\"]}]},{\"@type\":\"ImageObject\",\"inLanguage\":\"de\",\"@id\":\"https:\\\/\\\/visitpalma.com\\\/de\\\/event\\\/50-danys-dmemocracia\\\/#primaryimage\",\"url\":\"https:\\\/\\\/visitpalma.com\\\/wp-content\\\/uploads\\\/2026\\\/03\\\/50-danys-dmemocracia-teatre-del-mar.jpg\",\"contentUrl\":\"https:\\\/\\\/visitpalma.com\\\/wp-content\\\/uploads\\\/2026\\\/03\\\/50-danys-dmemocracia-teatre-del-mar.jpg\",\"width\":640,\"height\":640,\"caption\":\"50 d'anys d'memocr\u00e0cia teatre del mar\"},{\"@type\":\"BreadcrumbList\",\"@id\":\"https:\\\/\\\/visitpalma.com\\\/de\\\/event\\\/50-danys-dmemocracia\\\/#breadcrumb\",\"itemListElement\":[{\"@type\":\"ListItem\",\"position\":1,\"name\":\"Inicio\",\"item\":\"https:\\\/\\\/visitpalma.com\\\/de\\\/\"},{\"@type\":\"ListItem\",\"position\":2,\"name\":\"Veranstaltungen\",\"item\":\"https:\\\/\\\/visitpalma.com\\\/de\\\/events\\\/\"},{\"@type\":\"ListItem\",\"position\":3,\"name\":\"50 D&#8217;ANYS D&#8217;MEMOCR\u00c0CIA\"}]},{\"@type\":\"WebSite\",\"@id\":\"https:\\\/\\\/visitpalma.com\\\/de\\\/#website\",\"url\":\"https:\\\/\\\/visitpalma.com\\\/de\\\/\",\"name\":\"Visit Palma\",\"description\":\"\",\"publisher\":{\"@id\":\"https:\\\/\\\/visitpalma.com\\\/de\\\/#organization\"},\"potentialAction\":[{\"@type\":\"SearchAction\",\"target\":{\"@type\":\"EntryPoint\",\"urlTemplate\":\"https:\\\/\\\/visitpalma.com\\\/de\\\/?s={search_term_string}\"},\"query-input\":{\"@type\":\"PropertyValueSpecification\",\"valueRequired\":true,\"valueName\":\"search_term_string\"}}],\"inLanguage\":\"de\"},{\"@type\":\"Organization\",\"@id\":\"https:\\\/\\\/visitpalma.com\\\/de\\\/#organization\",\"name\":\"Fundaci\u00f3n Turismo Palma de Mallorca 365\",\"url\":\"https:\\\/\\\/visitpalma.com\\\/de\\\/\",\"logo\":{\"@type\":\"ImageObject\",\"inLanguage\":\"de\",\"@id\":\"https:\\\/\\\/visitpalma.com\\\/de\\\/#\\\/schema\\\/logo\\\/image\\\/\",\"url\":\"https:\\\/\\\/visitpalma.com\\\/wp-content\\\/uploads\\\/2025\\\/05\\\/Logo-Passion-for-Palma-de-Mallorca.svg\",\"contentUrl\":\"https:\\\/\\\/visitpalma.com\\\/wp-content\\\/uploads\\\/2025\\\/05\\\/Logo-Passion-for-Palma-de-Mallorca.svg\",\"width\":377,\"height\":377,\"caption\":\"Fundaci\u00f3n Turismo Palma de Mallorca 365\"},\"image\":{\"@id\":\"https:\\\/\\\/visitpalma.com\\\/de\\\/#\\\/schema\\\/logo\\\/image\\\/\"},\"sameAs\":[\"https:\\\/\\\/www.facebook.com\\\/passionforpalma\",\"https:\\\/\\\/x.com\\\/passionforpalma\",\"https:\\\/\\\/www.instagram.com\\\/passionforpalma_\\\/\",\"https:\\\/\\\/www.youtube.com\\\/channel\\\/UCALF2N1FRnmAZYBttkQjedA\"]}]}<\/script>\n<!-- \/ Yoast SEO plugin. -->","yoast_head_json":{"title":"50 d\u2019anys de democr\u00e0cia: Politische Satire von Toni Alb\u00e0","description":"50 d\u2019anys de democr\u00e0cia von Toni Alb\u00e0 kommt nach Palma. Eine bissige Theatersatire \u00fcber Macht, Geschichte und Demokratie, erz\u00e4hlt mit Humor und Ironie.","robots":{"index":"index","follow":"follow","max-snippet":"max-snippet:-1","max-image-preview":"max-image-preview:large","max-video-preview":"max-video-preview:-1"},"canonical":"https:\/\/visitpalma.com\/de\/event\/50-danys-dmemocracia\/","og_locale":"de_DE","og_type":"article","og_title":"50 d\u2019anys de democr\u00e0cia: Politische Satire von Toni Alb\u00e0","og_description":"50 d\u2019anys de democr\u00e0cia von Toni Alb\u00e0 kommt nach Palma. Eine bissige Theatersatire \u00fcber Macht, Geschichte und Demokratie, erz\u00e4hlt mit Humor und Ironie.","og_url":"https:\/\/visitpalma.com\/de\/event\/50-danys-dmemocracia\/","og_site_name":"Visit Palma","article_publisher":"https:\/\/www.facebook.com\/passionforpalma","og_image":[{"width":640,"height":640,"url":"https:\/\/visitpalma.com\/wp-content\/uploads\/2026\/03\/50-danys-dmemocracia-teatre-del-mar.jpg","type":"image\/jpeg"}],"twitter_card":"summary_large_image","twitter_site":"@passionforpalma","twitter_misc":{"Gesch\u00e4tzte Lesezeit":"1\u00a0Minute"},"schema":{"@context":"https:\/\/schema.org","@graph":[{"@type":"WebPage","@id":"https:\/\/visitpalma.com\/de\/event\/50-danys-dmemocracia\/","url":"https:\/\/visitpalma.com\/de\/event\/50-danys-dmemocracia\/","name":"50 d\u2019anys de democr\u00e0cia: Politische Satire von Toni Alb\u00e0","isPartOf":{"@id":"https:\/\/visitpalma.com\/de\/#website"},"primaryImageOfPage":{"@id":"https:\/\/visitpalma.com\/de\/event\/50-danys-dmemocracia\/#primaryimage"},"image":{"@id":"https:\/\/visitpalma.com\/de\/event\/50-danys-dmemocracia\/#primaryimage"},"thumbnailUrl":"https:\/\/visitpalma.com\/wp-content\/uploads\/2026\/03\/50-danys-dmemocracia-teatre-del-mar.jpg","datePublished":"2026-03-05T11:49:16+00:00","description":"50 d\u2019anys de democr\u00e0cia von Toni Alb\u00e0 kommt nach Palma. Eine bissige Theatersatire \u00fcber Macht, Geschichte und Demokratie, erz\u00e4hlt mit Humor und Ironie.","breadcrumb":{"@id":"https:\/\/visitpalma.com\/de\/event\/50-danys-dmemocracia\/#breadcrumb"},"inLanguage":"de","potentialAction":[{"@type":"ReadAction","target":["https:\/\/visitpalma.com\/de\/event\/50-danys-dmemocracia\/"]}]},{"@type":"ImageObject","inLanguage":"de","@id":"https:\/\/visitpalma.com\/de\/event\/50-danys-dmemocracia\/#primaryimage","url":"https:\/\/visitpalma.com\/wp-content\/uploads\/2026\/03\/50-danys-dmemocracia-teatre-del-mar.jpg","contentUrl":"https:\/\/visitpalma.com\/wp-content\/uploads\/2026\/03\/50-danys-dmemocracia-teatre-del-mar.jpg","width":640,"height":640,"caption":"50 d'anys d'memocr\u00e0cia teatre del mar"},{"@type":"BreadcrumbList","@id":"https:\/\/visitpalma.com\/de\/event\/50-danys-dmemocracia\/#breadcrumb","itemListElement":[{"@type":"ListItem","position":1,"name":"Inicio","item":"https:\/\/visitpalma.com\/de\/"},{"@type":"ListItem","position":2,"name":"Veranstaltungen","item":"https:\/\/visitpalma.com\/de\/events\/"},{"@type":"ListItem","position":3,"name":"50 D&#8217;ANYS D&#8217;MEMOCR\u00c0CIA"}]},{"@type":"WebSite","@id":"https:\/\/visitpalma.com\/de\/#website","url":"https:\/\/visitpalma.com\/de\/","name":"Visit Palma","description":"","publisher":{"@id":"https:\/\/visitpalma.com\/de\/#organization"},"potentialAction":[{"@type":"SearchAction","target":{"@type":"EntryPoint","urlTemplate":"https:\/\/visitpalma.com\/de\/?s={search_term_string}"},"query-input":{"@type":"PropertyValueSpecification","valueRequired":true,"valueName":"search_term_string"}}],"inLanguage":"de"},{"@type":"Organization","@id":"https:\/\/visitpalma.com\/de\/#organization","name":"Fundaci\u00f3n Turismo Palma de Mallorca 365","url":"https:\/\/visitpalma.com\/de\/","logo":{"@type":"ImageObject","inLanguage":"de","@id":"https:\/\/visitpalma.com\/de\/#\/schema\/logo\/image\/","url":"https:\/\/visitpalma.com\/wp-content\/uploads\/2025\/05\/Logo-Passion-for-Palma-de-Mallorca.svg","contentUrl":"https:\/\/visitpalma.com\/wp-content\/uploads\/2025\/05\/Logo-Passion-for-Palma-de-Mallorca.svg","width":377,"height":377,"caption":"Fundaci\u00f3n Turismo Palma de Mallorca 365"},"image":{"@id":"https:\/\/visitpalma.com\/de\/#\/schema\/logo\/image\/"},"sameAs":["https:\/\/www.facebook.com\/passionforpalma","https:\/\/x.com\/passionforpalma","https:\/\/www.instagram.com\/passionforpalma_\/","https:\/\/www.youtube.com\/channel\/UCALF2N1FRnmAZYBttkQjedA"]}]}},"_links":{"self":[{"href":"https:\/\/visitpalma.com\/de\/wp-json\/wp\/v2\/tribe_events\/19412","targetHints":{"allow":["GET"]}}],"collection":[{"href":"https:\/\/visitpalma.com\/de\/wp-json\/wp\/v2\/tribe_events"}],"about":[{"href":"https:\/\/visitpalma.com\/de\/wp-json\/wp\/v2\/types\/tribe_events"}],"author":[{"embeddable":true,"href":"https:\/\/visitpalma.com\/de\/wp-json\/wp\/v2\/users\/4"}],"version-history":[{"count":0,"href":"https:\/\/visitpalma.com\/de\/wp-json\/wp\/v2\/tribe_events\/19412\/revisions"}],"wp:featuredmedia":[{"embeddable":true,"href":"https:\/\/visitpalma.com\/de\/wp-json\/wp\/v2\/media\/19411"}],"wp:attachment":[{"href":"https:\/\/visitpalma.com\/de\/wp-json\/wp\/v2\/media?parent=19412"}],"wp:term":[{"taxonomy":"post_tag","embeddable":true,"href":"https:\/\/visitpalma.com\/de\/wp-json\/wp\/v2\/tags?post=19412"},{"taxonomy":"tribe_events_cat","embeddable":true,"href":"https:\/\/visitpalma.com\/de\/wp-json\/wp\/v2\/tribe_events_cat?post=19412"}],"curies":[{"name":"wp","href":"https:\/\/api.w.org\/{rel}","templated":true}]}}