{"id":19402,"date":"2026-03-05T12:49:16","date_gmt":"2026-03-05T11:49:16","guid":{"rendered":"https:\/\/visitpalma.com\/event\/50-danys-dmemocracia\/"},"modified":"2026-03-05T13:03:14","modified_gmt":"2026-03-05T12:03:14","slug":"50-danys-dmemocracia","status":"publish","type":"tribe_events","link":"https:\/\/visitpalma.com\/ca\/event\/50-danys-dmemocracia\/","title":{"rendered":"50 D&#8217;ANYS D&#8217;MEMOCR\u00c0CIA"},"content":{"rendered":"<p data-start=\"13\" data-end=\"173\">50 d&#8217;anys d&#8217;memocr\u00e0cia, de Toni Alb\u00e0, \u00e9s una com\u00e8dia teatral sat\u00edrica que revisa amb humor cinc d\u00e8cades de democr\u00e0cia a Espanya. L&#8217;obra se situa des de la perspectiva del Rei, qui realitzar\u00e0 un discurs de celebraci\u00f3 i conmemoraci\u00f3 de la mort de Franco. <\/p>\n<h4 data-start=\"13\" data-end=\"173\">SINOPSIS DE L&#8217;OBRA<\/h4>\n<p data-start=\"286\" data-end=\"409\">El protagonista \u00e9s un rei exiliat que ha de tornar per presidir la cerim\u00f2nia oficial i prinunciar un discurs solemne. Durant l&#8217;assaig, rep instruccions constants a trav\u00e9s d&#8217;un audi\u00f2fon des de l&#8217;equip t\u00e8cnic de l&#8217;acte. La situaci\u00f3 es complica quan el personatge mostra dificultats per seguir el gui\u00f3 establert. El contrast entre el protocol oficial i el seu comportament genera situacions absurdes i molt c\u00f2miques.   <\/p>\n<p data-start=\"731\" data-end=\"810\">L&#8217;espectacle combina s\u00e0tira pol\u00edtica, humor f\u00edsic i improvisaci\u00f3 esc\u00e8nica. Amb aquest to ir\u00f2nic, l&#8217;obra reflexiona sobre la mem\u00f2ria col\u00b7lectiva i l&#8217;evoluci\u00f3 del sistema democr\u00e0tic. El titol joga amb un doble sentit entre &#8220;democr\u00e0cia&#8221; i &#8220;memo&#8221; (ximple, buf\u00f3), aportant una mirada cr\u00edtica i humor\u00edstica.  <\/p>\n<p data-start=\"731\" data-end=\"810\">No us perdeu aquesta obra de teatre i agafa le teva <a href=\"https:\/\/teatredelmar.koobin.com\/es\/50-anys-de-dmemocrAcia\">entrada<\/a>.<\/p>\n","protected":false},"excerpt":{"rendered":"<p>50 d&#8217;anys d&#8217;memocr\u00e0cia, de Toni Alb\u00e0, \u00e9s una com\u00e8dia teatral sat\u00edrica que revisa amb humor cinc d\u00e8cades de democr\u00e0cia a Espanya. L&#8217;obra se situa des de la perspectiva del Rei, [&hellip;]<\/p>\n","protected":false},"author":4,"featured_media":19401,"template":"","meta":{"_monsterinsights_skip_tracking":false,"_monsterinsights_sitenote_active":false,"_monsterinsights_sitenote_note":"","_monsterinsights_sitenote_category":0,"_tribe_events_status":"","_tribe_events_status_reason":"","footnotes":""},"tags":[],"tribe_events_cat":[166],"class_list":["post-19402","tribe_events","type-tribe_events","status-publish","has-post-thumbnail","hentry","tribe_events_cat-teatre-espectacles","cat_teatre-espectacles"],"yoast_head":"<!-- This site is optimized with the Yoast SEO plugin v27.4 - https:\/\/yoast.com\/product\/yoast-seo-wordpress\/ -->\n<title>50 d\u2019anys de democr\u00e0cia: s\u00e0tira teatral de Toni Alb\u00e0<\/title>\n<meta name=\"description\" content=\"L\u2019obra 50 d\u2019anys de democr\u00e0cia de Toni Alb\u00e0 arriba a Palma amb una s\u00e0tira pol\u00edtica plena d\u2019humor. Un mon\u00f2leg teatral que reflexiona sobre hist\u00f2ria, poder i societat.\" \/>\n<meta name=\"robots\" content=\"index, follow, max-snippet:-1, max-image-preview:large, max-video-preview:-1\" \/>\n<link rel=\"canonical\" href=\"https:\/\/visitpalma.com\/ca\/event\/50-danys-dmemocracia\/\" \/>\n<meta property=\"og:locale\" content=\"ca_ES\" \/>\n<meta property=\"og:type\" content=\"article\" \/>\n<meta property=\"og:title\" content=\"50 d\u2019anys de democr\u00e0cia: s\u00e0tira teatral de Toni Alb\u00e0\" \/>\n<meta property=\"og:description\" content=\"L\u2019obra 50 d\u2019anys de democr\u00e0cia de Toni Alb\u00e0 arriba a Palma amb una s\u00e0tira pol\u00edtica plena d\u2019humor. Un mon\u00f2leg teatral que reflexiona sobre hist\u00f2ria, poder i societat.\" \/>\n<meta property=\"og:url\" content=\"https:\/\/visitpalma.com\/ca\/event\/50-danys-dmemocracia\/\" \/>\n<meta property=\"og:site_name\" content=\"Visit Palma\" \/>\n<meta property=\"article:publisher\" content=\"https:\/\/www.facebook.com\/passionforpalma\" \/>\n<meta property=\"article:modified_time\" content=\"2026-03-05T12:03:14+00:00\" \/>\n<meta property=\"og:image\" content=\"https:\/\/visitpalma.com\/wp-content\/uploads\/2026\/03\/50-danys-dmemocracia-teatre-del-mar.jpg\" \/>\n\t<meta property=\"og:image:width\" content=\"640\" \/>\n\t<meta property=\"og:image:height\" content=\"640\" \/>\n\t<meta property=\"og:image:type\" content=\"image\/jpeg\" \/>\n<meta name=\"twitter:card\" content=\"summary_large_image\" \/>\n<meta name=\"twitter:site\" content=\"@passionforpalma\" \/>\n<meta name=\"twitter:label1\" content=\"Temps estimat de lectura\" \/>\n\t<meta name=\"twitter:data1\" content=\"1 minut\" \/>\n<script type=\"application\/ld+json\" class=\"yoast-schema-graph\">{\"@context\":\"https:\\\/\\\/schema.org\",\"@graph\":[{\"@type\":\"WebPage\",\"@id\":\"https:\\\/\\\/visitpalma.com\\\/ca\\\/event\\\/50-danys-dmemocracia\\\/\",\"url\":\"https:\\\/\\\/visitpalma.com\\\/ca\\\/event\\\/50-danys-dmemocracia\\\/\",\"name\":\"50 d\u2019anys de democr\u00e0cia: s\u00e0tira teatral de Toni Alb\u00e0\",\"isPartOf\":{\"@id\":\"https:\\\/\\\/visitpalma.com\\\/ca\\\/#website\"},\"primaryImageOfPage\":{\"@id\":\"https:\\\/\\\/visitpalma.com\\\/ca\\\/event\\\/50-danys-dmemocracia\\\/#primaryimage\"},\"image\":{\"@id\":\"https:\\\/\\\/visitpalma.com\\\/ca\\\/event\\\/50-danys-dmemocracia\\\/#primaryimage\"},\"thumbnailUrl\":\"https:\\\/\\\/visitpalma.com\\\/wp-content\\\/uploads\\\/2026\\\/03\\\/50-danys-dmemocracia-teatre-del-mar.jpg\",\"datePublished\":\"2026-03-05T11:49:16+00:00\",\"dateModified\":\"2026-03-05T12:03:14+00:00\",\"description\":\"L\u2019obra 50 d\u2019anys de democr\u00e0cia de Toni Alb\u00e0 arriba a Palma amb una s\u00e0tira pol\u00edtica plena d\u2019humor. Un mon\u00f2leg teatral que reflexiona sobre hist\u00f2ria, poder i societat.\",\"breadcrumb\":{\"@id\":\"https:\\\/\\\/visitpalma.com\\\/ca\\\/event\\\/50-danys-dmemocracia\\\/#breadcrumb\"},\"inLanguage\":\"ca\",\"potentialAction\":[{\"@type\":\"ReadAction\",\"target\":[\"https:\\\/\\\/visitpalma.com\\\/ca\\\/event\\\/50-danys-dmemocracia\\\/\"]}]},{\"@type\":\"ImageObject\",\"inLanguage\":\"ca\",\"@id\":\"https:\\\/\\\/visitpalma.com\\\/ca\\\/event\\\/50-danys-dmemocracia\\\/#primaryimage\",\"url\":\"https:\\\/\\\/visitpalma.com\\\/wp-content\\\/uploads\\\/2026\\\/03\\\/50-danys-dmemocracia-teatre-del-mar.jpg\",\"contentUrl\":\"https:\\\/\\\/visitpalma.com\\\/wp-content\\\/uploads\\\/2026\\\/03\\\/50-danys-dmemocracia-teatre-del-mar.jpg\",\"width\":640,\"height\":640,\"caption\":\"50 d'anys d'memocr\u00e0cia teatre del mar\"},{\"@type\":\"BreadcrumbList\",\"@id\":\"https:\\\/\\\/visitpalma.com\\\/ca\\\/event\\\/50-danys-dmemocracia\\\/#breadcrumb\",\"itemListElement\":[{\"@type\":\"ListItem\",\"position\":1,\"name\":\"Inicio\",\"item\":\"https:\\\/\\\/visitpalma.com\\\/ca\\\/\"},{\"@type\":\"ListItem\",\"position\":2,\"name\":\"Esdeveniments\",\"item\":\"https:\\\/\\\/visitpalma.com\\\/ca\\\/events\\\/\"},{\"@type\":\"ListItem\",\"position\":3,\"name\":\"50 D&#8217;ANYS D&#8217;MEMOCR\u00c0CIA\"}]},{\"@type\":\"WebSite\",\"@id\":\"https:\\\/\\\/visitpalma.com\\\/ca\\\/#website\",\"url\":\"https:\\\/\\\/visitpalma.com\\\/ca\\\/\",\"name\":\"Visit Palma\",\"description\":\"\",\"publisher\":{\"@id\":\"https:\\\/\\\/visitpalma.com\\\/ca\\\/#organization\"},\"potentialAction\":[{\"@type\":\"SearchAction\",\"target\":{\"@type\":\"EntryPoint\",\"urlTemplate\":\"https:\\\/\\\/visitpalma.com\\\/ca\\\/?s={search_term_string}\"},\"query-input\":{\"@type\":\"PropertyValueSpecification\",\"valueRequired\":true,\"valueName\":\"search_term_string\"}}],\"inLanguage\":\"ca\"},{\"@type\":\"Organization\",\"@id\":\"https:\\\/\\\/visitpalma.com\\\/ca\\\/#organization\",\"name\":\"Fundaci\u00f3n Turismo Palma de Mallorca 365\",\"url\":\"https:\\\/\\\/visitpalma.com\\\/ca\\\/\",\"logo\":{\"@type\":\"ImageObject\",\"inLanguage\":\"ca\",\"@id\":\"https:\\\/\\\/visitpalma.com\\\/ca\\\/#\\\/schema\\\/logo\\\/image\\\/\",\"url\":\"https:\\\/\\\/visitpalma.com\\\/wp-content\\\/uploads\\\/2025\\\/05\\\/Logo-Passion-for-Palma-de-Mallorca.svg\",\"contentUrl\":\"https:\\\/\\\/visitpalma.com\\\/wp-content\\\/uploads\\\/2025\\\/05\\\/Logo-Passion-for-Palma-de-Mallorca.svg\",\"width\":377,\"height\":377,\"caption\":\"Fundaci\u00f3n Turismo Palma de Mallorca 365\"},\"image\":{\"@id\":\"https:\\\/\\\/visitpalma.com\\\/ca\\\/#\\\/schema\\\/logo\\\/image\\\/\"},\"sameAs\":[\"https:\\\/\\\/www.facebook.com\\\/passionforpalma\",\"https:\\\/\\\/x.com\\\/passionforpalma\",\"https:\\\/\\\/www.instagram.com\\\/passionforpalma_\\\/\",\"https:\\\/\\\/www.youtube.com\\\/channel\\\/UCALF2N1FRnmAZYBttkQjedA\"]}]}<\/script>\n<!-- \/ Yoast SEO plugin. -->","yoast_head_json":{"title":"50 d\u2019anys de democr\u00e0cia: s\u00e0tira teatral de Toni Alb\u00e0","description":"L\u2019obra 50 d\u2019anys de democr\u00e0cia de Toni Alb\u00e0 arriba a Palma amb una s\u00e0tira pol\u00edtica plena d\u2019humor. Un mon\u00f2leg teatral que reflexiona sobre hist\u00f2ria, poder i societat.","robots":{"index":"index","follow":"follow","max-snippet":"max-snippet:-1","max-image-preview":"max-image-preview:large","max-video-preview":"max-video-preview:-1"},"canonical":"https:\/\/visitpalma.com\/ca\/event\/50-danys-dmemocracia\/","og_locale":"ca_ES","og_type":"article","og_title":"50 d\u2019anys de democr\u00e0cia: s\u00e0tira teatral de Toni Alb\u00e0","og_description":"L\u2019obra 50 d\u2019anys de democr\u00e0cia de Toni Alb\u00e0 arriba a Palma amb una s\u00e0tira pol\u00edtica plena d\u2019humor. Un mon\u00f2leg teatral que reflexiona sobre hist\u00f2ria, poder i societat.","og_url":"https:\/\/visitpalma.com\/ca\/event\/50-danys-dmemocracia\/","og_site_name":"Visit Palma","article_publisher":"https:\/\/www.facebook.com\/passionforpalma","article_modified_time":"2026-03-05T12:03:14+00:00","og_image":[{"width":640,"height":640,"url":"https:\/\/visitpalma.com\/wp-content\/uploads\/2026\/03\/50-danys-dmemocracia-teatre-del-mar.jpg","type":"image\/jpeg"}],"twitter_card":"summary_large_image","twitter_site":"@passionforpalma","twitter_misc":{"Temps estimat de lectura":"1 minut"},"schema":{"@context":"https:\/\/schema.org","@graph":[{"@type":"WebPage","@id":"https:\/\/visitpalma.com\/ca\/event\/50-danys-dmemocracia\/","url":"https:\/\/visitpalma.com\/ca\/event\/50-danys-dmemocracia\/","name":"50 d\u2019anys de democr\u00e0cia: s\u00e0tira teatral de Toni Alb\u00e0","isPartOf":{"@id":"https:\/\/visitpalma.com\/ca\/#website"},"primaryImageOfPage":{"@id":"https:\/\/visitpalma.com\/ca\/event\/50-danys-dmemocracia\/#primaryimage"},"image":{"@id":"https:\/\/visitpalma.com\/ca\/event\/50-danys-dmemocracia\/#primaryimage"},"thumbnailUrl":"https:\/\/visitpalma.com\/wp-content\/uploads\/2026\/03\/50-danys-dmemocracia-teatre-del-mar.jpg","datePublished":"2026-03-05T11:49:16+00:00","dateModified":"2026-03-05T12:03:14+00:00","description":"L\u2019obra 50 d\u2019anys de democr\u00e0cia de Toni Alb\u00e0 arriba a Palma amb una s\u00e0tira pol\u00edtica plena d\u2019humor. Un mon\u00f2leg teatral que reflexiona sobre hist\u00f2ria, poder i societat.","breadcrumb":{"@id":"https:\/\/visitpalma.com\/ca\/event\/50-danys-dmemocracia\/#breadcrumb"},"inLanguage":"ca","potentialAction":[{"@type":"ReadAction","target":["https:\/\/visitpalma.com\/ca\/event\/50-danys-dmemocracia\/"]}]},{"@type":"ImageObject","inLanguage":"ca","@id":"https:\/\/visitpalma.com\/ca\/event\/50-danys-dmemocracia\/#primaryimage","url":"https:\/\/visitpalma.com\/wp-content\/uploads\/2026\/03\/50-danys-dmemocracia-teatre-del-mar.jpg","contentUrl":"https:\/\/visitpalma.com\/wp-content\/uploads\/2026\/03\/50-danys-dmemocracia-teatre-del-mar.jpg","width":640,"height":640,"caption":"50 d'anys d'memocr\u00e0cia teatre del mar"},{"@type":"BreadcrumbList","@id":"https:\/\/visitpalma.com\/ca\/event\/50-danys-dmemocracia\/#breadcrumb","itemListElement":[{"@type":"ListItem","position":1,"name":"Inicio","item":"https:\/\/visitpalma.com\/ca\/"},{"@type":"ListItem","position":2,"name":"Esdeveniments","item":"https:\/\/visitpalma.com\/ca\/events\/"},{"@type":"ListItem","position":3,"name":"50 D&#8217;ANYS D&#8217;MEMOCR\u00c0CIA"}]},{"@type":"WebSite","@id":"https:\/\/visitpalma.com\/ca\/#website","url":"https:\/\/visitpalma.com\/ca\/","name":"Visit Palma","description":"","publisher":{"@id":"https:\/\/visitpalma.com\/ca\/#organization"},"potentialAction":[{"@type":"SearchAction","target":{"@type":"EntryPoint","urlTemplate":"https:\/\/visitpalma.com\/ca\/?s={search_term_string}"},"query-input":{"@type":"PropertyValueSpecification","valueRequired":true,"valueName":"search_term_string"}}],"inLanguage":"ca"},{"@type":"Organization","@id":"https:\/\/visitpalma.com\/ca\/#organization","name":"Fundaci\u00f3n Turismo Palma de Mallorca 365","url":"https:\/\/visitpalma.com\/ca\/","logo":{"@type":"ImageObject","inLanguage":"ca","@id":"https:\/\/visitpalma.com\/ca\/#\/schema\/logo\/image\/","url":"https:\/\/visitpalma.com\/wp-content\/uploads\/2025\/05\/Logo-Passion-for-Palma-de-Mallorca.svg","contentUrl":"https:\/\/visitpalma.com\/wp-content\/uploads\/2025\/05\/Logo-Passion-for-Palma-de-Mallorca.svg","width":377,"height":377,"caption":"Fundaci\u00f3n Turismo Palma de Mallorca 365"},"image":{"@id":"https:\/\/visitpalma.com\/ca\/#\/schema\/logo\/image\/"},"sameAs":["https:\/\/www.facebook.com\/passionforpalma","https:\/\/x.com\/passionforpalma","https:\/\/www.instagram.com\/passionforpalma_\/","https:\/\/www.youtube.com\/channel\/UCALF2N1FRnmAZYBttkQjedA"]}]}},"_links":{"self":[{"href":"https:\/\/visitpalma.com\/ca\/wp-json\/wp\/v2\/tribe_events\/19402","targetHints":{"allow":["GET"]}}],"collection":[{"href":"https:\/\/visitpalma.com\/ca\/wp-json\/wp\/v2\/tribe_events"}],"about":[{"href":"https:\/\/visitpalma.com\/ca\/wp-json\/wp\/v2\/types\/tribe_events"}],"author":[{"embeddable":true,"href":"https:\/\/visitpalma.com\/ca\/wp-json\/wp\/v2\/users\/4"}],"version-history":[{"count":1,"href":"https:\/\/visitpalma.com\/ca\/wp-json\/wp\/v2\/tribe_events\/19402\/revisions"}],"predecessor-version":[{"id":19403,"href":"https:\/\/visitpalma.com\/ca\/wp-json\/wp\/v2\/tribe_events\/19402\/revisions\/19403"}],"wp:featuredmedia":[{"embeddable":true,"href":"https:\/\/visitpalma.com\/ca\/wp-json\/wp\/v2\/media\/19401"}],"wp:attachment":[{"href":"https:\/\/visitpalma.com\/ca\/wp-json\/wp\/v2\/media?parent=19402"}],"wp:term":[{"taxonomy":"post_tag","embeddable":true,"href":"https:\/\/visitpalma.com\/ca\/wp-json\/wp\/v2\/tags?post=19402"},{"taxonomy":"tribe_events_cat","embeddable":true,"href":"https:\/\/visitpalma.com\/ca\/wp-json\/wp\/v2\/tribe_events_cat?post=19402"}],"curies":[{"name":"wp","href":"https:\/\/api.w.org\/{rel}","templated":true}]}}