{"id":15437,"date":"2025-07-24T12:26:57","date_gmt":"2025-07-24T10:26:57","guid":{"rendered":"https:\/\/visitpalma.com\/event\/contacontes-al-bibliojardi\/"},"modified":"2025-07-24T12:26:57","modified_gmt":"2025-07-24T10:26:57","slug":"contacontes-al-bibliojardi","status":"publish","type":"tribe_events","link":"https:\/\/visitpalma.com\/ca\/event\/contacontes-al-bibliojardi\/","title":{"rendered":"Contacontes al Bibliojard\u00ed"},"content":{"rendered":"<p data-start=\"172\" data-end=\"313\">Quan l\u2019estiu escalfa, la Biblioteca de Cultura Artesana surt al jard\u00ed per omplir les tardes d\u2019hist\u00f2ries plenes de fantasia!<\/p>\n<p data-start=\"315\" data-end=\"543\">Aquest any, Espill Teatre ens porta un cicle de contacontes amb m\u00fasica, humor i molta creativitat. Un pla perfecte per viure aventures en fam\u00edlia, riure i imaginar junts. <\/p>\n<p data-start=\"545\" data-end=\"658\">Les sessions es faran al jard\u00ed de la Miseric\u00f2rdia, dos dijous al mes, del 12 de juny al 18 de setembre.<\/p>\n<p data-start=\"660\" data-end=\"830\">Hora: 18.30 h<br data-start=\"676\" data-end=\"679\">Lloc: Jard\u00ed de la Miseric\u00f2rdia<br data-start=\"714\" data-end=\"717\">Edat recomanada: a partir de 4 anys<br data-start=\"756\" data-end=\"759\">Durada: aprox. 60 minuts<br data-start=\"788\" data-end=\"791\">Entrada lliure, no cal inscripci\u00f3 pr\u00e8via <\/p>\n<p data-start=\"832\" data-end=\"849\"><strong data-start=\"832\" data-end=\"849\">Programaci\u00f3:<\/strong><\/p>\n<ul data-start=\"850\" data-end=\"1270\">\n<li data-start=\"850\" data-end=\"884\">\n<p data-start=\"852\" data-end=\"884\">12 juny \u2013 <em data-start=\"863\" data-end=\"882\">Festa a la gelera<\/em><\/p>\n<\/li>\n<li data-start=\"885\" data-end=\"944\">\n<p data-start=\"887\" data-end=\"944\">26 juny \u2013 <em data-start=\"898\" data-end=\"920\">Rondalletes M\u00e0giques<\/em>, amb sa Jaia Riallera<\/p>\n<\/li>\n<li data-start=\"945\" data-end=\"1003\">\n<p data-start=\"947\" data-end=\"1003\">10 juliol \u2013 <em data-start=\"958\" data-end=\"1001\">Ada, la nina que xerrava amb les m\u00e0quines<\/em><\/p>\n<\/li>\n<li data-start=\"1004\" data-end=\"1054\">\n<p data-start=\"1006\" data-end=\"1054\">24 juliol \u2013 <em data-start=\"1017\" data-end=\"1052\">El drac que va perdre el somriure<\/em><\/p>\n<\/li>\n<li data-start=\"1055\" data-end=\"1128\">\n<p data-start=\"1057\" data-end=\"1128\">7 agost \u2013 <em data-start=\"1068\" data-end=\"1104\">Rondalletes de B\u00e8sties i Bestioles<\/em>, amb sa Jaia Riallera<\/p>\n<\/li>\n<li data-start=\"1129\" data-end=\"1186\">\n<p data-start=\"1131\" data-end=\"1186\">21 agost \u2013 <em data-start=\"1143\" data-end=\"1184\">Contemites: Orfeu i el joc de les muses<\/em><\/p>\n<\/li>\n<li data-start=\"1187\" data-end=\"1225\">\n<p data-start=\"1189\" data-end=\"1225\">4 setembre \u2013 <em data-start=\"1204\" data-end=\"1223\">Els dol\u00e7os m\u00e0gics<\/em><\/p>\n<\/li>\n<li data-start=\"1226\" data-end=\"1270\">\n<p data-start=\"1228\" data-end=\"1270\">18 setembre \u2013 <em data-start=\"1244\" data-end=\"1270\">La Caixa de les Espurnes<\/em><\/p>\n<\/li>\n<\/ul>\n","protected":false},"excerpt":{"rendered":"<p>Quan l\u2019estiu escalfa, la Biblioteca de Cultura Artesana surt al jard\u00ed per omplir les tardes d\u2019hist\u00f2ries plenes de fantasia! Aquest any, Espill Teatre ens porta un cicle de contacontes amb [&hellip;]<\/p>\n","protected":false},"author":4,"featured_media":15431,"template":"","meta":{"_monsterinsights_skip_tracking":false,"_monsterinsights_sitenote_active":false,"_monsterinsights_sitenote_note":"","_monsterinsights_sitenote_category":0,"_tribe_events_status":"","_tribe_events_status_reason":"","footnotes":""},"tags":[],"tribe_events_cat":[175],"class_list":["post-15437","tribe_events","type-tribe_events","status-publish","has-post-thumbnail","hentry","tribe_events_cat-infantil-ca","cat_infantil-ca"],"yoast_head":"<!-- This site is optimized with the Yoast SEO plugin v27.4 - https:\/\/yoast.com\/product\/yoast-seo-wordpress\/ -->\n<title>Contacontes al Bibliojard\u00ed al Jard\u00ed de la Miseric\u00f2rdia<\/title>\n<meta name=\"description\" content=\"Gaudeix de contacontes gratu\u00efts al Jard\u00ed de la Miseric\u00f2rdia, dijous de 18:30 a 19:30 del 12 juny al 18 set. M\u00e0gia, m\u00fasica i teatre per a 4\u202fanys+.\" \/>\n<meta name=\"robots\" content=\"index, follow, max-snippet:-1, max-image-preview:large, max-video-preview:-1\" \/>\n<link rel=\"canonical\" href=\"https:\/\/visitpalma.com\/ca\/event\/contacontes-al-bibliojardi\/\" \/>\n<meta property=\"og:locale\" content=\"ca_ES\" \/>\n<meta property=\"og:type\" content=\"article\" \/>\n<meta property=\"og:title\" content=\"Contacontes al Bibliojard\u00ed al Jard\u00ed de la Miseric\u00f2rdia\" \/>\n<meta property=\"og:description\" content=\"Gaudeix de contacontes gratu\u00efts al Jard\u00ed de la Miseric\u00f2rdia, dijous de 18:30 a 19:30 del 12 juny al 18 set. M\u00e0gia, m\u00fasica i teatre per a 4\u202fanys+.\" \/>\n<meta property=\"og:url\" content=\"https:\/\/visitpalma.com\/ca\/event\/contacontes-al-bibliojardi\/\" \/>\n<meta property=\"og:site_name\" content=\"Visit Palma\" \/>\n<meta property=\"article:publisher\" content=\"https:\/\/www.facebook.com\/passionforpalma\" \/>\n<meta property=\"og:image\" content=\"https:\/\/visitpalma.com\/wp-content\/uploads\/2025\/07\/Cuentacuentos-Bibliojardi-Palma1.jpg\" \/>\n\t<meta property=\"og:image:width\" content=\"1200\" \/>\n\t<meta property=\"og:image:height\" content=\"900\" \/>\n\t<meta property=\"og:image:type\" content=\"image\/jpeg\" \/>\n<meta name=\"twitter:card\" content=\"summary_large_image\" \/>\n<meta name=\"twitter:site\" content=\"@passionforpalma\" \/>\n<meta name=\"twitter:label1\" content=\"Temps estimat de lectura\" \/>\n\t<meta name=\"twitter:data1\" content=\"1 minut\" \/>\n<script type=\"application\/ld+json\" class=\"yoast-schema-graph\">{\"@context\":\"https:\\\/\\\/schema.org\",\"@graph\":[{\"@type\":\"WebPage\",\"@id\":\"https:\\\/\\\/visitpalma.com\\\/ca\\\/event\\\/contacontes-al-bibliojardi\\\/\",\"url\":\"https:\\\/\\\/visitpalma.com\\\/ca\\\/event\\\/contacontes-al-bibliojardi\\\/\",\"name\":\"Contacontes al Bibliojard\u00ed al Jard\u00ed de la Miseric\u00f2rdia\",\"isPartOf\":{\"@id\":\"https:\\\/\\\/visitpalma.com\\\/ca\\\/#website\"},\"primaryImageOfPage\":{\"@id\":\"https:\\\/\\\/visitpalma.com\\\/ca\\\/event\\\/contacontes-al-bibliojardi\\\/#primaryimage\"},\"image\":{\"@id\":\"https:\\\/\\\/visitpalma.com\\\/ca\\\/event\\\/contacontes-al-bibliojardi\\\/#primaryimage\"},\"thumbnailUrl\":\"https:\\\/\\\/visitpalma.com\\\/wp-content\\\/uploads\\\/2025\\\/07\\\/Cuentacuentos-Bibliojardi-Palma1.jpg\",\"datePublished\":\"2025-07-24T10:26:57+00:00\",\"description\":\"Gaudeix de contacontes gratu\u00efts al Jard\u00ed de la Miseric\u00f2rdia, dijous de 18:30 a 19:30 del 12 juny al 18 set. M\u00e0gia, m\u00fasica i teatre per a 4\u202fanys+.\",\"breadcrumb\":{\"@id\":\"https:\\\/\\\/visitpalma.com\\\/ca\\\/event\\\/contacontes-al-bibliojardi\\\/#breadcrumb\"},\"inLanguage\":\"ca\",\"potentialAction\":[{\"@type\":\"ReadAction\",\"target\":[\"https:\\\/\\\/visitpalma.com\\\/ca\\\/event\\\/contacontes-al-bibliojardi\\\/\"]}]},{\"@type\":\"ImageObject\",\"inLanguage\":\"ca\",\"@id\":\"https:\\\/\\\/visitpalma.com\\\/ca\\\/event\\\/contacontes-al-bibliojardi\\\/#primaryimage\",\"url\":\"https:\\\/\\\/visitpalma.com\\\/wp-content\\\/uploads\\\/2025\\\/07\\\/Cuentacuentos-Bibliojardi-Palma1.jpg\",\"contentUrl\":\"https:\\\/\\\/visitpalma.com\\\/wp-content\\\/uploads\\\/2025\\\/07\\\/Cuentacuentos-Bibliojardi-Palma1.jpg\",\"width\":1200,\"height\":900,\"caption\":\"Cuentacuentos-Bibliojardi-Palma\"},{\"@type\":\"BreadcrumbList\",\"@id\":\"https:\\\/\\\/visitpalma.com\\\/ca\\\/event\\\/contacontes-al-bibliojardi\\\/#breadcrumb\",\"itemListElement\":[{\"@type\":\"ListItem\",\"position\":1,\"name\":\"Inicio\",\"item\":\"https:\\\/\\\/visitpalma.com\\\/ca\\\/\"},{\"@type\":\"ListItem\",\"position\":2,\"name\":\"Esdeveniments\",\"item\":\"https:\\\/\\\/visitpalma.com\\\/ca\\\/events\\\/\"},{\"@type\":\"ListItem\",\"position\":3,\"name\":\"Contacontes al Bibliojard\u00ed\"}]},{\"@type\":\"WebSite\",\"@id\":\"https:\\\/\\\/visitpalma.com\\\/ca\\\/#website\",\"url\":\"https:\\\/\\\/visitpalma.com\\\/ca\\\/\",\"name\":\"Visit Palma\",\"description\":\"\",\"publisher\":{\"@id\":\"https:\\\/\\\/visitpalma.com\\\/ca\\\/#organization\"},\"potentialAction\":[{\"@type\":\"SearchAction\",\"target\":{\"@type\":\"EntryPoint\",\"urlTemplate\":\"https:\\\/\\\/visitpalma.com\\\/ca\\\/?s={search_term_string}\"},\"query-input\":{\"@type\":\"PropertyValueSpecification\",\"valueRequired\":true,\"valueName\":\"search_term_string\"}}],\"inLanguage\":\"ca\"},{\"@type\":\"Organization\",\"@id\":\"https:\\\/\\\/visitpalma.com\\\/ca\\\/#organization\",\"name\":\"Fundaci\u00f3n Turismo Palma de Mallorca 365\",\"url\":\"https:\\\/\\\/visitpalma.com\\\/ca\\\/\",\"logo\":{\"@type\":\"ImageObject\",\"inLanguage\":\"ca\",\"@id\":\"https:\\\/\\\/visitpalma.com\\\/ca\\\/#\\\/schema\\\/logo\\\/image\\\/\",\"url\":\"https:\\\/\\\/visitpalma.com\\\/wp-content\\\/uploads\\\/2025\\\/05\\\/Logo-Passion-for-Palma-de-Mallorca.svg\",\"contentUrl\":\"https:\\\/\\\/visitpalma.com\\\/wp-content\\\/uploads\\\/2025\\\/05\\\/Logo-Passion-for-Palma-de-Mallorca.svg\",\"width\":377,\"height\":377,\"caption\":\"Fundaci\u00f3n Turismo Palma de Mallorca 365\"},\"image\":{\"@id\":\"https:\\\/\\\/visitpalma.com\\\/ca\\\/#\\\/schema\\\/logo\\\/image\\\/\"},\"sameAs\":[\"https:\\\/\\\/www.facebook.com\\\/passionforpalma\",\"https:\\\/\\\/x.com\\\/passionforpalma\",\"https:\\\/\\\/www.instagram.com\\\/passionforpalma_\\\/\",\"https:\\\/\\\/www.youtube.com\\\/channel\\\/UCALF2N1FRnmAZYBttkQjedA\"]}]}<\/script>\n<!-- \/ Yoast SEO plugin. -->","yoast_head_json":{"title":"Contacontes al Bibliojard\u00ed al Jard\u00ed de la Miseric\u00f2rdia","description":"Gaudeix de contacontes gratu\u00efts al Jard\u00ed de la Miseric\u00f2rdia, dijous de 18:30 a 19:30 del 12 juny al 18 set. M\u00e0gia, m\u00fasica i teatre per a 4\u202fanys+.","robots":{"index":"index","follow":"follow","max-snippet":"max-snippet:-1","max-image-preview":"max-image-preview:large","max-video-preview":"max-video-preview:-1"},"canonical":"https:\/\/visitpalma.com\/ca\/event\/contacontes-al-bibliojardi\/","og_locale":"ca_ES","og_type":"article","og_title":"Contacontes al Bibliojard\u00ed al Jard\u00ed de la Miseric\u00f2rdia","og_description":"Gaudeix de contacontes gratu\u00efts al Jard\u00ed de la Miseric\u00f2rdia, dijous de 18:30 a 19:30 del 12 juny al 18 set. M\u00e0gia, m\u00fasica i teatre per a 4\u202fanys+.","og_url":"https:\/\/visitpalma.com\/ca\/event\/contacontes-al-bibliojardi\/","og_site_name":"Visit Palma","article_publisher":"https:\/\/www.facebook.com\/passionforpalma","og_image":[{"width":1200,"height":900,"url":"https:\/\/visitpalma.com\/wp-content\/uploads\/2025\/07\/Cuentacuentos-Bibliojardi-Palma1.jpg","type":"image\/jpeg"}],"twitter_card":"summary_large_image","twitter_site":"@passionforpalma","twitter_misc":{"Temps estimat de lectura":"1 minut"},"schema":{"@context":"https:\/\/schema.org","@graph":[{"@type":"WebPage","@id":"https:\/\/visitpalma.com\/ca\/event\/contacontes-al-bibliojardi\/","url":"https:\/\/visitpalma.com\/ca\/event\/contacontes-al-bibliojardi\/","name":"Contacontes al Bibliojard\u00ed al Jard\u00ed de la Miseric\u00f2rdia","isPartOf":{"@id":"https:\/\/visitpalma.com\/ca\/#website"},"primaryImageOfPage":{"@id":"https:\/\/visitpalma.com\/ca\/event\/contacontes-al-bibliojardi\/#primaryimage"},"image":{"@id":"https:\/\/visitpalma.com\/ca\/event\/contacontes-al-bibliojardi\/#primaryimage"},"thumbnailUrl":"https:\/\/visitpalma.com\/wp-content\/uploads\/2025\/07\/Cuentacuentos-Bibliojardi-Palma1.jpg","datePublished":"2025-07-24T10:26:57+00:00","description":"Gaudeix de contacontes gratu\u00efts al Jard\u00ed de la Miseric\u00f2rdia, dijous de 18:30 a 19:30 del 12 juny al 18 set. M\u00e0gia, m\u00fasica i teatre per a 4\u202fanys+.","breadcrumb":{"@id":"https:\/\/visitpalma.com\/ca\/event\/contacontes-al-bibliojardi\/#breadcrumb"},"inLanguage":"ca","potentialAction":[{"@type":"ReadAction","target":["https:\/\/visitpalma.com\/ca\/event\/contacontes-al-bibliojardi\/"]}]},{"@type":"ImageObject","inLanguage":"ca","@id":"https:\/\/visitpalma.com\/ca\/event\/contacontes-al-bibliojardi\/#primaryimage","url":"https:\/\/visitpalma.com\/wp-content\/uploads\/2025\/07\/Cuentacuentos-Bibliojardi-Palma1.jpg","contentUrl":"https:\/\/visitpalma.com\/wp-content\/uploads\/2025\/07\/Cuentacuentos-Bibliojardi-Palma1.jpg","width":1200,"height":900,"caption":"Cuentacuentos-Bibliojardi-Palma"},{"@type":"BreadcrumbList","@id":"https:\/\/visitpalma.com\/ca\/event\/contacontes-al-bibliojardi\/#breadcrumb","itemListElement":[{"@type":"ListItem","position":1,"name":"Inicio","item":"https:\/\/visitpalma.com\/ca\/"},{"@type":"ListItem","position":2,"name":"Esdeveniments","item":"https:\/\/visitpalma.com\/ca\/events\/"},{"@type":"ListItem","position":3,"name":"Contacontes al Bibliojard\u00ed"}]},{"@type":"WebSite","@id":"https:\/\/visitpalma.com\/ca\/#website","url":"https:\/\/visitpalma.com\/ca\/","name":"Visit Palma","description":"","publisher":{"@id":"https:\/\/visitpalma.com\/ca\/#organization"},"potentialAction":[{"@type":"SearchAction","target":{"@type":"EntryPoint","urlTemplate":"https:\/\/visitpalma.com\/ca\/?s={search_term_string}"},"query-input":{"@type":"PropertyValueSpecification","valueRequired":true,"valueName":"search_term_string"}}],"inLanguage":"ca"},{"@type":"Organization","@id":"https:\/\/visitpalma.com\/ca\/#organization","name":"Fundaci\u00f3n Turismo Palma de Mallorca 365","url":"https:\/\/visitpalma.com\/ca\/","logo":{"@type":"ImageObject","inLanguage":"ca","@id":"https:\/\/visitpalma.com\/ca\/#\/schema\/logo\/image\/","url":"https:\/\/visitpalma.com\/wp-content\/uploads\/2025\/05\/Logo-Passion-for-Palma-de-Mallorca.svg","contentUrl":"https:\/\/visitpalma.com\/wp-content\/uploads\/2025\/05\/Logo-Passion-for-Palma-de-Mallorca.svg","width":377,"height":377,"caption":"Fundaci\u00f3n Turismo Palma de Mallorca 365"},"image":{"@id":"https:\/\/visitpalma.com\/ca\/#\/schema\/logo\/image\/"},"sameAs":["https:\/\/www.facebook.com\/passionforpalma","https:\/\/x.com\/passionforpalma","https:\/\/www.instagram.com\/passionforpalma_\/","https:\/\/www.youtube.com\/channel\/UCALF2N1FRnmAZYBttkQjedA"]}]}},"_links":{"self":[{"href":"https:\/\/visitpalma.com\/ca\/wp-json\/wp\/v2\/tribe_events\/15437","targetHints":{"allow":["GET"]}}],"collection":[{"href":"https:\/\/visitpalma.com\/ca\/wp-json\/wp\/v2\/tribe_events"}],"about":[{"href":"https:\/\/visitpalma.com\/ca\/wp-json\/wp\/v2\/types\/tribe_events"}],"author":[{"embeddable":true,"href":"https:\/\/visitpalma.com\/ca\/wp-json\/wp\/v2\/users\/4"}],"version-history":[{"count":0,"href":"https:\/\/visitpalma.com\/ca\/wp-json\/wp\/v2\/tribe_events\/15437\/revisions"}],"wp:featuredmedia":[{"embeddable":true,"href":"https:\/\/visitpalma.com\/ca\/wp-json\/wp\/v2\/media\/15431"}],"wp:attachment":[{"href":"https:\/\/visitpalma.com\/ca\/wp-json\/wp\/v2\/media?parent=15437"}],"wp:term":[{"taxonomy":"post_tag","embeddable":true,"href":"https:\/\/visitpalma.com\/ca\/wp-json\/wp\/v2\/tags?post=15437"},{"taxonomy":"tribe_events_cat","embeddable":true,"href":"https:\/\/visitpalma.com\/ca\/wp-json\/wp\/v2\/tribe_events_cat?post=15437"}],"curies":[{"name":"wp","href":"https:\/\/api.w.org\/{rel}","templated":true}]}}